{"id":801,"date":"2021-03-19T11:49:42","date_gmt":"2021-03-19T10:49:42","guid":{"rendered":"https:\/\/epm.plurial.net\/accueil\/"},"modified":"2026-04-13T15:57:49","modified_gmt":"2026-04-13T13:57:49","slug":"accueil","status":"publish","type":"page","link":"https:\/\/www.epmfr.ch\/en\/","title":{"rendered":"Homepage"},"content":{"rendered":"<div class=\"wpb-content-wrapper\"><p>[vc_row full_width=&#8221;stretch_row&#8221; el_class=&#8221;header&#8221; css=&#8221;.vc_custom_1618817288674{background-position: center !important;background-repeat: no-repeat !important;background-size: cover !important;}&#8221;][vc_column][vc_column_text]<\/p>\n<h1>\u00c0 bonne \u00e9cole<\/h1>\n<p><strong>You child&#8217;s education is important to us<\/strong><\/p>\n<p>[\/vc_column_text][\/vc_column][\/vc_row][vc_row content_placement=&#8221;middle&#8221;][vc_column width=&#8221;8\/12&#8243;][vc_raw_html]JTNDZGl2JTIwY2xhc3MlM0QlMjJ2aWRlby1jb250YWluZXIlMjIlM0UlMEElMjAlMjAlMjAlMjAlM0N2aWRlbyUyMGF1dG9wbGF5JTNEJTIyJTIyJTIwbXV0ZWQlM0QlMjIlMjIlMjBsb29wJTNEJTIyJTIyJTIwcGxheXNpbmxpbmUlM0QlMjIlMjIlMjBpZCUzRCUyMm15VmlkZW8lMjIlM0UlMEElMjAlMjAlMjAlMjAlMjAlMjAlMjAlMjAlM0Nzb3VyY2UlMjBzcmMlM0QlMjJodHRwcyUzQSUyRiUyRnd3dy5lcG1mci5jaCUyRndwLWNvbnRlbnQlMkZ1cGxvYWRzJTJGMjAyNCUyRjAyJTJGRVBNRlItdjNfMy5tcDQlMjIlMjB0eXBlJTNEJTIydmlkZW8lMkZtcDQlMjIlM0UlMEElMjAlMjAlMjAlMjAlM0MlMkZ2aWRlbyUzRSUwQSUzQyUyRmRpdiUzRQ==[\/vc_raw_html][\/vc_column][vc_column width=&#8221;4\/12&#8243;][vc_column_text]<\/p>\n<h1 class=\"red\" style=\"text-align: center;\"><span style=\"color: #339966;\">The Ecole Priv\u00e9e Mol\u00e9son :<br \/>\na school on a human scale,<br \/>\nopen to the world!<\/span><\/h1>\n<p>&nbsp;<\/p>\n<p style=\"text-align: center;\"><a class=\"green\" href=\"\/decouvrir-lecole\/pourquoi-choisir-ecole-privee-moleson\/\">learn more &gt;<\/a><\/p>\n<p>[\/vc_column_text][\/vc_column][\/vc_row][vc_row equal_height=&#8221;yes&#8221; content_placement=&#8221;middle&#8221;][vc_column width=&#8221;1\/2&#8243;][vc_column_text]<\/p>\n<h3 class=\"yellow green\" style=\"margin-top: 0px!important;\">Open to languages<\/h3>\n<p>The \u00c9cole Priv\u00e9e Mol\u00e9son offers multilingual teaching based on the Content and Language Integrated Learning (CLIL) model. while our French-speaking school follows the Programme d&#8217;\u00c9tudes Romand (PER), part of the curriculum is taught in English and German from 1H. This enables pupils to broaden their view of the world and acquire the skills to interact in a diverse environment.<\/p>\n<p><a class=\"green\" href=\"\/en\/our-missions\/multilingual-teaching\/\">Learn more &gt;<\/a><\/p>\n<ul class=\"green\">\n<li>French<\/li>\n<li>German<\/li>\n<li>English<\/li>\n<\/ul>\n<p>[\/vc_column_text][\/vc_column][vc_column width=&#8221;1\/2&#8243;][vc_single_image image=&#8221;4412&#8243; img_size=&#8221;full&#8221;][\/vc_column][\/vc_row][vc_row content_placement=&#8221;middle&#8221;][vc_column width=&#8221;1\/2&#8243;][vc_single_image image=&#8221;3772&#8243; img_size=&#8221;full&#8221;][\/vc_column][vc_column width=&#8221;1\/2&#8243;][vc_column_text]<\/p>\n<h3><\/h3>\n<h3><span style=\"color: #ff6600;\">Individual support for the child<\/span><\/h3>\n<p>The school puts in place organisational structures and educational interventions that promote the overall personal, social, motor and cognitive development of each child. The small multi-grade classes enable children to develop in an environment where we care about their progress and well-being.<\/p>\n<p>The flexi-class, coordinated by a specialist teacher in collaboration with support teachers, not only meets the needs of pupils with difficulties, but also offers projects and more in-depth activities for those with learning difficulties.<\/p>\n<p>Special attention is paid to pupils in Years 7-8, to prepare them as well as possible (autonomy, maturity, self-confidence) for entry to the Cycle d&#8217;Orientation. The vast majority of our pupils enter the pre-gymnasium classes at the CO.[\/vc_column_text]<div class='row'><div class='col-lg-12 multilink'><div class='link'><div class='link-question'><a href='\/wp-content\/uploads\/2026\/03\/Brochure-Ecole-Privee-Moleson-EN.pdf' style='font-weight: bold;' target='_blank'>Download the school's brochure<\/a><\/div><\/div><div class='link'><div class='link-question'><a href='\/wp-content\/uploads\/2022\/12\/dossier_de_presse_EPM.pdf' style='font-weight: bold;' target='_blank'>Download the school's press kit<\/a><\/div><\/div><\/div><\/div>[\/vc_column][\/vc_row][vc_row equal_height=&#8221;yes&#8221; content_placement=&#8221;middle&#8221;][vc_column width=&#8221;1\/2&#8243;][vc_column_text]<\/p>\n<h3 class=\"yellow\" style=\"margin-top: 0px!important;\">Extracurricular services<\/h3>\n<p>One of the schools&#8217; strenghts is its wide range of hours. From 7.30 am, the premises are open and the reception is assured until the start of the courses. Children can have lunch in the cafeteria and, at the end of the day, afternoon and evening care is offered. Children can also benefit from homework help. And it&#8217;s always possible to adjust the morning, lunch or evening reception times if your schedule changes. This flexibility is much appreciated by parents.<\/p>\n<p><a class=\"yellow\" href=\"\/en\/discover-the-school\/offer-of-out-of-school-services\/\">Learn more &gt;<\/a><\/p>\n<ul class=\"yellow\">\n<li>Extracurricular reception<\/li>\n<li>Cafeteria<\/li>\n<li>Clubs EPM<\/li>\n<\/ul>\n<p>[\/vc_column_text][\/vc_column][vc_column width=&#8221;1\/2&#8243;][vc_single_image image=&#8221;365&#8243; img_size=&#8221;full&#8221;][\/vc_column][\/vc_row][vc_row disable_element=&#8221;yes&#8221; el_class=&#8221;temoignages&#8221;][vc_column][vc_column_text]<\/p>\n<p style=\"text-align: center;\">T\u00e9moignages<\/p>\n<p>[\/vc_column_text][vc_column_text]<\/p>\n<h2 class=\"violet\" style=\"text-align: center;\">Ce que les parents pensent de nous<\/h2>\n<p>[\/vc_column_text]<div class='row grids-two-columns'><div class='col-lg-6 text-center'><p class='citation'>\"Lorem ipsum dolor sit amet, consectetur adipiscing elit. Curabitur sapien nisi, malesuada a mauris sed, tincidunt sagittis diam. Sed eget ante vel elit porttitor egestas vitae ultricies urna. Etiam sed nulla sit amet leo consequat iaculis at quis lacus. Cras mi purus, venenatis vitae varius in, dignissim a libero. Vivamus cursus dui in sem ultrices condimentum.\"<\/p><p class='citation-nom'>Pr\u00e9nom Nom<\/p><\/div><div class='col-lg-6 text-center'><p class='citation'>\"Lorem ipsum dolor sit amet, consectetur adipiscing elit. Curabitur sapien nisi, malesuada a mauris sed, tincidunt sagittis diam. Sed eget ante vel elit porttitor egestas vitae ultricies urna. Etiam sed nulla sit amet leo consequat iaculis at quis lacus. Cras mi purus, venenatis vitae varius in, dignissim a libero. Vivamus cursus dui in sem ultrices condimentum.\"<\/p><p class='citation-nom'>Pr\u00e9nom Nom<\/p><\/div><\/div>[\/vc_column][\/vc_row]<\/p>\n<\/div>","protected":false},"excerpt":{"rendered":"<p>[vc_row full_width=&#8221;stretch_row&#8221; el_class=&#8221;header&#8221; css=&#8221;.vc_custom_1618817288674{background-position: center !important;background-repeat: no-repeat !important;background-size: cover !important;}&#8221;][vc_column][vc_column_text] \u00c0 bonne \u00e9cole You child&#8217;s education is important to us [\/vc_column_text][\/vc_column][\/vc_row][vc_row content_placement=&#8221;middle&#8221;][vc_column width=&#8221;8\/12&#8243;][vc_raw_html]JTNDZGl2JTIwY2xhc3MlM0QlMjJ2aWRlby1jb250YWluZXIlMjIlM0UlMEElMjAlMjAlMjAlMjAlM0N2aWRlbyUyMGF1dG9wbGF5JTNEJTIyJTIyJTIwbXV0ZWQlM0QlMjIlMjIlMjBsb29wJTNEJTIyJTIyJTIwcGxheXNpbmxpbmUlM0QlMjIlMjIlMjBpZCUzRCUyMm15VmlkZW8lMjIlM0UlMEElMjAlMjAlMjAlMjAlMjAlMjAlMjAlMjAlM0Nzb3VyY2UlMjBzcmMlM0QlMjJodHRwcyUzQSUyRiUyRnd3dy5lcG1mci5jaCUyRndwLWNvbnRlbnQlMkZ1cGxvYWRzJTJGMjAyNCUyRjAyJTJGRVBNRlItdjNfMy5tcDQlMjIlMjB0eXBlJTNEJTIydmlkZW8lMkZtcDQlMjIlM0UlMEElMjAlMjAlMjAlMjAlM0MlMkZ2aWRlbyUzRSUwQSUzQyUyRmRpdiUzRQ==[\/vc_raw_html][\/vc_column][vc_column width=&#8221;4\/12&#8243;][vc_column_text] The Ecole Priv\u00e9e Mol\u00e9son : a school on a human scale, open to the world! &nbsp; learn more &gt; [\/vc_column_text][\/vc_column][\/vc_row][vc_row equal_height=&#8221;yes&#8221; content_placement=&#8221;middle&#8221;][vc_column width=&#8221;1\/2&#8243;][vc_column_text] Open to languages The \u00c9cole Priv\u00e9e Mol\u00e9son offers [&hellip;]<\/p>\n","protected":false},"author":1,"featured_media":0,"parent":0,"menu_order":0,"comment_status":"closed","ping_status":"closed","template":"","meta":{"_acf_changed":false,"footnotes":""},"class_list":["post-801","page","type-page","status-publish","hentry"],"acf":[],"yoast_head":"<!-- This site is optimized with the Yoast SEO plugin v24.3 - https:\/\/yoast.com\/wordpress\/plugins\/seo\/ -->\n<title>Welcome to Ecole Priv\u00e9e Mol\u00e9son in Fribourg | Homepage<\/title>\n<meta name=\"description\" content=\"Learning Englisch and German from the 1st grade, overall development and well-beinf of the child, academic success, out-of-school offers...\" \/>\n<meta name=\"robots\" content=\"index, follow, max-snippet:-1, max-image-preview:large, max-video-preview:-1\" \/>\n<link rel=\"canonical\" href=\"https:\/\/www.epmfr.ch\/en\/\" \/>\n<meta property=\"og:locale\" content=\"en_US\" \/>\n<meta property=\"og:type\" content=\"article\" \/>\n<meta property=\"og:title\" content=\"Welcome to Ecole Priv\u00e9e Mol\u00e9son in Fribourg | Homepage\" \/>\n<meta property=\"og:description\" content=\"Learning Englisch and German from the 1st grade, overall development and well-beinf of the child, academic success, out-of-school offers...\" \/>\n<meta property=\"og:url\" content=\"https:\/\/www.epmfr.ch\/en\/\" \/>\n<meta property=\"og:site_name\" content=\"Welcome to Ecole Priv\u00e9e Mol\u00e9son in Fribourg\" \/>\n<meta property=\"article:modified_time\" content=\"2026-04-13T13:57:49+00:00\" \/>\n<meta name=\"twitter:card\" content=\"summary_large_image\" \/>\n<meta name=\"twitter:label1\" content=\"Est. reading time\" \/>\n\t<meta name=\"twitter:data1\" content=\"3 minutes\" \/>\n<script type=\"application\/ld+json\" class=\"yoast-schema-graph\">{\"@context\":\"https:\/\/schema.org\",\"@graph\":[{\"@type\":\"WebPage\",\"@id\":\"https:\/\/www.epmfr.ch\/en\/\",\"url\":\"https:\/\/www.epmfr.ch\/en\/\",\"name\":\"Welcome to Ecole Priv\u00e9e Mol\u00e9son in Fribourg | Homepage\",\"isPartOf\":{\"@id\":\"https:\/\/www.epmfr.ch\/#website\"},\"datePublished\":\"2021-03-19T10:49:42+00:00\",\"dateModified\":\"2026-04-13T13:57:49+00:00\",\"description\":\"Learning Englisch and German from the 1st grade, overall development and well-beinf of the child, academic success, out-of-school offers...\",\"breadcrumb\":{\"@id\":\"https:\/\/www.epmfr.ch\/en\/#breadcrumb\"},\"inLanguage\":\"en-US\",\"potentialAction\":[{\"@type\":\"ReadAction\",\"target\":[\"https:\/\/www.epmfr.ch\/en\/\"]}]},{\"@type\":\"BreadcrumbList\",\"@id\":\"https:\/\/www.epmfr.ch\/en\/#breadcrumb\",\"itemListElement\":[{\"@type\":\"ListItem\",\"position\":1,\"name\":\"Accueil\",\"item\":\"https:\/\/www.epmfr.ch\/en\/\"},{\"@type\":\"ListItem\",\"position\":2,\"name\":\"Homepage\"}]},{\"@type\":\"WebSite\",\"@id\":\"https:\/\/www.epmfr.ch\/#website\",\"url\":\"https:\/\/www.epmfr.ch\/\",\"name\":\"Welcome to Ecole Priv\u00e9e Mol\u00e9son in Fribourg\",\"description\":\"\",\"potentialAction\":[{\"@type\":\"SearchAction\",\"target\":{\"@type\":\"EntryPoint\",\"urlTemplate\":\"https:\/\/www.epmfr.ch\/?s={search_term_string}\"},\"query-input\":{\"@type\":\"PropertyValueSpecification\",\"valueRequired\":true,\"valueName\":\"search_term_string\"}}],\"inLanguage\":\"en-US\"}]}<\/script>\n<!-- \/ Yoast SEO plugin. -->","yoast_head_json":{"title":"Welcome to Ecole Priv\u00e9e Mol\u00e9son in Fribourg | Homepage","description":"Learning Englisch and German from the 1st grade, overall development and well-beinf of the child, academic success, out-of-school offers...","robots":{"index":"index","follow":"follow","max-snippet":"max-snippet:-1","max-image-preview":"max-image-preview:large","max-video-preview":"max-video-preview:-1"},"canonical":"https:\/\/www.epmfr.ch\/en\/","og_locale":"en_US","og_type":"article","og_title":"Welcome to Ecole Priv\u00e9e Mol\u00e9son in Fribourg | Homepage","og_description":"Learning Englisch and German from the 1st grade, overall development and well-beinf of the child, academic success, out-of-school offers...","og_url":"https:\/\/www.epmfr.ch\/en\/","og_site_name":"Welcome to Ecole Priv\u00e9e Mol\u00e9son in Fribourg","article_modified_time":"2026-04-13T13:57:49+00:00","twitter_card":"summary_large_image","twitter_misc":{"Est. reading time":"3 minutes"},"schema":{"@context":"https:\/\/schema.org","@graph":[{"@type":"WebPage","@id":"https:\/\/www.epmfr.ch\/en\/","url":"https:\/\/www.epmfr.ch\/en\/","name":"Welcome to Ecole Priv\u00e9e Mol\u00e9son in Fribourg | Homepage","isPartOf":{"@id":"https:\/\/www.epmfr.ch\/#website"},"datePublished":"2021-03-19T10:49:42+00:00","dateModified":"2026-04-13T13:57:49+00:00","description":"Learning Englisch and German from the 1st grade, overall development and well-beinf of the child, academic success, out-of-school offers...","breadcrumb":{"@id":"https:\/\/www.epmfr.ch\/en\/#breadcrumb"},"inLanguage":"en-US","potentialAction":[{"@type":"ReadAction","target":["https:\/\/www.epmfr.ch\/en\/"]}]},{"@type":"BreadcrumbList","@id":"https:\/\/www.epmfr.ch\/en\/#breadcrumb","itemListElement":[{"@type":"ListItem","position":1,"name":"Accueil","item":"https:\/\/www.epmfr.ch\/en\/"},{"@type":"ListItem","position":2,"name":"Homepage"}]},{"@type":"WebSite","@id":"https:\/\/www.epmfr.ch\/#website","url":"https:\/\/www.epmfr.ch\/","name":"Welcome to Ecole Priv\u00e9e Mol\u00e9son in Fribourg","description":"","potentialAction":[{"@type":"SearchAction","target":{"@type":"EntryPoint","urlTemplate":"https:\/\/www.epmfr.ch\/?s={search_term_string}"},"query-input":{"@type":"PropertyValueSpecification","valueRequired":true,"valueName":"search_term_string"}}],"inLanguage":"en-US"}]}},"_links":{"self":[{"href":"https:\/\/www.epmfr.ch\/en\/wp-json\/wp\/v2\/pages\/801","targetHints":{"allow":["GET"]}}],"collection":[{"href":"https:\/\/www.epmfr.ch\/en\/wp-json\/wp\/v2\/pages"}],"about":[{"href":"https:\/\/www.epmfr.ch\/en\/wp-json\/wp\/v2\/types\/page"}],"author":[{"embeddable":true,"href":"https:\/\/www.epmfr.ch\/en\/wp-json\/wp\/v2\/users\/1"}],"replies":[{"embeddable":true,"href":"https:\/\/www.epmfr.ch\/en\/wp-json\/wp\/v2\/comments?post=801"}],"version-history":[{"count":56,"href":"https:\/\/www.epmfr.ch\/en\/wp-json\/wp\/v2\/pages\/801\/revisions"}],"predecessor-version":[{"id":5944,"href":"https:\/\/www.epmfr.ch\/en\/wp-json\/wp\/v2\/pages\/801\/revisions\/5944"}],"wp:attachment":[{"href":"https:\/\/www.epmfr.ch\/en\/wp-json\/wp\/v2\/media?parent=801"}],"curies":[{"name":"wp","href":"https:\/\/api.w.org\/{rel}","templated":true}]}}