{"id":1641,"date":"2021-10-25T11:32:53","date_gmt":"2021-10-25T09:32:53","guid":{"rendered":"https:\/\/epm.plurial.net\/notre-actualite\/"},"modified":"2022-03-15T09:59:00","modified_gmt":"2022-03-15T08:59:00","slug":"our-actuality","status":"publish","type":"page","link":"https:\/\/www.epmfr.ch\/en\/our-actuality\/","title":{"rendered":"Our actuality"},"content":{"rendered":"<div class=\"wpb-content-wrapper\"><p>[vc_row el_class=&#8221;header&#8221;][vc_column][vc_column_text]<\/p>\n<h1>Our news<\/h1>\n<p>[\/vc_column_text][\/vc_column][\/vc_row][vc_row full_width=&#8221;stretch_row&#8221; el_class=&#8221;pages actualites&#8221;][vc_column]<div class='row'><div class='col-lg-4 col-md-6 actualite'><a href='https:\/\/www.epmfr.ch\/en\/la-foret-comme-salle-de-classe\/' class='link'><\/a><div class='image' style='background-image: url(https:\/\/www.epmfr.ch\/wp-content\/uploads\/2026\/06\/WhatsApp-Image-2026-04-24-at-16.08.03-2.jpeg);'><\/div><div class='title'>La for\u00eat comme salle de classe<\/div><div class='contenu'><p>Les bienfaits de la for\u00eat comme salle de classe, tous les vendredis matin pour les \u00e9l\u00e8ves de la 1H \u00e0 la 4H.<\/p>\n<a href='https:\/\/www.epmfr.ch\/en\/la-foret-comme-salle-de-classe\/' class='yellow'>Lire la suite ><\/a><\/div><\/div><div class='col-lg-4 col-md-6 actualite'><a href='https:\/\/www.epmfr.ch\/en\/preparationco\/' class='link'><\/a><div class='image' style='background-image: url(https:\/\/www.epmfr.ch\/wp-content\/uploads\/2026\/04\/Visuel-recto-jpg.jpg);'><\/div><div class='title'>Atelier &#8220;Je me pr\u00e9pare au CO&#8221;<\/div><div class='contenu'><p>Atelier:\u00a0 Je me pr\u00e9pare au CO. Les \u00e9l\u00e8ves d\u00e9veloppent des strat\u00e9gies d&#8217;apprentissage, se dotent d\u2019outils concret pour la gestion du stress ; comprennent le fonctionnement du CO ; d\u00e9veloppent des outils d\u2019organisation du travail ; d\u00e9sacralisent le CO<\/p>\n<a href='https:\/\/www.epmfr.ch\/en\/preparationco\/' class='yellow'>Lire la suite ><\/a><\/div><\/div><div class='col-lg-4 col-md-6 actualite'><a href='https:\/\/www.epmfr.ch\/en\/clubsepm\/' class='link'><\/a><div class='image' style='background-image: url(https:\/\/www.epmfr.ch\/wp-content\/uploads\/2026\/05\/Pub-scaled.jpg);'><\/div><div class='title'>Clubs EPM<\/div><div class='contenu'><p>In order to support families in the transition to school, our establishment organises three discovery mornings dedicated to pre-school children and their parents.<\/p>\n<a href='https:\/\/www.epmfr.ch\/en\/clubsepm\/' class='yellow'>Lire la suite ><\/a><\/div><\/div><\/div>[\/vc_column][\/vc_row]<\/p>\n<\/div>","protected":false},"excerpt":{"rendered":"<p>[vc_row el_class=&#8221;header&#8221;][vc_column][vc_column_text] Our news [\/vc_column_text][\/vc_column][\/vc_row][vc_row full_width=&#8221;stretch_row&#8221; el_class=&#8221;pages actualites&#8221;][vc_column][\/vc_column][\/vc_row]<\/p>\n","protected":false},"author":1,"featured_media":0,"parent":0,"menu_order":0,"comment_status":"closed","ping_status":"closed","template":"","meta":{"_acf_changed":false,"footnotes":""},"class_list":["post-1641","page","type-page","status-publish","hentry"],"acf":[],"yoast_head":"<!-- This site is optimized with the Yoast SEO plugin v24.3 - https:\/\/yoast.com\/wordpress\/plugins\/seo\/ -->\n<title>Welcome to Ecole Priv\u00e9e Mol\u00e9son in Fribourg | Our actuality<\/title>\n<meta name=\"description\" content=\"La demande d\u2019inscription doit \u00eatre adress\u00e9e \u00e0 la Direction de l\u2019\u00e9cole au plus tard jusqu\u2019au 31 mai pr\u00e9c\u00e9dent la rentr\u00e9e scolaire.\" \/>\n<meta name=\"robots\" content=\"index, follow, max-snippet:-1, max-image-preview:large, max-video-preview:-1\" \/>\n<link rel=\"canonical\" href=\"https:\/\/www.epmfr.ch\/en\/our-actuality\/\" \/>\n<meta property=\"og:locale\" content=\"en_US\" \/>\n<meta property=\"og:type\" content=\"article\" \/>\n<meta property=\"og:title\" content=\"Welcome to Ecole Priv\u00e9e Mol\u00e9son in Fribourg | Our actuality\" \/>\n<meta property=\"og:description\" content=\"La demande d\u2019inscription doit \u00eatre adress\u00e9e \u00e0 la Direction de l\u2019\u00e9cole au plus tard jusqu\u2019au 31 mai pr\u00e9c\u00e9dent la rentr\u00e9e scolaire.\" \/>\n<meta property=\"og:url\" content=\"https:\/\/www.epmfr.ch\/en\/our-actuality\/\" \/>\n<meta property=\"og:site_name\" content=\"Welcome to Ecole Priv\u00e9e Mol\u00e9son in Fribourg\" \/>\n<meta property=\"article:modified_time\" content=\"2022-03-15T08:59:00+00:00\" \/>\n<meta name=\"twitter:card\" content=\"summary_large_image\" \/>\n<meta name=\"twitter:label1\" content=\"Est. reading time\" \/>\n\t<meta name=\"twitter:data1\" content=\"1 minute\" \/>\n<script type=\"application\/ld+json\" class=\"yoast-schema-graph\">{\"@context\":\"https:\/\/schema.org\",\"@graph\":[{\"@type\":\"WebPage\",\"@id\":\"https:\/\/www.epmfr.ch\/en\/our-actuality\/\",\"url\":\"https:\/\/www.epmfr.ch\/en\/our-actuality\/\",\"name\":\"Welcome to Ecole Priv\u00e9e Mol\u00e9son in Fribourg | Our actuality\",\"isPartOf\":{\"@id\":\"https:\/\/www.epmfr.ch\/#website\"},\"datePublished\":\"2021-10-25T09:32:53+00:00\",\"dateModified\":\"2022-03-15T08:59:00+00:00\",\"description\":\"La demande d\u2019inscription doit \u00eatre adress\u00e9e \u00e0 la Direction de l\u2019\u00e9cole au plus tard jusqu\u2019au 31 mai pr\u00e9c\u00e9dent la rentr\u00e9e scolaire.\",\"breadcrumb\":{\"@id\":\"https:\/\/www.epmfr.ch\/en\/our-actuality\/#breadcrumb\"},\"inLanguage\":\"en-US\",\"potentialAction\":[{\"@type\":\"ReadAction\",\"target\":[\"https:\/\/www.epmfr.ch\/en\/our-actuality\/\"]}]},{\"@type\":\"BreadcrumbList\",\"@id\":\"https:\/\/www.epmfr.ch\/en\/our-actuality\/#breadcrumb\",\"itemListElement\":[{\"@type\":\"ListItem\",\"position\":1,\"name\":\"Accueil\",\"item\":\"https:\/\/www.epmfr.ch\/en\/\"},{\"@type\":\"ListItem\",\"position\":2,\"name\":\"Our actuality\"}]},{\"@type\":\"WebSite\",\"@id\":\"https:\/\/www.epmfr.ch\/#website\",\"url\":\"https:\/\/www.epmfr.ch\/\",\"name\":\"Welcome to Ecole Priv\u00e9e Mol\u00e9son in Fribourg\",\"description\":\"\",\"potentialAction\":[{\"@type\":\"SearchAction\",\"target\":{\"@type\":\"EntryPoint\",\"urlTemplate\":\"https:\/\/www.epmfr.ch\/?s={search_term_string}\"},\"query-input\":{\"@type\":\"PropertyValueSpecification\",\"valueRequired\":true,\"valueName\":\"search_term_string\"}}],\"inLanguage\":\"en-US\"}]}<\/script>\n<!-- \/ Yoast SEO plugin. -->","yoast_head_json":{"title":"Welcome to Ecole Priv\u00e9e Mol\u00e9son in Fribourg | Our actuality","description":"La demande d\u2019inscription doit \u00eatre adress\u00e9e \u00e0 la Direction de l\u2019\u00e9cole au plus tard jusqu\u2019au 31 mai pr\u00e9c\u00e9dent la rentr\u00e9e scolaire.","robots":{"index":"index","follow":"follow","max-snippet":"max-snippet:-1","max-image-preview":"max-image-preview:large","max-video-preview":"max-video-preview:-1"},"canonical":"https:\/\/www.epmfr.ch\/en\/our-actuality\/","og_locale":"en_US","og_type":"article","og_title":"Welcome to Ecole Priv\u00e9e Mol\u00e9son in Fribourg | Our actuality","og_description":"La demande d\u2019inscription doit \u00eatre adress\u00e9e \u00e0 la Direction de l\u2019\u00e9cole au plus tard jusqu\u2019au 31 mai pr\u00e9c\u00e9dent la rentr\u00e9e scolaire.","og_url":"https:\/\/www.epmfr.ch\/en\/our-actuality\/","og_site_name":"Welcome to Ecole Priv\u00e9e Mol\u00e9son in Fribourg","article_modified_time":"2022-03-15T08:59:00+00:00","twitter_card":"summary_large_image","twitter_misc":{"Est. reading time":"1 minute"},"schema":{"@context":"https:\/\/schema.org","@graph":[{"@type":"WebPage","@id":"https:\/\/www.epmfr.ch\/en\/our-actuality\/","url":"https:\/\/www.epmfr.ch\/en\/our-actuality\/","name":"Welcome to Ecole Priv\u00e9e Mol\u00e9son in Fribourg | Our actuality","isPartOf":{"@id":"https:\/\/www.epmfr.ch\/#website"},"datePublished":"2021-10-25T09:32:53+00:00","dateModified":"2022-03-15T08:59:00+00:00","description":"La demande d\u2019inscription doit \u00eatre adress\u00e9e \u00e0 la Direction de l\u2019\u00e9cole au plus tard jusqu\u2019au 31 mai pr\u00e9c\u00e9dent la rentr\u00e9e scolaire.","breadcrumb":{"@id":"https:\/\/www.epmfr.ch\/en\/our-actuality\/#breadcrumb"},"inLanguage":"en-US","potentialAction":[{"@type":"ReadAction","target":["https:\/\/www.epmfr.ch\/en\/our-actuality\/"]}]},{"@type":"BreadcrumbList","@id":"https:\/\/www.epmfr.ch\/en\/our-actuality\/#breadcrumb","itemListElement":[{"@type":"ListItem","position":1,"name":"Accueil","item":"https:\/\/www.epmfr.ch\/en\/"},{"@type":"ListItem","position":2,"name":"Our actuality"}]},{"@type":"WebSite","@id":"https:\/\/www.epmfr.ch\/#website","url":"https:\/\/www.epmfr.ch\/","name":"Welcome to Ecole Priv\u00e9e Mol\u00e9son in Fribourg","description":"","potentialAction":[{"@type":"SearchAction","target":{"@type":"EntryPoint","urlTemplate":"https:\/\/www.epmfr.ch\/?s={search_term_string}"},"query-input":{"@type":"PropertyValueSpecification","valueRequired":true,"valueName":"search_term_string"}}],"inLanguage":"en-US"}]}},"_links":{"self":[{"href":"https:\/\/www.epmfr.ch\/en\/wp-json\/wp\/v2\/pages\/1641","targetHints":{"allow":["GET"]}}],"collection":[{"href":"https:\/\/www.epmfr.ch\/en\/wp-json\/wp\/v2\/pages"}],"about":[{"href":"https:\/\/www.epmfr.ch\/en\/wp-json\/wp\/v2\/types\/page"}],"author":[{"embeddable":true,"href":"https:\/\/www.epmfr.ch\/en\/wp-json\/wp\/v2\/users\/1"}],"replies":[{"embeddable":true,"href":"https:\/\/www.epmfr.ch\/en\/wp-json\/wp\/v2\/comments?post=1641"}],"version-history":[{"count":3,"href":"https:\/\/www.epmfr.ch\/en\/wp-json\/wp\/v2\/pages\/1641\/revisions"}],"predecessor-version":[{"id":2319,"href":"https:\/\/www.epmfr.ch\/en\/wp-json\/wp\/v2\/pages\/1641\/revisions\/2319"}],"wp:attachment":[{"href":"https:\/\/www.epmfr.ch\/en\/wp-json\/wp\/v2\/media?parent=1641"}],"curies":[{"name":"wp","href":"https:\/\/api.w.org\/{rel}","templated":true}]}}