{"id":1226,"date":"2021-04-19T15:25:40","date_gmt":"2021-04-19T13:25:40","guid":{"rendered":"https:\/\/epm.plurial.net\/contacts\/"},"modified":"2026-08-21T08:24:04","modified_gmt":"2026-08-21T06:24:04","slug":"contacts","status":"publish","type":"page","link":"https:\/\/www.epmfr.ch\/en\/discover-the-school\/contacts\/","title":{"rendered":"Contacts"},"content":{"rendered":"<div class=\"wpb-content-wrapper\"><p>[vc_row el_class=&#8221;header&#8221;][vc_column][vc_column_text]<\/p>\n<h1>Contacts<\/h1>\n<p>[\/vc_column_text][\/vc_column][\/vc_row][vc_row][vc_column]<p class=\"fil_ariane\"><span><span><a href=\"https:\/\/www.epmfr.ch\/en\/\">Accueil<\/a><\/span><\/span><\/p>[vc_column_text el_class=&#8221;more-spacing&#8221;]<\/p>\n<h2 class=\"blue\">The team of the \u00c9cole Priv\u00e9e Mol\u00e9son is at your disposal<\/h2>\n<p>[\/vc_column_text][vc_row_inner][vc_column_inner width=&#8221;1\/2&#8243;][vc_column_text]<\/p>\n<h3 class=\"blue\">Principal<\/h3>\n<p>Sylvie Moret Petrini<br \/>\n026 309 26 12 &#8211; <a href=\"mailto:direction@epmfr.ch\">direction@epmfr.ch<\/a><\/p>\n<h3 class=\"blue\">Secretary<\/h3>\n<p>Sophie K\u00e4nzig<br \/>\n026 309 26 10 &#8211; <a href=\"mailto:secretariat@epmfr.ch\">secretariat@epmfr.ch<\/a><\/p>\n<h3 class=\"blue\">Administrator of the Fondation Ecole r\u00e9form\u00e9e de Fribourg<\/h3>\n<p>Nadia Savary<br \/>\n026 309 26 16 &#8211; <a href=\"mailto:fondation@epmfr.ch\">fondation@epmfr.ch<\/a>[\/vc_column_text][\/vc_column_inner][vc_column_inner width=&#8221;1\/2&#8243;][vc_column_text]<\/p>\n<h3 class=\"blue\">Teachers<\/h3>\n<p>Lolita Diniz \/ 1-2H B \/ 026 309 26 10 &#8211; <a href=\"mailto:ldiniz@epmfr.ch\">ldiniz@epmfr.ch<\/a><\/p>\n<p>Helena Landais \/ 1-2H A \/ 026 309 26 10 &#8211; <a href=\"mailto:hlandais@epmfr.ch\">hlandais@epmfr.ch<\/a><\/p>\n<p>Vincent Rey \/ 3H \/ 026 309 26 10 &#8211;<a href=\"mailto:vrey@epmfr.ch\">vrey@epmfr.ch<\/a><\/p>\n<p>Rapha\u00ebl Borcard \/ 4-5H \/ 026 309 26 10 &#8211; <a href=\"mailto:rborcard@epmfr.ch\">rborcard@epmfr.ch<\/a><\/p>\n<p>Sinan Duvarci\/ 7-8H \/026 309 26 10 &#8211; <a href=\"mailto:sduvarci@epmfr.ch\">sduvarci@epmfr.ch<\/a><\/p>\n<p>Sophie Helsen \/ Allemand et Anglais et sciences en anglais \/ 026 309 26 10 &#8211; <a href=\"mailto:shelsen@epmfr.ch\">shelsen@epmfr.ch<\/a><\/p>\n<p>[\/vc_column_text][\/vc_column_inner][\/vc_row_inner][\/vc_column][\/vc_row]<\/p>\n<\/div>","protected":false},"excerpt":{"rendered":"<p>[vc_row el_class=&#8221;header&#8221;][vc_column][vc_column_text] Contacts [\/vc_column_text][\/vc_column][\/vc_row][vc_row][vc_column][vc_column_text el_class=&#8221;more-spacing&#8221;] The team of the \u00c9cole Priv\u00e9e Mol\u00e9son is at your disposal [\/vc_column_text][vc_row_inner][vc_column_inner width=&#8221;1\/2&#8243;][vc_column_text] Principal Sylvie Moret Petrini 026 309 26 12 &#8211; direction@epmfr.ch Secretary Sophie K\u00e4nzig 026 309 26 10 &#8211; secretariat@epmfr.ch Administrator of the Fondation Ecole r\u00e9form\u00e9e de Fribourg Nadia Savary 026 309 26 16 &#8211; fondation@epmfr.ch[\/vc_column_text][\/vc_column_inner][vc_column_inner width=&#8221;1\/2&#8243;][vc_column_text] Teachers [&hellip;]<\/p>\n","protected":false},"author":1,"featured_media":0,"parent":1250,"menu_order":0,"comment_status":"closed","ping_status":"closed","template":"","meta":{"_acf_changed":false,"footnotes":""},"class_list":["post-1226","page","type-page","status-publish","hentry"],"acf":[],"yoast_head":"<!-- This site is optimized with the Yoast SEO plugin v24.3 - https:\/\/yoast.com\/wordpress\/plugins\/seo\/ -->\n<title>Welcome to Ecole Priv\u00e9e Mol\u00e9son in Fribourg | Contacts<\/title>\n<meta name=\"description\" content=\"The team of the \u00c9cole Priv\u00e9e Mol\u00e9son is at your disposal.\" \/>\n<meta name=\"robots\" content=\"index, follow, max-snippet:-1, max-image-preview:large, max-video-preview:-1\" \/>\n<link rel=\"canonical\" href=\"https:\/\/www.epmfr.ch\/en\/discover-the-school\/contacts\/\" \/>\n<meta property=\"og:locale\" content=\"en_US\" \/>\n<meta property=\"og:type\" content=\"article\" \/>\n<meta property=\"og:title\" content=\"Welcome to Ecole Priv\u00e9e Mol\u00e9son in Fribourg | Contacts\" \/>\n<meta property=\"og:description\" content=\"The team of the \u00c9cole Priv\u00e9e Mol\u00e9son is at your disposal.\" \/>\n<meta property=\"og:url\" content=\"https:\/\/www.epmfr.ch\/en\/discover-the-school\/contacts\/\" \/>\n<meta property=\"og:site_name\" content=\"Welcome to Ecole Priv\u00e9e Mol\u00e9son in Fribourg\" \/>\n<meta property=\"article:modified_time\" content=\"2026-08-21T06:24:04+00:00\" \/>\n<meta name=\"twitter:card\" content=\"summary_large_image\" \/>\n<meta name=\"twitter:label1\" content=\"Est. reading time\" \/>\n\t<meta name=\"twitter:data1\" content=\"1 minute\" \/>\n<script type=\"application\/ld+json\" class=\"yoast-schema-graph\">{\"@context\":\"https:\/\/schema.org\",\"@graph\":[{\"@type\":\"WebPage\",\"@id\":\"https:\/\/www.epmfr.ch\/en\/discover-the-school\/contacts\/\",\"url\":\"https:\/\/www.epmfr.ch\/en\/discover-the-school\/contacts\/\",\"name\":\"Welcome to Ecole Priv\u00e9e Mol\u00e9son in Fribourg | Contacts\",\"isPartOf\":{\"@id\":\"https:\/\/www.epmfr.ch\/#website\"},\"datePublished\":\"2021-04-19T13:25:40+00:00\",\"dateModified\":\"2026-08-21T06:24:04+00:00\",\"description\":\"The team of the \u00c9cole Priv\u00e9e Mol\u00e9son is at your disposal.\",\"breadcrumb\":{\"@id\":\"https:\/\/www.epmfr.ch\/en\/discover-the-school\/contacts\/#breadcrumb\"},\"inLanguage\":\"en-US\",\"potentialAction\":[{\"@type\":\"ReadAction\",\"target\":[\"https:\/\/www.epmfr.ch\/en\/discover-the-school\/contacts\/\"]}]},{\"@type\":\"BreadcrumbList\",\"@id\":\"https:\/\/www.epmfr.ch\/en\/discover-the-school\/contacts\/#breadcrumb\",\"itemListElement\":[{\"@type\":\"ListItem\",\"position\":1,\"name\":\"Accueil\",\"item\":\"https:\/\/www.epmfr.ch\/en\/\"},{\"@type\":\"ListItem\",\"position\":2,\"name\":\"Discover the school\",\"item\":\"https:\/\/www.epmfr.ch\/en\/discover-the-school\/\"},{\"@type\":\"ListItem\",\"position\":3,\"name\":\"Contacts\"}]},{\"@type\":\"WebSite\",\"@id\":\"https:\/\/www.epmfr.ch\/#website\",\"url\":\"https:\/\/www.epmfr.ch\/\",\"name\":\"Welcome to Ecole Priv\u00e9e Mol\u00e9son in Fribourg\",\"description\":\"\",\"potentialAction\":[{\"@type\":\"SearchAction\",\"target\":{\"@type\":\"EntryPoint\",\"urlTemplate\":\"https:\/\/www.epmfr.ch\/?s={search_term_string}\"},\"query-input\":{\"@type\":\"PropertyValueSpecification\",\"valueRequired\":true,\"valueName\":\"search_term_string\"}}],\"inLanguage\":\"en-US\"}]}<\/script>\n<!-- \/ Yoast SEO plugin. -->","yoast_head_json":{"title":"Welcome to Ecole Priv\u00e9e Mol\u00e9son in Fribourg | Contacts","description":"The team of the \u00c9cole Priv\u00e9e Mol\u00e9son is at your disposal.","robots":{"index":"index","follow":"follow","max-snippet":"max-snippet:-1","max-image-preview":"max-image-preview:large","max-video-preview":"max-video-preview:-1"},"canonical":"https:\/\/www.epmfr.ch\/en\/discover-the-school\/contacts\/","og_locale":"en_US","og_type":"article","og_title":"Welcome to Ecole Priv\u00e9e Mol\u00e9son in Fribourg | Contacts","og_description":"The team of the \u00c9cole Priv\u00e9e Mol\u00e9son is at your disposal.","og_url":"https:\/\/www.epmfr.ch\/en\/discover-the-school\/contacts\/","og_site_name":"Welcome to Ecole Priv\u00e9e Mol\u00e9son in Fribourg","article_modified_time":"2026-08-21T06:24:04+00:00","twitter_card":"summary_large_image","twitter_misc":{"Est. reading time":"1 minute"},"schema":{"@context":"https:\/\/schema.org","@graph":[{"@type":"WebPage","@id":"https:\/\/www.epmfr.ch\/en\/discover-the-school\/contacts\/","url":"https:\/\/www.epmfr.ch\/en\/discover-the-school\/contacts\/","name":"Welcome to Ecole Priv\u00e9e Mol\u00e9son in Fribourg | Contacts","isPartOf":{"@id":"https:\/\/www.epmfr.ch\/#website"},"datePublished":"2021-04-19T13:25:40+00:00","dateModified":"2026-08-21T06:24:04+00:00","description":"The team of the \u00c9cole Priv\u00e9e Mol\u00e9son is at your disposal.","breadcrumb":{"@id":"https:\/\/www.epmfr.ch\/en\/discover-the-school\/contacts\/#breadcrumb"},"inLanguage":"en-US","potentialAction":[{"@type":"ReadAction","target":["https:\/\/www.epmfr.ch\/en\/discover-the-school\/contacts\/"]}]},{"@type":"BreadcrumbList","@id":"https:\/\/www.epmfr.ch\/en\/discover-the-school\/contacts\/#breadcrumb","itemListElement":[{"@type":"ListItem","position":1,"name":"Accueil","item":"https:\/\/www.epmfr.ch\/en\/"},{"@type":"ListItem","position":2,"name":"Discover the school","item":"https:\/\/www.epmfr.ch\/en\/discover-the-school\/"},{"@type":"ListItem","position":3,"name":"Contacts"}]},{"@type":"WebSite","@id":"https:\/\/www.epmfr.ch\/#website","url":"https:\/\/www.epmfr.ch\/","name":"Welcome to Ecole Priv\u00e9e Mol\u00e9son in Fribourg","description":"","potentialAction":[{"@type":"SearchAction","target":{"@type":"EntryPoint","urlTemplate":"https:\/\/www.epmfr.ch\/?s={search_term_string}"},"query-input":{"@type":"PropertyValueSpecification","valueRequired":true,"valueName":"search_term_string"}}],"inLanguage":"en-US"}]}},"_links":{"self":[{"href":"https:\/\/www.epmfr.ch\/en\/wp-json\/wp\/v2\/pages\/1226","targetHints":{"allow":["GET"]}}],"collection":[{"href":"https:\/\/www.epmfr.ch\/en\/wp-json\/wp\/v2\/pages"}],"about":[{"href":"https:\/\/www.epmfr.ch\/en\/wp-json\/wp\/v2\/types\/page"}],"author":[{"embeddable":true,"href":"https:\/\/www.epmfr.ch\/en\/wp-json\/wp\/v2\/users\/1"}],"replies":[{"embeddable":true,"href":"https:\/\/www.epmfr.ch\/en\/wp-json\/wp\/v2\/comments?post=1226"}],"version-history":[{"count":24,"href":"https:\/\/www.epmfr.ch\/en\/wp-json\/wp\/v2\/pages\/1226\/revisions"}],"predecessor-version":[{"id":6150,"href":"https:\/\/www.epmfr.ch\/en\/wp-json\/wp\/v2\/pages\/1226\/revisions\/6150"}],"up":[{"embeddable":true,"href":"https:\/\/www.epmfr.ch\/en\/wp-json\/wp\/v2\/pages\/1250"}],"wp:attachment":[{"href":"https:\/\/www.epmfr.ch\/en\/wp-json\/wp\/v2\/media?parent=1226"}],"curies":[{"name":"wp","href":"https:\/\/api.w.org\/{rel}","templated":true}]}}