{"id":1214,"date":"2021-04-19T15:23:27","date_gmt":"2021-04-19T13:23:27","guid":{"rendered":"https:\/\/epm.plurial.net\/lequipe\/"},"modified":"2026-08-20T13:06:31","modified_gmt":"2026-08-20T11:06:31","slug":"the-team","status":"publish","type":"page","link":"https:\/\/www.epmfr.ch\/en\/discover-the-school\/the-team\/","title":{"rendered":"The team"},"content":{"rendered":"<div class=\"wpb-content-wrapper\"><p>[vc_row el_class=&#8221;header&#8221;][vc_column][vc_column_text]<\/p>\n<h1>The team<\/h1>\n<p>[\/vc_column_text][\/vc_column][\/vc_row][vc_row][vc_column width=&#8221;3\/12&#8243;][vc_column_text][\/vc_column_text][\/vc_column][vc_column width=&#8221;3\/12&#8243;][vc_column_text]<\/p>\n<p class=\"blue\"><strong>Sylvie Moret Petrini<\/strong><\/p>\n<p>School Principal[\/vc_column_text]<div class='row'><div class='col-lg-12 faqs'><div class='faq'><div class='faq-question'>Learn more about Sylvie<\/div><div class='faq-answer'>The history of education teaches us that the schools which leave a lasting mark on children are those which, beyond the knowledge they impart, foster a love of learning, self-confidence, social skills and an openness to the world. It is this conviction that guides my commitment. As a Doctor of History, a specialist in the history of modern education and a teacher, I hope that the \u00c9cole Priv\u00e9e Mol\u00e9son will remain an exceptional place where high academic standards go hand in hand with individual attention for every pupil, and where pupils can develop and enjoy an educational experience that will contribute to their personal fulfilment and future success.\n\n<\/div><\/div><\/div><\/div>[\/vc_column][vc_column width=&#8221;3\/12&#8243;][vc_single_image image=&#8221;6114&#8243; img_size=&#8221;full&#8221;][\/vc_column][vc_column width=&#8221;3\/12&#8243;][\/vc_column][\/vc_row][vc_row el_class=&#8221;pages&#8221;][vc_column]<p class=\"fil_ariane\"><span><span><a href=\"https:\/\/www.epmfr.ch\/en\/\">Accueil<\/a><\/span><\/span><\/p>[vc_column_text]<\/p>\n<h2 class=\"blue\">A qualifed, experienced and competent team at the service of your child&#8217;s well-being and success<\/h2>\n<p>[\/vc_column_text][vc_row_inner css=&#8221;.vc_custom_1619097631360{margin-top: 0px !important;}&#8221;][vc_column_inner width=&#8221;8\/12&#8243;][vc_column_text]The teachers, graduated of the Haute \u00c9cole P\u00e9dagogique (High School of Pedagogy), ensure a high quality pedagogical and educational environment to accompany each child in a personalized and participatory way.\u00a0 The development of the student&#8217;s potential is at the heart of their daily concern, always in compliance with the directives of the Directorate of Public Instruction.[\/vc_column_text][\/vc_column_inner][vc_column_inner width=&#8221;4\/12&#8243;][\/vc_column_inner][\/vc_row_inner][vc_row_inner equal_height=&#8221;yes&#8221; content_placement=&#8221;top&#8221;][vc_column_inner width=&#8221;3\/12&#8243;][\/vc_column_inner][vc_column_inner width=&#8221;3\/12&#8243;][vc_column_text]<\/p>\n<p class=\"blue\"><strong>Sophie Helsen<\/strong><\/p>\n<p>Teacher of German, English and Science in English 7H and 8H[\/vc_column_text]<div class='row'><div class='col-lg-12 faqs'><div class='faq'><div class='faq-question'>Learn more about Sophie<\/div><div class='faq-answer'>I started my teaching career over 10 years ago at the \u00c9cole Priv\u00e9e Mol\u00e9son. I have always enjoyed the company of children, but what made me choose this profession was the feeling of being useful to society ans especially to observe the evolution of the pupils between the beginning and the end of the year. My favourite subject if foreign languages: German and English, which I speak fluently (and a little spanish). I find it fascinating and useful to be able to communicate in another language and I try to pass on this interest to the children in my class. Another important point for me is the development of critical thinking skills in students, which I believe is essential in today's world. \nWith a Diploma of Advanced Studies in sexual health, I also give sex education classes in the Canton of Fribourg.\n\"Life is like a bicycle, you have to move forward to keep your balance\". Albert Einsten<\/div><\/div><\/div><\/div>[\/vc_column_inner][vc_column_inner width=&#8221;3\/12&#8243;][vc_single_image image=&#8221;1864&#8243; img_size=&#8221;full&#8221; css=&#8221;.vc_custom_1639731718465{margin-top: 0px !important;margin-bottom: 0px !important;}&#8221;][\/vc_column_inner][vc_column_inner width=&#8221;3\/12&#8243;][\/vc_column_inner][\/vc_row_inner][vc_row_inner equal_height=&#8221;yes&#8221; content_placement=&#8221;top&#8221;][vc_column_inner width=&#8221;3\/12&#8243;][\/vc_column_inner][vc_column_inner width=&#8221;3\/12&#8243;][vc_column_text]<\/p>\n<p class=\"blue\"><strong>Sinan Duvarci<\/strong><\/p>\n<p>Teacher for 7H and 8H classes[\/vc_column_text]<div class='row'><div class='col-lg-12 faqs'><div class='faq'><div class='faq-question'>Learn more about Sinan<\/div><div class='faq-answer'>I love my job as a teacher, and every day I get the feeling that I'm growing through it. I particularly enjoy the opportunity to share and pass on knowledge to my pupils, adopting a fun approach while maintaining the necessary rigour.\nAt the same time, my passion for sport, football in particular, has helped me enormously to understand the importance of collaboration and understanding in achieving common goals.<\/div><\/div><\/div><\/div>[\/vc_column_inner][vc_column_inner width=&#8221;3\/12&#8243;][vc_single_image image=&#8221;4193&#8243; img_size=&#8221;full&#8221; css=&#8221;.vc_custom_1691338566008{margin-top: 0px !important;margin-bottom: 0px !important;}&#8221;][\/vc_column_inner][vc_column_inner width=&#8221;3\/12&#8243;][\/vc_column_inner][\/vc_row_inner][vc_row_inner equal_height=&#8221;yes&#8221; content_placement=&#8221;top&#8221;][vc_column_inner width=&#8221;3\/12&#8243;][\/vc_column_inner][vc_column_inner width=&#8221;3\/12&#8243;][vc_column_text]<\/p>\n<p class=\"blue\"><strong>Raph\u00e4el Borcard<\/strong><\/p>\n<p>Teacher for 4H and 5H classes[\/vc_column_text]<div class='row'><div class='col-lg-12 faqs'><div class='faq'><div class='faq-question'>Learn more about Rapha\u00ebl<\/div><div class='faq-answer'>I am 53 years old and the father of a 20 year old future universitary student. Before that, I studied at the Coll\u00e8ge Saint-Michel in Fribourg in the Latin language section and obtained my baccalaureate in 1990.\nI have been teaching for thirty years at the \u00c9cole Priv\u00e9e Mol\u00e9son, formerly \u00c9cole Libre Publique.\nI have been passionate about this profession since I was very young. I love to help students discover new concepts and nothing is more gratifying than a \"Ah, I understood!\". When I was a child, I used to help my classmates with their homework and that is perhaps where this passion came from.\nOutside of school, I am interested in sports in Fribourg, especially ice hockey and basketball, teams that I follow regularly.<\/div><\/div><\/div><\/div>[\/vc_column_inner][vc_column_inner width=&#8221;3\/12&#8243;][vc_single_image image=&#8221;1860&#8243; img_size=&#8221;full&#8221; css=&#8221;.vc_custom_1639731727169{margin-top: 0px !important;margin-bottom: 0px !important;}&#8221;][\/vc_column_inner][vc_column_inner width=&#8221;3\/12&#8243;][\/vc_column_inner][\/vc_row_inner][vc_row_inner equal_height=&#8221;yes&#8221; content_placement=&#8221;top&#8221;][vc_column_inner width=&#8221;3\/12&#8243;][\/vc_column_inner][vc_column_inner width=&#8221;3\/12&#8243;][vc_column_text]<\/p>\n<p class=\"blue\"><strong>Vincent Rey<\/strong><\/p>\n<p>Teacher for 3H class[\/vc_column_text]<div class='row'><div class='col-lg-12 faqs'><div class='faq'><div class='faq-question'>Learn more about Vincent<\/div><div class='faq-answer'>It\u2019s never too late to follow your true calling! After working in a different role at a local watchmaking company, it was my passion for supporting children with kindness that naturally led me into teaching. I completed my Bachelor\u2019s degree in primary education at the HEP in Fribourg in 2024.\nThis background now enables me to pass on much more than just knowledge: a love of learning, perseverance, self-confidence, and the belief that everyone can progress at their own pace.\nCurious and enthusiastic, I am delighted to be starting my first year of teaching at the \u00c9cole Priv\u00e9e Mol\u00e9son. Working with the pupils and seeing their progress is a real source of motivation for me.\nAs a sports enthusiast and former national-level basketball player, I firmly believe that sport also plays a vital role in a child\u2019s development by fostering perseverance, respect, team spirit and the drive to excel. It is these values that guide my decisions.\n<\/div><\/div><\/div><\/div>[\/vc_column_inner][vc_column_inner width=&#8221;3\/12&#8243;][vc_single_image image=&#8221;6117&#8243; img_size=&#8221;full&#8221; css=&#8221;.vc_custom_1787128322150{margin-top: 0px !important;margin-bottom: 0px !important;}&#8221;][\/vc_column_inner][vc_column_inner width=&#8221;3\/12&#8243;][\/vc_column_inner][\/vc_row_inner][\/vc_column][\/vc_row][vc_row][vc_column width=&#8221;3\/12&#8243;][\/vc_column][vc_column width=&#8221;3\/12&#8243;][vc_column_text]<\/p>\n<p class=\"blue\"><strong>Lolita Diniz<\/strong><\/p>\n<p>Teacher for 1H and 2H classes[\/vc_column_text]<div class='row'><div class='col-lg-12 faqs'><div class='faq'><div class='faq-question'>Learn more about Lolita<\/div><div class='faq-answer'>My professional and personal background is somewhat atypical. Born into a bicultural family, I grew up and studied in the canton. Just after passing my A-levels in Fribourg, I left for a sabbatical year in Brazil to discover a little more of this culture that is also my own. What was just a simple trip turned into a great adventure that would last almost 15 years.\nIt was there that I trained to become a teacher, specialising in cycle 1. For 13 years, I taught in a public school in the north-east of Brazil. \nBut then... In 2023, I felt the need to start a new chapter and, in 2024, I returned to Switzerland for good. Despite all the changes, I'm certain of one thing: I want to continue teaching.\nBeing with children is an obvious choice for me. I like to get to know the story of each of my pupils and do my utmost to ensure that each child feels listened to, respected, capable and involved in his or her own learning. I consider myself a dynamic person and I like my work to be dynamic too. If you want to learn, you have to be able to try, ask, get your hands dirty, imagine, make mistakes and feel confident enough to try again. \nMy little extras: visual arts (I love recycling and imagining new things) and being out in nature with children (who says you can only learn between four walls?! \ud83d\ude0a ).\n<\/div><\/div><\/div><\/div>[\/vc_column][vc_column width=&#8221;3\/12&#8243;][vc_single_image image=&#8221;5242&#8243; img_size=&#8221;full&#8221;][\/vc_column][vc_column width=&#8221;3\/12&#8243;][\/vc_column][\/vc_row][vc_row][vc_column width=&#8221;3\/12&#8243;][vc_column_text][\/vc_column_text][\/vc_column][vc_column width=&#8221;3\/12&#8243;][vc_column_text]<\/p>\n<p class=\"blue\"><strong>H\u00e9l\u00e9na Landais<\/strong><\/p>\n<p>Teacher for 1H and 2H classes[\/vc_column_text]<div class='row'><div class='col-lg-12 faqs'><div class='faq'><div class='faq-question'>Learn more about H\u00e9l\u00e9na<\/div><div class='faq-answer'>I chose the teaching profession to participate in the development of young people, so that they are open to others and to the world. In this sense, I believe that learning several foreign languages is essential. Coming from a Franco-German family, I've been lucky enough to learn two languages from an early age. This has enabled me to appreciate the cultural richness and values of both countries. Another aspect of teaching that is important to me is being able to support each student individually in their learning. Observing and supporting pupils' progress throughout the year is for me the most important and rewarding aspect of teaching.<\/div><\/div><\/div><\/div>[\/vc_column][vc_column width=&#8221;3\/12&#8243;][vc_single_image image=&#8221;4222&#8243; img_size=&#8221;full&#8221;][\/vc_column][vc_column width=&#8221;3\/12&#8243;][vc_column_text][\/vc_column_text][\/vc_column][\/vc_row][vc_row][vc_column width=&#8221;3\/12&#8243;][vc_column_text][\/vc_column_text][\/vc_column][vc_column width=&#8221;3\/12&#8243;][vc_column_text]<\/p>\n<p class=\"blue\"><strong>Jos\u00e9 Yerly<\/strong><\/p>\n<p>Swimming teacher[\/vc_column_text][\/vc_column][vc_column width=&#8221;3\/12&#8243;][vc_single_image image=&#8221;5553&#8243; img_size=&#8221;full&#8221;][\/vc_column][vc_column width=&#8221;3\/12&#8243;][\/vc_column][\/vc_row]<\/p>\n<\/div>","protected":false},"excerpt":{"rendered":"<p>[vc_row el_class=&#8221;header&#8221;][vc_column][vc_column_text] The team [\/vc_column_text][\/vc_column][\/vc_row][vc_row][vc_column width=&#8221;3\/12&#8243;][vc_column_text][\/vc_column_text][\/vc_column][vc_column width=&#8221;3\/12&#8243;][vc_column_text] Sylvie Moret Petrini School Principal[\/vc_column_text][\/vc_column][vc_column width=&#8221;3\/12&#8243;][vc_single_image image=&#8221;6114&#8243; img_size=&#8221;full&#8221;][\/vc_column][vc_column width=&#8221;3\/12&#8243;][\/vc_column][\/vc_row][vc_row el_class=&#8221;pages&#8221;][vc_column][vc_column_text] A qualifed, experienced and competent team at the service of your child&#8217;s well-being and success [\/vc_column_text][vc_row_inner css=&#8221;.vc_custom_1619097631360{margin-top: 0px !important;}&#8221;][vc_column_inner width=&#8221;8\/12&#8243;][vc_column_text]The teachers, graduated of the Haute \u00c9cole P\u00e9dagogique (High School of Pedagogy), ensure a high quality pedagogical and educational [&hellip;]<\/p>\n","protected":false},"author":1,"featured_media":0,"parent":1250,"menu_order":0,"comment_status":"closed","ping_status":"closed","template":"","meta":{"_acf_changed":false,"footnotes":""},"class_list":["post-1214","page","type-page","status-publish","hentry"],"acf":[],"yoast_head":"<!-- This site is optimized with the Yoast SEO plugin v24.3 - https:\/\/yoast.com\/wordpress\/plugins\/seo\/ -->\n<title>Welcome to Ecole Priv\u00e9e Mol\u00e9son in Fribourg | The team<\/title>\n<meta name=\"description\" content=\"A qualified, motivated and involved team for a high quality, personalized and participatory teaching.\" \/>\n<meta name=\"robots\" content=\"index, follow, max-snippet:-1, max-image-preview:large, max-video-preview:-1\" \/>\n<link rel=\"canonical\" href=\"https:\/\/www.epmfr.ch\/en\/discover-the-school\/the-team\/\" \/>\n<meta property=\"og:locale\" content=\"en_US\" \/>\n<meta property=\"og:type\" content=\"article\" \/>\n<meta property=\"og:title\" content=\"Welcome to Ecole Priv\u00e9e Mol\u00e9son in Fribourg | The team\" \/>\n<meta property=\"og:description\" content=\"A qualified, motivated and involved team for a high quality, personalized and participatory teaching.\" \/>\n<meta property=\"og:url\" content=\"https:\/\/www.epmfr.ch\/en\/discover-the-school\/the-team\/\" \/>\n<meta property=\"og:site_name\" content=\"Welcome to Ecole Priv\u00e9e Mol\u00e9son in Fribourg\" \/>\n<meta property=\"article:modified_time\" content=\"2026-08-20T11:06:31+00:00\" \/>\n<meta name=\"twitter:card\" content=\"summary_large_image\" \/>\n<meta name=\"twitter:label1\" content=\"Est. reading time\" \/>\n\t<meta name=\"twitter:data1\" content=\"2 minutes\" \/>\n<script type=\"application\/ld+json\" class=\"yoast-schema-graph\">{\"@context\":\"https:\/\/schema.org\",\"@graph\":[{\"@type\":\"WebPage\",\"@id\":\"https:\/\/www.epmfr.ch\/en\/discover-the-school\/the-team\/\",\"url\":\"https:\/\/www.epmfr.ch\/en\/discover-the-school\/the-team\/\",\"name\":\"Welcome to Ecole Priv\u00e9e Mol\u00e9son in Fribourg | The team\",\"isPartOf\":{\"@id\":\"https:\/\/www.epmfr.ch\/#website\"},\"datePublished\":\"2021-04-19T13:23:27+00:00\",\"dateModified\":\"2026-08-20T11:06:31+00:00\",\"description\":\"A qualified, motivated and involved team for a high quality, personalized and participatory teaching.\",\"breadcrumb\":{\"@id\":\"https:\/\/www.epmfr.ch\/en\/discover-the-school\/the-team\/#breadcrumb\"},\"inLanguage\":\"en-US\",\"potentialAction\":[{\"@type\":\"ReadAction\",\"target\":[\"https:\/\/www.epmfr.ch\/en\/discover-the-school\/the-team\/\"]}]},{\"@type\":\"BreadcrumbList\",\"@id\":\"https:\/\/www.epmfr.ch\/en\/discover-the-school\/the-team\/#breadcrumb\",\"itemListElement\":[{\"@type\":\"ListItem\",\"position\":1,\"name\":\"Accueil\",\"item\":\"https:\/\/www.epmfr.ch\/en\/\"},{\"@type\":\"ListItem\",\"position\":2,\"name\":\"Discover the school\",\"item\":\"https:\/\/www.epmfr.ch\/en\/discover-the-school\/\"},{\"@type\":\"ListItem\",\"position\":3,\"name\":\"The team\"}]},{\"@type\":\"WebSite\",\"@id\":\"https:\/\/www.epmfr.ch\/#website\",\"url\":\"https:\/\/www.epmfr.ch\/\",\"name\":\"Welcome to Ecole Priv\u00e9e Mol\u00e9son in Fribourg\",\"description\":\"\",\"potentialAction\":[{\"@type\":\"SearchAction\",\"target\":{\"@type\":\"EntryPoint\",\"urlTemplate\":\"https:\/\/www.epmfr.ch\/?s={search_term_string}\"},\"query-input\":{\"@type\":\"PropertyValueSpecification\",\"valueRequired\":true,\"valueName\":\"search_term_string\"}}],\"inLanguage\":\"en-US\"}]}<\/script>\n<!-- \/ Yoast SEO plugin. -->","yoast_head_json":{"title":"Welcome to Ecole Priv\u00e9e Mol\u00e9son in Fribourg | The team","description":"A qualified, motivated and involved team for a high quality, personalized and participatory teaching.","robots":{"index":"index","follow":"follow","max-snippet":"max-snippet:-1","max-image-preview":"max-image-preview:large","max-video-preview":"max-video-preview:-1"},"canonical":"https:\/\/www.epmfr.ch\/en\/discover-the-school\/the-team\/","og_locale":"en_US","og_type":"article","og_title":"Welcome to Ecole Priv\u00e9e Mol\u00e9son in Fribourg | The team","og_description":"A qualified, motivated and involved team for a high quality, personalized and participatory teaching.","og_url":"https:\/\/www.epmfr.ch\/en\/discover-the-school\/the-team\/","og_site_name":"Welcome to Ecole Priv\u00e9e Mol\u00e9son in Fribourg","article_modified_time":"2026-08-20T11:06:31+00:00","twitter_card":"summary_large_image","twitter_misc":{"Est. reading time":"2 minutes"},"schema":{"@context":"https:\/\/schema.org","@graph":[{"@type":"WebPage","@id":"https:\/\/www.epmfr.ch\/en\/discover-the-school\/the-team\/","url":"https:\/\/www.epmfr.ch\/en\/discover-the-school\/the-team\/","name":"Welcome to Ecole Priv\u00e9e Mol\u00e9son in Fribourg | The team","isPartOf":{"@id":"https:\/\/www.epmfr.ch\/#website"},"datePublished":"2021-04-19T13:23:27+00:00","dateModified":"2026-08-20T11:06:31+00:00","description":"A qualified, motivated and involved team for a high quality, personalized and participatory teaching.","breadcrumb":{"@id":"https:\/\/www.epmfr.ch\/en\/discover-the-school\/the-team\/#breadcrumb"},"inLanguage":"en-US","potentialAction":[{"@type":"ReadAction","target":["https:\/\/www.epmfr.ch\/en\/discover-the-school\/the-team\/"]}]},{"@type":"BreadcrumbList","@id":"https:\/\/www.epmfr.ch\/en\/discover-the-school\/the-team\/#breadcrumb","itemListElement":[{"@type":"ListItem","position":1,"name":"Accueil","item":"https:\/\/www.epmfr.ch\/en\/"},{"@type":"ListItem","position":2,"name":"Discover the school","item":"https:\/\/www.epmfr.ch\/en\/discover-the-school\/"},{"@type":"ListItem","position":3,"name":"The team"}]},{"@type":"WebSite","@id":"https:\/\/www.epmfr.ch\/#website","url":"https:\/\/www.epmfr.ch\/","name":"Welcome to Ecole Priv\u00e9e Mol\u00e9son in Fribourg","description":"","potentialAction":[{"@type":"SearchAction","target":{"@type":"EntryPoint","urlTemplate":"https:\/\/www.epmfr.ch\/?s={search_term_string}"},"query-input":{"@type":"PropertyValueSpecification","valueRequired":true,"valueName":"search_term_string"}}],"inLanguage":"en-US"}]}},"_links":{"self":[{"href":"https:\/\/www.epmfr.ch\/en\/wp-json\/wp\/v2\/pages\/1214","targetHints":{"allow":["GET"]}}],"collection":[{"href":"https:\/\/www.epmfr.ch\/en\/wp-json\/wp\/v2\/pages"}],"about":[{"href":"https:\/\/www.epmfr.ch\/en\/wp-json\/wp\/v2\/types\/page"}],"author":[{"embeddable":true,"href":"https:\/\/www.epmfr.ch\/en\/wp-json\/wp\/v2\/users\/1"}],"replies":[{"embeddable":true,"href":"https:\/\/www.epmfr.ch\/en\/wp-json\/wp\/v2\/comments?post=1214"}],"version-history":[{"count":65,"href":"https:\/\/www.epmfr.ch\/en\/wp-json\/wp\/v2\/pages\/1214\/revisions"}],"predecessor-version":[{"id":6144,"href":"https:\/\/www.epmfr.ch\/en\/wp-json\/wp\/v2\/pages\/1214\/revisions\/6144"}],"up":[{"embeddable":true,"href":"https:\/\/www.epmfr.ch\/en\/wp-json\/wp\/v2\/pages\/1250"}],"wp:attachment":[{"href":"https:\/\/www.epmfr.ch\/en\/wp-json\/wp\/v2\/media?parent=1214"}],"curies":[{"name":"wp","href":"https:\/\/api.w.org\/{rel}","templated":true}]}}