{"id":1200,"date":"2021-04-19T15:24:00","date_gmt":"2021-04-19T13:24:00","guid":{"rendered":"https:\/\/epm.plurial.net\/offre-de-prestations-extrascolaires\/"},"modified":"2026-04-13T15:38:10","modified_gmt":"2026-04-13T13:38:10","slug":"offer-of-out-of-school-services","status":"publish","type":"page","link":"https:\/\/www.epmfr.ch\/en\/discover-the-school\/offer-of-out-of-school-services\/","title":{"rendered":"Offer of out-of-school services"},"content":{"rendered":"<div class=\"wpb-content-wrapper\"><p>[vc_row el_class=&#8221;header&#8221;][vc_column][vc_column_text]<\/p>\n<h1>Extracurricular activities<\/h1>\n<p>[\/vc_column_text][\/vc_column][\/vc_row][vc_row el_class=&#8221;pages&#8221;][vc_column]<p class=\"fil_ariane\"><span><span><a href=\"https:\/\/www.epmfr.ch\/en\/\">Accueil<\/a><\/span><\/span><\/p>[vc_row_inner content_placement=&#8221;top&#8221; css=&#8221;.vc_custom_1625470415710{margin-top: 0px !important;}&#8221;][vc_column_inner][vc_column_text]<\/p>\n<h2 class=\"blue\">A complete offer at the service of children and their parents<\/h2>\n<p>[\/vc_column_text][vc_column_text]One of the strengths of the school is its wide range of hours. From 7.30 am, the premises are open and the reception is provided until the start of classes. At lunchtime, children can eat in the cafeteria and at the end of the day, afternoon and evening care is offered. And it is always possible to adjust the morning, midday or evening hours in case of unforeseen circumstances. This flexibility is greatly appreciated by parents.<\/p>\n<p>[\/vc_column_text][\/vc_column_inner][\/vc_row_inner][vc_row_inner][vc_column_inner width=&#8221;6\/12&#8243;][vc_column_text]<\/p>\n<h3 class=\"blue\"><strong>Out-of-school reception<\/strong><\/h3>\n<p>The school offers students an out-of-school reception to facilitate the organization ans travel of families. It is available to the children aged 4 to 12 years attending private school. Occasional childcare is also is also available to help parents deal with unforeseen circumstances.<\/p>\n<p>Extra-curricular care is offered during school periods: during school holidays, Wednesdays and holidays, no care is provided.<\/p>\n<p>The aim of the service is to provide children with a framework in which they can evolve and develop many social skills.<\/p>\n<p><strong>Morning reception : 7:30-8:30<\/strong><br \/>\nFor children who start school later:<br \/>\n&gt; students in 1-2H : Monday morning, Tuesday morning, Thursday morning, Friday morning<\/p>\n<p><strong>Lunch reception : 11:20-13:30<\/strong><br \/>\nStudents from 1H to 8H eat together in the cafeteria and are supervised by the competent staff.<\/p>\n<p><strong>Evening reception : 15:30-18:00<\/strong><br \/>\nStudents receive a snack an then they have the opportunity to play together.<\/p>\n<p><strong>Wednesday morning reception : 7:30-11:30<\/strong><br \/>\nFrom the start of the 2026 school year, a pilot scheme to open the after-school reception on Wednesday mornings will be introduced, subject to a minimum of five children being enrolled (see the terms and conditions in the out-of-school reception regulations)<\/p>\n<p>&nbsp;<\/p>\n<div class=\"wpb_column vc_column_container vc_col-sm-6\">\n<div class=\"vc_column-inner\">\n<div class=\"wpb_wrapper\">\n<div class=\"wpb_text_column wpb_content_element \">\n<div class=\"wpb_wrapper\">\n<p>Managment AES: Daniela Baudin <a href=\"mailto:daniela.baudin@edufr.ch\">daniela.baudin@edufr.ch<\/a><\/p>\n<p>Secretary AES: Sophie K\u00e4nzig <a href=\"mailto:sophie.kaenzig@edufr.ch\">sophie.kaenzig@edufr.ch<\/a><\/p>\n<p>T : 026 309 26 14<\/p><\/div>\n<\/div>\n<\/div>\n<\/div>\n<\/div>\n<div class=\"wpb_column vc_column_container vc_col-sm-4\">\n<div class=\"vc_column-inner\">\n<div class=\"wpb_wrapper\"><\/div>\n<\/div>\n<\/div>\n<p>[\/vc_column_text][\/vc_column_inner][vc_column_inner width=&#8221;4\/12&#8243;][vc_single_image image=&#8221;2049&#8243; img_size=&#8221;600&#215;500&#8243; css_animation=&#8221;none&#8221;][\/vc_column_inner][vc_column_inner width=&#8221;2\/12&#8243;]<div class='row'><div class='col-lg-12 multilink'><div class='link'><div class='link-question'><a href='\/wp-content\/uploads\/2026\/03\/Reglement-lAES_f_2627-1.pdf' style='font-weight: bold;' target='_blank'>Regulation<\/a><\/div><\/div><div class='link'><div class='link-question'><a href='\/wp-content\/uploads\/2026\/03\/Tarifs_Accueil_Extrascolaire_EPM_2026-avec-mercredi.pdf' style='font-weight: bold;' target='_blank'>Extracurricular reception rate<\/a><\/div><\/div><div class='link'><div class='link-question'><a href='\/wp-content\/uploads\/2026\/03\/AES-Inscription_generale_f_2627.pdf' style='font-weight: bold;' target='_blank'>General registration form (Mon, Tue, Thu, Fri)<\/a><\/div><\/div><div class='link'><div class='link-question'><a href='\/wp-content\/uploads\/2026\/03\/AES-Inscription-mercredi-matin_f_2627.pdf' style='font-weight: bold;' target='_blank'>Specific registration form (Wednesday morning)<\/a><\/div><\/div><div class='link'><div class='link-question'><a href='\/wp-content\/uploads\/2025\/03\/Charta-AES_f_2526.pdf' style='font-weight: bold;' target='_blank'>Charta<\/a><\/div><\/div><\/div><\/div>[\/vc_column_inner][\/vc_row_inner][vc_row_inner][vc_column_inner width=&#8221;6\/12&#8243;][vc_column_text]<\/p>\n<h3 class=\"blue\"><strong>Cafeteria<\/strong><\/h3>\n<p><strong>\u00a0If parents register their child \u2018with menu\u2019:<\/strong><br \/>\nChildren will have lunch in our cafeteria, located in the school building. The meals are delivered by Cookids (www.cookids.ch), which offers healthy, tasty food specially adapted for children. Three menus are available: a classic menu, a vegetarian menu and a lactose-reduced menu. Parents are charged CHF 10.50 per meal.<\/p>\n<p><strong>\u00a0If parents register their child \u2018with picnic\/without menu\u2019:<\/strong><br \/>\nThe child brings a packed lunch from home. Two microwaves are available, so please provide your child with a microwave-safe container. Please note that if your child has to reheat his or her meal, this may result in longer waiting times at lunchtime. Tip: There are isothermal containers or food thermos that keep meals warm. This allows parents to offer a hot meal without the child having to queue up to use the microwave.[\/vc_column_text][\/vc_column_inner][vc_column_inner width=&#8221;4\/12&#8243;][vc_single_image image=&#8221;2045&#8243; img_size=&#8221;600&#215;500&#8243; css_animation=&#8221;none&#8221;][\/vc_column_inner][vc_column_inner width=&#8221;2\/12&#8243;]<div class='row'><div class='col-lg-12 multilink'><div class='link'><div class='link-question'><a href='https:\/\/cookids.ch\/menus\/' style='font-weight: bold;' target='_blank'>See the menu of the week<\/a><\/div><\/div><\/div><\/div>[\/vc_column_inner][\/vc_row_inner][\/vc_column][\/vc_row][vc_row][vc_column width=&#8221;6\/12&#8243;][vc_column_text]<\/p>\n<h3 class=\"blue\"><strong>CLUBS EPM 1H-8H<\/strong><\/h3>\n<p>Creative, artistic and sports workshops take place (15h30-16h45). They are open to all pupils of the \u00c9cole Priv\u00e9e Mol\u00e9son and the Deutschsprachige Regionalschule Freiburg (DRF). After-school clubs will also be open to external children.[\/vc_column_text][\/vc_column][vc_column width=&#8221;4\/12&#8243;][vc_single_image image=&#8221;4406&#8243; img_size=&#8221;600&#215;500&#8243;][\/vc_column][vc_column width=&#8221;2\/12&#8243;]<div class='row'><div class='col-lg-12 multilink'><div class='link'><div class='link-question'><a href='\/wp-content\/uploads\/2026\/04\/Clubs-EPM_rentree_2026-2027-1e-semestre-1.pdf' style='font-weight: bold;' target='_blank'>Club offer 1st semester 2026-2027<\/a><\/div><\/div><\/div><\/div>[\/vc_column][\/vc_row][vc_row][vc_column width=&#8221;6\/12&#8243;][vc_column_text]<\/p>\n<h3 class=\"blue\"><strong>Supervised homework 3H-8H<\/strong><\/h3>\n<p>They are open to all students between 3H and 8H and take place on Mondays, Tuesdays and Thursdays (from 15:30 to 16:30) . The supervisor, in principle a student, answers any questions of the children and checks that the homework are properly performed.\u00a0This is neither a support lesson nor a corrective lesson. The supervisor assists in understanding instructions and, if necessary, provides explanations and encourages students to review their lessons.<\/p>\n<p>You can register your children for the time slots of your choice.\u00a0The half-yearly cost is Fr. 250. -[\/vc_column_text][\/vc_column][vc_column width=&#8221;4\/12&#8243;][vc_single_image image=&#8221;5920&#8243; img_size=&#8221;600&#215;500&#8243;][\/vc_column][vc_column width=&#8221;2\/12&#8243;]<div class='row'><div class='col-lg-12 multilink'><div class='link'><div class='link-question'><a href='\/wp-content\/uploads\/2026\/04\/Flyer-DS-26-27.pdf' style='font-weight: bold;' target='_blank'>Registration Supervised homework <\/a><\/div><\/div><\/div><\/div>[\/vc_column][\/vc_row]<\/p>\n<\/div>","protected":false},"excerpt":{"rendered":"<p>[vc_row el_class=&#8221;header&#8221;][vc_column][vc_column_text] Extracurricular activities [\/vc_column_text][\/vc_column][\/vc_row][vc_row el_class=&#8221;pages&#8221;][vc_column][vc_row_inner content_placement=&#8221;top&#8221; css=&#8221;.vc_custom_1625470415710{margin-top: 0px !important;}&#8221;][vc_column_inner][vc_column_text] A complete offer at the service of children and their parents [\/vc_column_text][vc_column_text]One of the strengths of the school is its wide range of hours. From 7.30 am, the premises are open and the reception is provided until the start of classes. At lunchtime, children can [&hellip;]<\/p>\n","protected":false},"author":1,"featured_media":0,"parent":1250,"menu_order":0,"comment_status":"closed","ping_status":"closed","template":"","meta":{"_acf_changed":false,"footnotes":""},"class_list":["post-1200","page","type-page","status-publish","hentry"],"acf":[],"yoast_head":"<!-- This site is optimized with the Yoast SEO plugin v24.3 - https:\/\/yoast.com\/wordpress\/plugins\/seo\/ -->\n<title>Welcome to Ecole Priv\u00e9e Mol\u00e9son in Fribourg | Offer of out-of-school services<\/title>\n<meta name=\"description\" content=\"An extracurricular reception that allows a care of children from 7:30 am to 6 pm. Amplitude of time and flexibility appreciated by parents.\" \/>\n<meta name=\"robots\" content=\"index, follow, max-snippet:-1, max-image-preview:large, max-video-preview:-1\" \/>\n<link rel=\"canonical\" href=\"https:\/\/www.epmfr.ch\/en\/discover-the-school\/offer-of-out-of-school-services\/\" \/>\n<meta property=\"og:locale\" content=\"en_US\" \/>\n<meta property=\"og:type\" content=\"article\" \/>\n<meta property=\"og:title\" content=\"Welcome to Ecole Priv\u00e9e Mol\u00e9son in Fribourg | Offer of out-of-school services\" \/>\n<meta property=\"og:description\" content=\"An extracurricular reception that allows a care of children from 7:30 am to 6 pm. Amplitude of time and flexibility appreciated by parents.\" \/>\n<meta property=\"og:url\" content=\"https:\/\/www.epmfr.ch\/en\/discover-the-school\/offer-of-out-of-school-services\/\" \/>\n<meta property=\"og:site_name\" content=\"Welcome to Ecole Priv\u00e9e Mol\u00e9son in Fribourg\" \/>\n<meta property=\"article:modified_time\" content=\"2026-04-13T13:38:10+00:00\" \/>\n<meta name=\"twitter:card\" content=\"summary_large_image\" \/>\n<meta name=\"twitter:label1\" content=\"Est. reading time\" \/>\n\t<meta name=\"twitter:data1\" content=\"4 minutes\" \/>\n<script type=\"application\/ld+json\" class=\"yoast-schema-graph\">{\"@context\":\"https:\/\/schema.org\",\"@graph\":[{\"@type\":\"WebPage\",\"@id\":\"https:\/\/www.epmfr.ch\/en\/discover-the-school\/offer-of-out-of-school-services\/\",\"url\":\"https:\/\/www.epmfr.ch\/en\/discover-the-school\/offer-of-out-of-school-services\/\",\"name\":\"Welcome to Ecole Priv\u00e9e Mol\u00e9son in Fribourg | Offer of out-of-school services\",\"isPartOf\":{\"@id\":\"https:\/\/www.epmfr.ch\/#website\"},\"datePublished\":\"2021-04-19T13:24:00+00:00\",\"dateModified\":\"2026-04-13T13:38:10+00:00\",\"description\":\"An extracurricular reception that allows a care of children from 7:30 am to 6 pm. Amplitude of time and flexibility appreciated by parents.\",\"breadcrumb\":{\"@id\":\"https:\/\/www.epmfr.ch\/en\/discover-the-school\/offer-of-out-of-school-services\/#breadcrumb\"},\"inLanguage\":\"en-US\",\"potentialAction\":[{\"@type\":\"ReadAction\",\"target\":[\"https:\/\/www.epmfr.ch\/en\/discover-the-school\/offer-of-out-of-school-services\/\"]}]},{\"@type\":\"BreadcrumbList\",\"@id\":\"https:\/\/www.epmfr.ch\/en\/discover-the-school\/offer-of-out-of-school-services\/#breadcrumb\",\"itemListElement\":[{\"@type\":\"ListItem\",\"position\":1,\"name\":\"Accueil\",\"item\":\"https:\/\/www.epmfr.ch\/en\/\"},{\"@type\":\"ListItem\",\"position\":2,\"name\":\"Discover the school\",\"item\":\"https:\/\/www.epmfr.ch\/en\/discover-the-school\/\"},{\"@type\":\"ListItem\",\"position\":3,\"name\":\"Offer of out-of-school services\"}]},{\"@type\":\"WebSite\",\"@id\":\"https:\/\/www.epmfr.ch\/#website\",\"url\":\"https:\/\/www.epmfr.ch\/\",\"name\":\"Welcome to Ecole Priv\u00e9e Mol\u00e9son in Fribourg\",\"description\":\"\",\"potentialAction\":[{\"@type\":\"SearchAction\",\"target\":{\"@type\":\"EntryPoint\",\"urlTemplate\":\"https:\/\/www.epmfr.ch\/?s={search_term_string}\"},\"query-input\":{\"@type\":\"PropertyValueSpecification\",\"valueRequired\":true,\"valueName\":\"search_term_string\"}}],\"inLanguage\":\"en-US\"}]}<\/script>\n<!-- \/ Yoast SEO plugin. -->","yoast_head_json":{"title":"Welcome to Ecole Priv\u00e9e Mol\u00e9son in Fribourg | Offer of out-of-school services","description":"An extracurricular reception that allows a care of children from 7:30 am to 6 pm. Amplitude of time and flexibility appreciated by parents.","robots":{"index":"index","follow":"follow","max-snippet":"max-snippet:-1","max-image-preview":"max-image-preview:large","max-video-preview":"max-video-preview:-1"},"canonical":"https:\/\/www.epmfr.ch\/en\/discover-the-school\/offer-of-out-of-school-services\/","og_locale":"en_US","og_type":"article","og_title":"Welcome to Ecole Priv\u00e9e Mol\u00e9son in Fribourg | Offer of out-of-school services","og_description":"An extracurricular reception that allows a care of children from 7:30 am to 6 pm. Amplitude of time and flexibility appreciated by parents.","og_url":"https:\/\/www.epmfr.ch\/en\/discover-the-school\/offer-of-out-of-school-services\/","og_site_name":"Welcome to Ecole Priv\u00e9e Mol\u00e9son in Fribourg","article_modified_time":"2026-04-13T13:38:10+00:00","twitter_card":"summary_large_image","twitter_misc":{"Est. reading time":"4 minutes"},"schema":{"@context":"https:\/\/schema.org","@graph":[{"@type":"WebPage","@id":"https:\/\/www.epmfr.ch\/en\/discover-the-school\/offer-of-out-of-school-services\/","url":"https:\/\/www.epmfr.ch\/en\/discover-the-school\/offer-of-out-of-school-services\/","name":"Welcome to Ecole Priv\u00e9e Mol\u00e9son in Fribourg | Offer of out-of-school services","isPartOf":{"@id":"https:\/\/www.epmfr.ch\/#website"},"datePublished":"2021-04-19T13:24:00+00:00","dateModified":"2026-04-13T13:38:10+00:00","description":"An extracurricular reception that allows a care of children from 7:30 am to 6 pm. Amplitude of time and flexibility appreciated by parents.","breadcrumb":{"@id":"https:\/\/www.epmfr.ch\/en\/discover-the-school\/offer-of-out-of-school-services\/#breadcrumb"},"inLanguage":"en-US","potentialAction":[{"@type":"ReadAction","target":["https:\/\/www.epmfr.ch\/en\/discover-the-school\/offer-of-out-of-school-services\/"]}]},{"@type":"BreadcrumbList","@id":"https:\/\/www.epmfr.ch\/en\/discover-the-school\/offer-of-out-of-school-services\/#breadcrumb","itemListElement":[{"@type":"ListItem","position":1,"name":"Accueil","item":"https:\/\/www.epmfr.ch\/en\/"},{"@type":"ListItem","position":2,"name":"Discover the school","item":"https:\/\/www.epmfr.ch\/en\/discover-the-school\/"},{"@type":"ListItem","position":3,"name":"Offer of out-of-school services"}]},{"@type":"WebSite","@id":"https:\/\/www.epmfr.ch\/#website","url":"https:\/\/www.epmfr.ch\/","name":"Welcome to Ecole Priv\u00e9e Mol\u00e9son in Fribourg","description":"","potentialAction":[{"@type":"SearchAction","target":{"@type":"EntryPoint","urlTemplate":"https:\/\/www.epmfr.ch\/?s={search_term_string}"},"query-input":{"@type":"PropertyValueSpecification","valueRequired":true,"valueName":"search_term_string"}}],"inLanguage":"en-US"}]}},"_links":{"self":[{"href":"https:\/\/www.epmfr.ch\/en\/wp-json\/wp\/v2\/pages\/1200","targetHints":{"allow":["GET"]}}],"collection":[{"href":"https:\/\/www.epmfr.ch\/en\/wp-json\/wp\/v2\/pages"}],"about":[{"href":"https:\/\/www.epmfr.ch\/en\/wp-json\/wp\/v2\/types\/page"}],"author":[{"embeddable":true,"href":"https:\/\/www.epmfr.ch\/en\/wp-json\/wp\/v2\/users\/1"}],"replies":[{"embeddable":true,"href":"https:\/\/www.epmfr.ch\/en\/wp-json\/wp\/v2\/comments?post=1200"}],"version-history":[{"count":181,"href":"https:\/\/www.epmfr.ch\/en\/wp-json\/wp\/v2\/pages\/1200\/revisions"}],"predecessor-version":[{"id":5942,"href":"https:\/\/www.epmfr.ch\/en\/wp-json\/wp\/v2\/pages\/1200\/revisions\/5942"}],"up":[{"embeddable":true,"href":"https:\/\/www.epmfr.ch\/en\/wp-json\/wp\/v2\/pages\/1250"}],"wp:attachment":[{"href":"https:\/\/www.epmfr.ch\/en\/wp-json\/wp\/v2\/media?parent=1200"}],"curies":[{"name":"wp","href":"https:\/\/api.w.org\/{rel}","templated":true}]}}