{"id":1634,"date":"2021-10-08T09:39:16","date_gmt":"2021-10-08T07:39:16","guid":{"rendered":"https:\/\/epm.plurial.net\/nos-missions\/reussite-scolaire\/"},"modified":"2023-12-01T11:16:09","modified_gmt":"2023-12-01T10:16:09","slug":"vorbereitung-auf-den-orientierungszyklus","status":"publish","type":"page","link":"https:\/\/www.epmfr.ch\/de\/mehrsprachige-lehre\/vorbereitung-auf-den-orientierungszyklus\/","title":{"rendered":"Vorbereitung auf den Orientierungszyklus"},"content":{"rendered":"<div class=\"wpb-content-wrapper\"><p>[vc_row el_class=&#8220;header&#8220;][vc_column][vc_column_text]<\/p>\n<h1>Vorbereiung auf die Orientierungschule<\/h1>\n<p>[\/vc_column_text][\/vc_column][\/vc_row][vc_row][vc_column]<p class=\"fil_ariane\"><span><span><a href=\"https:\/\/www.epmfr.ch\/de\/\">Accueil<\/a><\/span><\/span><\/p>[vc_column_text el_class=&#8220;more-spacing&#8220;]<\/p>\n<h2 class=\"blue\">Wir begleiten Ihr Kind auf seinem Weg in die Orientierungsschule<\/h2>\n<p>[\/vc_column_text][vc_row_inner][vc_column_inner width=&#8220;2\/3&#8243;][vc_column_text css_animation=&#8220;none&#8220;]Der Eintritt in die Orientierungsstufe (OS) ist ein wichtiger Schritt in der schulischen Laufbahn Ihres Kindes. Nach acht Jahren in der Primarschule tritt Ihr Kind f\u00fcr die n\u00e4chsten drei Jahre in die Orientierungsschule ein. Nachdem Ihr Kind viele Grundkenntnisse in verschiedenen F\u00e4chern erworben hat, ist der Eintritt in die Orientierungsschule ein komplexeres Unterfangen und es ist wichtig, dass Ihr Kind Selbstst\u00e4ndigkeit, Reife und Selbstvertrauen beim Lernen beweist. Die \u00c9cole Priv\u00e9e Mol\u00e9son hat es sich zur Aufgabe gemacht, Ihr Kind f\u00fcr diesen Eintritt in die Orientierungsschule zu unterst\u00fctzen.[\/vc_column_text][\/vc_column_inner][vc_column_inner width=&#8220;1\/3&#8243;][vc_single_image image=&#8220;2633&#8243; img_size=&#8220;600&#215;600&#8243; css_animation=&#8220;bounceInDown&#8220;][\/vc_column_inner][\/vc_row_inner][vc_row_inner][vc_column_inner width=&#8220;1\/4&#8243;][vc_single_image image=&#8220;1423&#8243; img_size=&#8220;600&#215;500&#8243; style=&#8220;vc_box_circle_2&#8243; css_animation=&#8220;none&#8220;][\/vc_column_inner][vc_column_inner width=&#8220;2\/4&#8243;][vc_column_text css_animation=&#8220;none&#8220;]<\/p>\n<h2 class=\"blue\">Vorbereitung auf den \u00dcbergang zur Orientierungsschule<\/h2>\n<p>Um erfolgreich in den Orientierungszyklus einzutreten, kann Ihr Kind w\u00e4hrend der Schulzeit die \u00c9cole Priv\u00e9e Mol\u00e9son besuchen,\u00a0um in den Genuss dieser speziellen Vorbereitung f\u00fcr den \u00dcbertritt zu kommen.<\/p>\n<p>&nbsp;<\/p>\n<p>Ein Hauptziel unserer Lehrpersonen ist es, jede\/jeden Sch\u00fclerin\/Sch\u00fcler, in der 7H und 8H so \u00a0zu begleiten und zu betreuen, dass sie\/er diesen neuen Abschnitt gelassen angehen und in den Klassentyp eingeteilt wird, der ihrem\/seinem Profil am besten entspricht. W\u00e4hrend der letzten beiden Jahre in der Primarschule legen die Lehrpersonen ein besonderes Augenmerk auf:<\/p>\n<ul>\n<li>F\u00f6rderung des selbstst\u00e4ndigen Arbeitens und der Selbstorganisation der Sch\u00fcler\u00b7innen<\/li>\n<li>wohlwollendes Best\u00e4rken der Sch\u00fcler\u00b7innen in seinen Bem\u00fchungen<\/li>\n<li>Begleitung der Sch\u00fcler\u00b7innen bei seinen Lernfortschritten<\/li>\n<li>Sicherstellung, dass sie\/er seine Ziele erreicht<\/li>\n<li>Wertsch\u00e4tzen und f\u00f6rdern ihrer\/seiner St\u00e4rken<\/li>\n<li>(wieder) Lust am Lernen und an Herausforderungen finden<\/li>\n<li>Differenzierung des Lernstoffes bei Schwierigkeiten<\/li>\n<li>Bei Bedarf Vernutzung mit anderen Therapeuten\/Spezialisten<\/li>\n<\/ul>\n<p>[\/vc_column_text][vc_empty_space height=&#8220;15px&#8220;][\/vc_column_inner][vc_column_inner width=&#8220;1\/4&#8243;][vc_single_image image=&#8220;1419&#8243; img_size=&#8220;600&#215;500&#8243; style=&#8220;vc_box_circle_2&#8243; css_animation=&#8220;none&#8220;][\/vc_column_inner][\/vc_row_inner][vc_row_inner][vc_column_inner width=&#8220;1\/4&#8243;][\/vc_column_inner][vc_column_inner width=&#8220;1\/2&#8243;][vc_column_text]Wenn Sie mehr \u00fcber die Einschulung Ihres Kindes in die 7H-8H erfahren m\u00f6chten, k\u00f6nnen Sie sich gerne an uns wenden. Ihr Kind kann ein zwei- bis f\u00fcnft\u00e4giges Praktikum absolvieren, damit Sie und Ihr Kind einen Einblick in den Unterricht an der \u00c9cole Priv\u00e9e Mol\u00e9son erhalten k\u00f6nnen.<\/p>\n<p>info@epmfr.ch &#8211; 026 309 26 10[\/vc_column_text][\/vc_column_inner][vc_column_inner width=&#8220;1\/4&#8243;][\/vc_column_inner][\/vc_row_inner][\/vc_column][\/vc_row]<\/p>\n<\/div>","protected":false},"excerpt":{"rendered":"<p>[vc_row el_class=&#8220;header&#8220;][vc_column][vc_column_text] Vorbereiung auf die Orientierungschule [\/vc_column_text][\/vc_column][\/vc_row][vc_row][vc_column][vc_column_text el_class=&#8220;more-spacing&#8220;] Wir begleiten Ihr Kind auf seinem Weg in die Orientierungsschule [\/vc_column_text][vc_row_inner][vc_column_inner width=&#8220;2\/3&#8243;][vc_column_text css_animation=&#8220;none&#8220;]Der Eintritt in die Orientierungsstufe (OS) ist ein wichtiger Schritt in der schulischen Laufbahn Ihres Kindes. Nach acht Jahren in der Primarschule tritt Ihr Kind f\u00fcr die n\u00e4chsten drei Jahre in die Orientierungsschule ein. Nachdem [&hellip;]<\/p>\n","protected":false},"author":1,"featured_media":0,"parent":1524,"menu_order":0,"comment_status":"closed","ping_status":"closed","template":"","meta":{"_acf_changed":false,"footnotes":""},"class_list":["post-1634","page","type-page","status-publish","hentry"],"acf":[],"yoast_head":"<!-- This site is optimized with the Yoast SEO plugin v24.3 - https:\/\/yoast.com\/wordpress\/plugins\/seo\/ -->\n<title>Willkommen bei der Ecole Priv\u00e9e Mol\u00e9son in Freiburg | Vorbereitung auf den Orientierungszyklus<\/title>\n<meta name=\"description\" content=\"Eine gezielte Vorbereitung des Kindes f\u00fcr einen gelassenen und erfolgreichen Eintritt in den Orientierungszyklus.\" \/>\n<meta name=\"robots\" content=\"index, follow, max-snippet:-1, max-image-preview:large, max-video-preview:-1\" \/>\n<link rel=\"canonical\" href=\"https:\/\/www.epmfr.ch\/de\/mehrsprachige-lehre\/vorbereitung-auf-den-orientierungszyklus\/\" \/>\n<meta property=\"og:locale\" content=\"de_DE\" \/>\n<meta property=\"og:type\" content=\"article\" \/>\n<meta property=\"og:title\" content=\"Willkommen bei der Ecole Priv\u00e9e Mol\u00e9son in Freiburg | Vorbereitung auf den Orientierungszyklus\" \/>\n<meta property=\"og:description\" content=\"Eine gezielte Vorbereitung des Kindes f\u00fcr einen gelassenen und erfolgreichen Eintritt in den Orientierungszyklus.\" \/>\n<meta property=\"og:url\" content=\"https:\/\/www.epmfr.ch\/de\/mehrsprachige-lehre\/vorbereitung-auf-den-orientierungszyklus\/\" \/>\n<meta property=\"og:site_name\" content=\"Willkommen bei der Ecole Priv\u00e9e Mol\u00e9son in Freiburg\" \/>\n<meta property=\"article:modified_time\" content=\"2023-12-01T10:16:09+00:00\" \/>\n<meta name=\"twitter:card\" content=\"summary_large_image\" \/>\n<meta name=\"twitter:label1\" content=\"Gesch\u00e4tzte Lesezeit\" \/>\n\t<meta name=\"twitter:data1\" content=\"2\u00a0Minuten\" \/>\n<script type=\"application\/ld+json\" class=\"yoast-schema-graph\">{\"@context\":\"https:\/\/schema.org\",\"@graph\":[{\"@type\":\"WebPage\",\"@id\":\"https:\/\/www.epmfr.ch\/de\/mehrsprachige-lehre\/vorbereitung-auf-den-orientierungszyklus\/\",\"url\":\"https:\/\/www.epmfr.ch\/de\/mehrsprachige-lehre\/vorbereitung-auf-den-orientierungszyklus\/\",\"name\":\"Willkommen bei der Ecole Priv\u00e9e Mol\u00e9son in Freiburg | Vorbereitung auf den Orientierungszyklus\",\"isPartOf\":{\"@id\":\"https:\/\/www.epmfr.ch\/#website\"},\"datePublished\":\"2021-10-08T07:39:16+00:00\",\"dateModified\":\"2023-12-01T10:16:09+00:00\",\"description\":\"Eine gezielte Vorbereitung des Kindes f\u00fcr einen gelassenen und erfolgreichen Eintritt in den Orientierungszyklus.\",\"breadcrumb\":{\"@id\":\"https:\/\/www.epmfr.ch\/de\/mehrsprachige-lehre\/vorbereitung-auf-den-orientierungszyklus\/#breadcrumb\"},\"inLanguage\":\"de\",\"potentialAction\":[{\"@type\":\"ReadAction\",\"target\":[\"https:\/\/www.epmfr.ch\/de\/mehrsprachige-lehre\/vorbereitung-auf-den-orientierungszyklus\/\"]}]},{\"@type\":\"BreadcrumbList\",\"@id\":\"https:\/\/www.epmfr.ch\/de\/mehrsprachige-lehre\/vorbereitung-auf-den-orientierungszyklus\/#breadcrumb\",\"itemListElement\":[{\"@type\":\"ListItem\",\"position\":1,\"name\":\"Accueil\",\"item\":\"https:\/\/www.epmfr.ch\/de\/\"},{\"@type\":\"ListItem\",\"position\":2,\"name\":\"Mehrsprachige Lehre\",\"item\":\"https:\/\/www.epmfr.ch\/de\/mehrsprachige-lehre\/\"},{\"@type\":\"ListItem\",\"position\":3,\"name\":\"Vorbereitung auf den Orientierungszyklus\"}]},{\"@type\":\"WebSite\",\"@id\":\"https:\/\/www.epmfr.ch\/#website\",\"url\":\"https:\/\/www.epmfr.ch\/\",\"name\":\"Willkommen bei der Ecole Priv\u00e9e Mol\u00e9son in Freiburg\",\"description\":\"\",\"potentialAction\":[{\"@type\":\"SearchAction\",\"target\":{\"@type\":\"EntryPoint\",\"urlTemplate\":\"https:\/\/www.epmfr.ch\/?s={search_term_string}\"},\"query-input\":{\"@type\":\"PropertyValueSpecification\",\"valueRequired\":true,\"valueName\":\"search_term_string\"}}],\"inLanguage\":\"de\"}]}<\/script>\n<!-- \/ Yoast SEO plugin. -->","yoast_head_json":{"title":"Willkommen bei der Ecole Priv\u00e9e Mol\u00e9son in Freiburg | Vorbereitung auf den Orientierungszyklus","description":"Eine gezielte Vorbereitung des Kindes f\u00fcr einen gelassenen und erfolgreichen Eintritt in den Orientierungszyklus.","robots":{"index":"index","follow":"follow","max-snippet":"max-snippet:-1","max-image-preview":"max-image-preview:large","max-video-preview":"max-video-preview:-1"},"canonical":"https:\/\/www.epmfr.ch\/de\/mehrsprachige-lehre\/vorbereitung-auf-den-orientierungszyklus\/","og_locale":"de_DE","og_type":"article","og_title":"Willkommen bei der Ecole Priv\u00e9e Mol\u00e9son in Freiburg | Vorbereitung auf den Orientierungszyklus","og_description":"Eine gezielte Vorbereitung des Kindes f\u00fcr einen gelassenen und erfolgreichen Eintritt in den Orientierungszyklus.","og_url":"https:\/\/www.epmfr.ch\/de\/mehrsprachige-lehre\/vorbereitung-auf-den-orientierungszyklus\/","og_site_name":"Willkommen bei der Ecole Priv\u00e9e Mol\u00e9son in Freiburg","article_modified_time":"2023-12-01T10:16:09+00:00","twitter_card":"summary_large_image","twitter_misc":{"Gesch\u00e4tzte Lesezeit":"2\u00a0Minuten"},"schema":{"@context":"https:\/\/schema.org","@graph":[{"@type":"WebPage","@id":"https:\/\/www.epmfr.ch\/de\/mehrsprachige-lehre\/vorbereitung-auf-den-orientierungszyklus\/","url":"https:\/\/www.epmfr.ch\/de\/mehrsprachige-lehre\/vorbereitung-auf-den-orientierungszyklus\/","name":"Willkommen bei der Ecole Priv\u00e9e Mol\u00e9son in Freiburg | Vorbereitung auf den Orientierungszyklus","isPartOf":{"@id":"https:\/\/www.epmfr.ch\/#website"},"datePublished":"2021-10-08T07:39:16+00:00","dateModified":"2023-12-01T10:16:09+00:00","description":"Eine gezielte Vorbereitung des Kindes f\u00fcr einen gelassenen und erfolgreichen Eintritt in den Orientierungszyklus.","breadcrumb":{"@id":"https:\/\/www.epmfr.ch\/de\/mehrsprachige-lehre\/vorbereitung-auf-den-orientierungszyklus\/#breadcrumb"},"inLanguage":"de","potentialAction":[{"@type":"ReadAction","target":["https:\/\/www.epmfr.ch\/de\/mehrsprachige-lehre\/vorbereitung-auf-den-orientierungszyklus\/"]}]},{"@type":"BreadcrumbList","@id":"https:\/\/www.epmfr.ch\/de\/mehrsprachige-lehre\/vorbereitung-auf-den-orientierungszyklus\/#breadcrumb","itemListElement":[{"@type":"ListItem","position":1,"name":"Accueil","item":"https:\/\/www.epmfr.ch\/de\/"},{"@type":"ListItem","position":2,"name":"Mehrsprachige Lehre","item":"https:\/\/www.epmfr.ch\/de\/mehrsprachige-lehre\/"},{"@type":"ListItem","position":3,"name":"Vorbereitung auf den Orientierungszyklus"}]},{"@type":"WebSite","@id":"https:\/\/www.epmfr.ch\/#website","url":"https:\/\/www.epmfr.ch\/","name":"Willkommen bei der Ecole Priv\u00e9e Mol\u00e9son in Freiburg","description":"","potentialAction":[{"@type":"SearchAction","target":{"@type":"EntryPoint","urlTemplate":"https:\/\/www.epmfr.ch\/?s={search_term_string}"},"query-input":{"@type":"PropertyValueSpecification","valueRequired":true,"valueName":"search_term_string"}}],"inLanguage":"de"}]}},"_links":{"self":[{"href":"https:\/\/www.epmfr.ch\/de\/wp-json\/wp\/v2\/pages\/1634","targetHints":{"allow":["GET"]}}],"collection":[{"href":"https:\/\/www.epmfr.ch\/de\/wp-json\/wp\/v2\/pages"}],"about":[{"href":"https:\/\/www.epmfr.ch\/de\/wp-json\/wp\/v2\/types\/page"}],"author":[{"embeddable":true,"href":"https:\/\/www.epmfr.ch\/de\/wp-json\/wp\/v2\/users\/1"}],"replies":[{"embeddable":true,"href":"https:\/\/www.epmfr.ch\/de\/wp-json\/wp\/v2\/comments?post=1634"}],"version-history":[{"count":20,"href":"https:\/\/www.epmfr.ch\/de\/wp-json\/wp\/v2\/pages\/1634\/revisions"}],"predecessor-version":[{"id":4626,"href":"https:\/\/www.epmfr.ch\/de\/wp-json\/wp\/v2\/pages\/1634\/revisions\/4626"}],"up":[{"embeddable":true,"href":"https:\/\/www.epmfr.ch\/de\/wp-json\/wp\/v2\/pages\/1524"}],"wp:attachment":[{"href":"https:\/\/www.epmfr.ch\/de\/wp-json\/wp\/v2\/media?parent=1634"}],"curies":[{"name":"wp","href":"https:\/\/api.w.org\/{rel}","templated":true}]}}