{"id":1626,"date":"2021-04-22T16:10:45","date_gmt":"2021-04-22T14:10:45","guid":{"rendered":"https:\/\/epm.plurial.net\/nos-missions\/projet-pedagogique-primaire\/"},"modified":"2022-09-02T18:43:05","modified_gmt":"2022-09-02T16:43:05","slug":"paedagogisches-projekt-2-zyklus","status":"publish","type":"page","link":"https:\/\/www.epmfr.ch\/de\/mehrsprachige-lehre\/paedagogisches-projekt-2-zyklus\/","title":{"rendered":"P\u00e4dagogisches Projekt 2. Zyklus"},"content":{"rendered":"<div class=\"wpb-content-wrapper\"><p>[vc_row el_class=&#8220;header&#8220;][vc_column][vc_column_text]<\/p>\n<h1>P\u00e4dagogisches Projekt 2 Zyklus<\/h1>\n<p>[\/vc_column_text][\/vc_column][\/vc_row][vc_row el_class=&#8220;pages&#8220;][vc_column]<p class=\"fil_ariane\"><span><span><a href=\"https:\/\/www.epmfr.ch\/de\/\">Accueil<\/a><\/span><\/span><\/p>[vc_column_text]<\/p>\n<h2 class=\"blue\">Damit Ihr Kind seinen Platz in der Schule findet, bauen wir br\u00fccken zwischen Schule und dem Umfeld, zwischen Schulischem Lernen und Alltag.<\/h2>\n<p>[\/vc_column_text][vc_row_inner css=&#8220;.vc_custom_1619097631360{margin-top: 0px !important;}&#8220;][vc_column_inner][vc_column_text css_animation=&#8220;none&#8220;]Die \u00c9cole Priv\u00e9e Mol\u00e9son setzt einen Schwerpunkt auf das Erlernen von Sprachen (Franz\u00f6sisch, Deutsch und Englisch), sodass die Sch\u00fcler\u00b7innen ihre Sicht auf die Welt erweitern und die F\u00e4higkeiten erwerben k\u00f6nnen, sich in ein vielf\u00e4ltiges Umfeld zu integrieren und ein eigenst\u00e4ndiger Akteur zu werden. Intellektuelle Entwicklung, Flexibilit\u00e4t im Denken, H\u00f6rf\u00e4higkeiten sind alles Qualit\u00e4ten, die die Sch\u00fcler\u00b7innen des 2. Zyklus (5H bis 8H) in unserer Schule entwickeln.[\/vc_column_text][\/vc_column_inner][\/vc_row_inner][vc_row_inner][vc_column_inner width=&#8220;2\/3&#8243;][vc_column_text css_animation=&#8220;none&#8220;]<\/p>\n<h2 class=\"blue\">Ziel 1<\/h2>\n<p>Die Schule schafft ein p\u00e4dagogisches Umfeld, die es den Kindern erm\u00f6glicht, kritisches und offenes Denken sowie einen kreativen Geist zu entwickeln. Unsere Lehrpersonen begleiten jedes Kind partizipativ.[\/vc_column_text]<div class='slider-slider'><div class='carousel-cell' style='background-image: url(https:\/\/www.epmfr.ch\/wp-content\/uploads\/2021\/03\/198516511_593747671541599_4308185942409589664_n.jpg);'><\/div><div class='carousel-cell' style='background-image: url(https:\/\/www.epmfr.ch\/wp-content\/uploads\/2021\/03\/198686493_593747621541604_5798960584391353230_n.jpg);'><\/div><div class='carousel-cell' style='background-image: url(https:\/\/www.epmfr.ch\/wp-content\/uploads\/2021\/03\/198763377_593751088207924_4670948327727641551_n.jpg);'><\/div><div class='carousel-cell' style='background-image: url(https:\/\/www.epmfr.ch\/wp-content\/uploads\/2021\/03\/199368741_593747581541608_532896408039582907_n.jpg);'><\/div><div class='carousel-cell' style='background-image: url(https:\/\/www.epmfr.ch\/wp-content\/uploads\/2021\/03\/198477636_592786968304336_4971701263685007876_n.jpg);'><\/div><div class='carousel-cell' style='background-image: url(https:\/\/www.epmfr.ch\/wp-content\/uploads\/2021\/03\/197760939_592786918304341_5261002473433619641_n.jpg);'><\/div><div class='carousel-cell' style='background-image: url(https:\/\/www.epmfr.ch\/wp-content\/uploads\/2021\/03\/196645112_592281475021552_6682776616487034136_n.jpg);'><\/div><\/div>[\/vc_column_inner][vc_column_inner width=&#8220;1\/3&#8243;]<div class='row'><div class='col-lg-12 faqs'><div class='faq'><div class='faq-question'>Programm Eco-School<\/div><div class='faq-answer'>Die \u00c9cole Priv\u00e9e Mol\u00e9son nimmt am Programm \u00abEco-School\u00bb teil, dem gr\u00f6ssten internationalen Programm f\u00fcr Bildung f\u00fcr nachhaltige Entwicklung (BNE). Dieses Programm erm\u00f6glicht es Schulen, ihre BNE-Ziele zu entwickeln und sich zu einer nachhaltigeren Schule zu verpflichten. Dabei will die Schule aus realen Situationen lernen, auch in der Natur, um die konkrete Umsetzung der nachhaltigen Entwicklung vor Ort zu f\u00f6rdern. Wir m\u00f6chten Kinder ermutigen, eine f\u00fchrende Rolle in der Gesellschaft und ihrer Entwicklung zu spielen. Dies erreichen wir, indem wir versuchen, den \u00f6kologischen Fussabdruck der Schule zu reduzieren. Die Sch\u00fcler*innen sind die treibende Kraft des Projekts durch ein \u00ab\u00d6ko-Komitee\u00bb, das sich aus Sch\u00fcler*innen, technischem Personal und Lehrpersonen zusammensetzt. Ihr Ziel ist es, klare, pragmatische und erreichbare Projekte zu entwickeln.<\/div><\/div><\/div><\/div>[vc_single_image image=&#8220;1939&#8243; img_size=&#8220;600&#215;500&#8243; css_animation=&#8220;bounceIn&#8220;][\/vc_column_inner][\/vc_row_inner][vc_row_inner][vc_column_inner width=&#8220;2\/3&#8243;][vc_column_text css_animation=&#8220;none&#8220;]<\/p>\n<h2 class=\"blue\">Zeil 2<\/h2>\n<p>Die Lehrpersonen richten ein besonderes Augenmerk auf die Entwicklung und den Fortschritt ihrer Sch\u00fcler\u00b7innen, um sie optimal bei en Herausforderungen des komplexen und abwechslungreichen Lernens zu begleiten.[\/vc_column_text]<div class='slider-slider'><div class='carousel-cell' style='background-image: url(https:\/\/www.epmfr.ch\/wp-content\/uploads\/2022\/01\/step-1.jpg);'><\/div><div class='carousel-cell' style='background-image: url(https:\/\/www.epmfr.ch\/wp-content\/uploads\/2022\/01\/step-2.jpg);'><\/div><div class='carousel-cell' style='background-image: url(https:\/\/www.epmfr.ch\/wp-content\/uploads\/2021\/03\/198483177_592281481688218_2825496188130922846_n.jpg);'><\/div><div class='carousel-cell' style='background-image: url(https:\/\/www.epmfr.ch\/wp-content\/uploads\/2021\/04\/200906843_597210944528605_5690136772886430804_n.jpg);'><\/div><div class='carousel-cell' style='background-image: url(https:\/\/www.epmfr.ch\/wp-content\/uploads\/2021\/04\/202238662_597210841195282_1490175876621990331_n-1.jpg);'><\/div><\/div>[\/vc_column_inner][vc_column_inner width=&#8220;1\/3&#8243;]<div class='row'><div class='col-lg-12 faqs'><div class='faq'><div class='faq-question'>Sonderwoche \"Out of school\"<\/div><div class='faq-answer'>s handelt sich um einen Ausflug oder eine Intervention mit kultureller, p\u00e4dagogischer, sportlicher oder wirtschaftlicher Zielsetzung, die einmal im Monat an einem Freitagmorgen stattfindet. Die Eltern oder Gro\u00dfeltern sind eingeladen, daran teilzunehmen, entweder weil sie den Sch\u00fclern einen Beruf, einen Sport oder eine Leidenschaft n\u00e4her bringen m\u00f6chten oder weil sie Vorschl\u00e4ge f\u00fcr Ausfl\u00fcge oder Besichtigungen haben.\nTeilnahme am Internationalen Filmfestival in Freiburg, Besuch von Museen, der ARA...(z.B Filmfestival Freiburg, Museumsbesuch, STEP...)<\/div><\/div><\/div><\/div>[\/vc_column_inner][\/vc_row_inner][vc_row_inner][vc_column_inner width=&#8220;2\/3&#8243;][vc_column_text css_animation=&#8220;none&#8220;]<\/p>\n<h2 class=\"blue\">Ziel 3<\/h2>\n<p>Wir bieten alles, was ein Kind f\u00fcr eine globale und harmonische Lernumgebung ben\u00f6tigt, um sich auf sein Lernen konzentrieren zu k\u00f6nnen: ausserschulische Betreuung, Cafeteria, Schwimmbad, betreute Hausaufgaben.[\/vc_column_text]<div class='slider-slider'><div class='carousel-cell' style='background-image: url(https:\/\/www.epmfr.ch\/wp-content\/uploads\/2021\/03\/198137864_593286568254376_5934176542892564718_n.jpg);'><\/div><div class='carousel-cell' style='background-image: url(https:\/\/www.epmfr.ch\/wp-content\/uploads\/2021\/03\/197823670_593284674921232_1586160197348904362_n.jpg);'><\/div><div class='carousel-cell' style='background-image: url(https:\/\/www.epmfr.ch\/wp-content\/uploads\/2021\/05\/P1180872.jpg);'><\/div><\/div>[\/vc_column_inner][vc_column_inner width=&#8220;1\/3&#8243;][\/vc_column_inner][\/vc_row_inner][vc_row_inner el_class=&#8220;slider&#8220;][vc_column_inner width=&#8220;2\/3&#8243;][vc_column_text css_animation=&#8220;none&#8220;]<\/p>\n<h2 class=\"blue\">Unsere Erfolge<\/h2>\n<p>Die Weltoffenheit der Kinder ist uns wichtig. Unsere Lehrpersonen f\u00fchren spezifische Aktivit\u00e4ten durch, die es unseren Sch\u00fcler*innen erm\u00f6glichen, vollwertige Akteure in ihrer Umgebung zu werden:<\/p>\n<ul>\n<li>Nichtraucher\u00b7innen-Aktion, &#8222;Stop&amp;Drop&#8220;<\/li>\n<li>Aktion &#8222;Crayons copain&#8220;<\/li>\n<li>Unterricht im Wald<\/li>\n<li>Festival International du Film de Fribourg<\/li>\n<li>Sonderwoche &#8222;Out of the school&#8220;<\/li>\n<li>Programm Eco-Schools<\/li>\n<\/ul>\n<p>[\/vc_column_text][\/vc_column_inner][vc_column_inner width=&#8220;1\/3&#8243;][\/vc_column_inner][\/vc_row_inner][\/vc_column][\/vc_row]<\/p>\n<\/div>","protected":false},"excerpt":{"rendered":"<p>[vc_row el_class=&#8220;header&#8220;][vc_column][vc_column_text] P\u00e4dagogisches Projekt 2 Zyklus [\/vc_column_text][\/vc_column][\/vc_row][vc_row el_class=&#8220;pages&#8220;][vc_column][vc_column_text] Damit Ihr Kind seinen Platz in der Schule findet, bauen wir br\u00fccken zwischen Schule und dem Umfeld, zwischen Schulischem Lernen und Alltag. [\/vc_column_text][vc_row_inner css=&#8220;.vc_custom_1619097631360{margin-top: 0px !important;}&#8220;][vc_column_inner][vc_column_text css_animation=&#8220;none&#8220;]Die \u00c9cole Priv\u00e9e Mol\u00e9son setzt einen Schwerpunkt auf das Erlernen von Sprachen (Franz\u00f6sisch, Deutsch und Englisch), sodass die Sch\u00fcler\u00b7innen ihre Sicht [&hellip;]<\/p>\n","protected":false},"author":1,"featured_media":0,"parent":1524,"menu_order":0,"comment_status":"closed","ping_status":"closed","template":"","meta":{"_acf_changed":false,"footnotes":""},"class_list":["post-1626","page","type-page","status-publish","hentry"],"acf":[],"yoast_head":"<!-- This site is optimized with the Yoast SEO plugin v24.3 - https:\/\/yoast.com\/wordpress\/plugins\/seo\/ -->\n<title>Willkommen bei der Ecole Priv\u00e9e Mol\u00e9son in Freiburg | P\u00e4dagogisches Projekt 2. Zyklus<\/title>\n<meta name=\"description\" content=\"Umfassende und harmonische Lernumgebung, in der sich das Kind auf sein Studium konzentrieren ; Reflexion, Zuh\u00f6ren, Autonomie entwicklen kann\" \/>\n<meta name=\"robots\" content=\"index, follow, max-snippet:-1, max-image-preview:large, max-video-preview:-1\" \/>\n<link rel=\"canonical\" href=\"https:\/\/www.epmfr.ch\/de\/mehrsprachige-lehre\/paedagogisches-projekt-2-zyklus\/\" \/>\n<meta property=\"og:locale\" content=\"de_DE\" \/>\n<meta property=\"og:type\" content=\"article\" \/>\n<meta property=\"og:title\" content=\"Willkommen bei der Ecole Priv\u00e9e Mol\u00e9son in Freiburg | P\u00e4dagogisches Projekt 2. Zyklus\" \/>\n<meta property=\"og:description\" content=\"Umfassende und harmonische Lernumgebung, in der sich das Kind auf sein Studium konzentrieren ; Reflexion, Zuh\u00f6ren, Autonomie entwicklen kann\" \/>\n<meta property=\"og:url\" content=\"https:\/\/www.epmfr.ch\/de\/mehrsprachige-lehre\/paedagogisches-projekt-2-zyklus\/\" \/>\n<meta property=\"og:site_name\" content=\"Willkommen bei der Ecole Priv\u00e9e Mol\u00e9son in Freiburg\" \/>\n<meta property=\"article:modified_time\" content=\"2022-09-02T16:43:05+00:00\" \/>\n<meta name=\"twitter:card\" content=\"summary_large_image\" \/>\n<meta name=\"twitter:label1\" content=\"Gesch\u00e4tzte Lesezeit\" \/>\n\t<meta name=\"twitter:data1\" content=\"2\u00a0Minuten\" \/>\n<script type=\"application\/ld+json\" class=\"yoast-schema-graph\">{\"@context\":\"https:\/\/schema.org\",\"@graph\":[{\"@type\":\"WebPage\",\"@id\":\"https:\/\/www.epmfr.ch\/de\/mehrsprachige-lehre\/paedagogisches-projekt-2-zyklus\/\",\"url\":\"https:\/\/www.epmfr.ch\/de\/mehrsprachige-lehre\/paedagogisches-projekt-2-zyklus\/\",\"name\":\"Willkommen bei der Ecole Priv\u00e9e Mol\u00e9son in Freiburg | P\u00e4dagogisches Projekt 2. Zyklus\",\"isPartOf\":{\"@id\":\"https:\/\/www.epmfr.ch\/#website\"},\"datePublished\":\"2021-04-22T14:10:45+00:00\",\"dateModified\":\"2022-09-02T16:43:05+00:00\",\"description\":\"Umfassende und harmonische Lernumgebung, in der sich das Kind auf sein Studium konzentrieren ; Reflexion, Zuh\u00f6ren, Autonomie entwicklen kann\",\"breadcrumb\":{\"@id\":\"https:\/\/www.epmfr.ch\/de\/mehrsprachige-lehre\/paedagogisches-projekt-2-zyklus\/#breadcrumb\"},\"inLanguage\":\"de\",\"potentialAction\":[{\"@type\":\"ReadAction\",\"target\":[\"https:\/\/www.epmfr.ch\/de\/mehrsprachige-lehre\/paedagogisches-projekt-2-zyklus\/\"]}]},{\"@type\":\"BreadcrumbList\",\"@id\":\"https:\/\/www.epmfr.ch\/de\/mehrsprachige-lehre\/paedagogisches-projekt-2-zyklus\/#breadcrumb\",\"itemListElement\":[{\"@type\":\"ListItem\",\"position\":1,\"name\":\"Accueil\",\"item\":\"https:\/\/www.epmfr.ch\/de\/\"},{\"@type\":\"ListItem\",\"position\":2,\"name\":\"Mehrsprachige Lehre\",\"item\":\"https:\/\/www.epmfr.ch\/de\/mehrsprachige-lehre\/\"},{\"@type\":\"ListItem\",\"position\":3,\"name\":\"P\u00e4dagogisches Projekt 2. Zyklus\"}]},{\"@type\":\"WebSite\",\"@id\":\"https:\/\/www.epmfr.ch\/#website\",\"url\":\"https:\/\/www.epmfr.ch\/\",\"name\":\"Willkommen bei der Ecole Priv\u00e9e Mol\u00e9son in Freiburg\",\"description\":\"\",\"potentialAction\":[{\"@type\":\"SearchAction\",\"target\":{\"@type\":\"EntryPoint\",\"urlTemplate\":\"https:\/\/www.epmfr.ch\/?s={search_term_string}\"},\"query-input\":{\"@type\":\"PropertyValueSpecification\",\"valueRequired\":true,\"valueName\":\"search_term_string\"}}],\"inLanguage\":\"de\"}]}<\/script>\n<!-- \/ Yoast SEO plugin. -->","yoast_head_json":{"title":"Willkommen bei der Ecole Priv\u00e9e Mol\u00e9son in Freiburg | P\u00e4dagogisches Projekt 2. Zyklus","description":"Umfassende und harmonische Lernumgebung, in der sich das Kind auf sein Studium konzentrieren ; Reflexion, Zuh\u00f6ren, Autonomie entwicklen kann","robots":{"index":"index","follow":"follow","max-snippet":"max-snippet:-1","max-image-preview":"max-image-preview:large","max-video-preview":"max-video-preview:-1"},"canonical":"https:\/\/www.epmfr.ch\/de\/mehrsprachige-lehre\/paedagogisches-projekt-2-zyklus\/","og_locale":"de_DE","og_type":"article","og_title":"Willkommen bei der Ecole Priv\u00e9e Mol\u00e9son in Freiburg | P\u00e4dagogisches Projekt 2. Zyklus","og_description":"Umfassende und harmonische Lernumgebung, in der sich das Kind auf sein Studium konzentrieren ; Reflexion, Zuh\u00f6ren, Autonomie entwicklen kann","og_url":"https:\/\/www.epmfr.ch\/de\/mehrsprachige-lehre\/paedagogisches-projekt-2-zyklus\/","og_site_name":"Willkommen bei der Ecole Priv\u00e9e Mol\u00e9son in Freiburg","article_modified_time":"2022-09-02T16:43:05+00:00","twitter_card":"summary_large_image","twitter_misc":{"Gesch\u00e4tzte Lesezeit":"2\u00a0Minuten"},"schema":{"@context":"https:\/\/schema.org","@graph":[{"@type":"WebPage","@id":"https:\/\/www.epmfr.ch\/de\/mehrsprachige-lehre\/paedagogisches-projekt-2-zyklus\/","url":"https:\/\/www.epmfr.ch\/de\/mehrsprachige-lehre\/paedagogisches-projekt-2-zyklus\/","name":"Willkommen bei der Ecole Priv\u00e9e Mol\u00e9son in Freiburg | P\u00e4dagogisches Projekt 2. Zyklus","isPartOf":{"@id":"https:\/\/www.epmfr.ch\/#website"},"datePublished":"2021-04-22T14:10:45+00:00","dateModified":"2022-09-02T16:43:05+00:00","description":"Umfassende und harmonische Lernumgebung, in der sich das Kind auf sein Studium konzentrieren ; Reflexion, Zuh\u00f6ren, Autonomie entwicklen kann","breadcrumb":{"@id":"https:\/\/www.epmfr.ch\/de\/mehrsprachige-lehre\/paedagogisches-projekt-2-zyklus\/#breadcrumb"},"inLanguage":"de","potentialAction":[{"@type":"ReadAction","target":["https:\/\/www.epmfr.ch\/de\/mehrsprachige-lehre\/paedagogisches-projekt-2-zyklus\/"]}]},{"@type":"BreadcrumbList","@id":"https:\/\/www.epmfr.ch\/de\/mehrsprachige-lehre\/paedagogisches-projekt-2-zyklus\/#breadcrumb","itemListElement":[{"@type":"ListItem","position":1,"name":"Accueil","item":"https:\/\/www.epmfr.ch\/de\/"},{"@type":"ListItem","position":2,"name":"Mehrsprachige Lehre","item":"https:\/\/www.epmfr.ch\/de\/mehrsprachige-lehre\/"},{"@type":"ListItem","position":3,"name":"P\u00e4dagogisches Projekt 2. Zyklus"}]},{"@type":"WebSite","@id":"https:\/\/www.epmfr.ch\/#website","url":"https:\/\/www.epmfr.ch\/","name":"Willkommen bei der Ecole Priv\u00e9e Mol\u00e9son in Freiburg","description":"","potentialAction":[{"@type":"SearchAction","target":{"@type":"EntryPoint","urlTemplate":"https:\/\/www.epmfr.ch\/?s={search_term_string}"},"query-input":{"@type":"PropertyValueSpecification","valueRequired":true,"valueName":"search_term_string"}}],"inLanguage":"de"}]}},"_links":{"self":[{"href":"https:\/\/www.epmfr.ch\/de\/wp-json\/wp\/v2\/pages\/1626","targetHints":{"allow":["GET"]}}],"collection":[{"href":"https:\/\/www.epmfr.ch\/de\/wp-json\/wp\/v2\/pages"}],"about":[{"href":"https:\/\/www.epmfr.ch\/de\/wp-json\/wp\/v2\/types\/page"}],"author":[{"embeddable":true,"href":"https:\/\/www.epmfr.ch\/de\/wp-json\/wp\/v2\/users\/1"}],"replies":[{"embeddable":true,"href":"https:\/\/www.epmfr.ch\/de\/wp-json\/wp\/v2\/comments?post=1626"}],"version-history":[{"count":41,"href":"https:\/\/www.epmfr.ch\/de\/wp-json\/wp\/v2\/pages\/1626\/revisions"}],"predecessor-version":[{"id":3099,"href":"https:\/\/www.epmfr.ch\/de\/wp-json\/wp\/v2\/pages\/1626\/revisions\/3099"}],"up":[{"embeddable":true,"href":"https:\/\/www.epmfr.ch\/de\/wp-json\/wp\/v2\/pages\/1524"}],"wp:attachment":[{"href":"https:\/\/www.epmfr.ch\/de\/wp-json\/wp\/v2\/media?parent=1626"}],"curies":[{"name":"wp","href":"https:\/\/api.w.org\/{rel}","templated":true}]}}