{"id":1593,"date":"2021-04-22T16:10:23","date_gmt":"2021-04-22T14:10:23","guid":{"rendered":"https:\/\/epm.plurial.net\/nos-missions\/vorschulpadagogisches-projekt\/"},"modified":"2023-07-12T10:45:15","modified_gmt":"2023-07-12T08:45:15","slug":"paedagogisches-projekt-1-zyklus","status":"publish","type":"page","link":"https:\/\/www.epmfr.ch\/de\/mehrsprachige-lehre\/paedagogisches-projekt-1-zyklus\/","title":{"rendered":"P\u00e4dagogisches Projekt 1. Zyklus"},"content":{"rendered":"<div class=\"wpb-content-wrapper\"><p>[vc_row el_class=&#8220;header&#8220;][vc_column][vc_column_text]<\/p>\n<h1>P\u00e4dagogisches Projekt 1. Zyklus<\/h1>\n<h1><\/h1>\n<p>[\/vc_column_text][\/vc_column][\/vc_row][vc_row el_class=&#8220;pages&#8220;][vc_column]<p class=\"fil_ariane\"><span><span><a href=\"https:\/\/www.epmfr.ch\/de\/\">Accueil<\/a><\/span><\/span><\/p>[vc_column_text]<\/p>\n<h2 class=\"blue\">Eintritt in die Kindergarten, ein wichtiger Stritt in der Schulzeit Ihres Kindes<\/h2>\n<p>[\/vc_column_text][vc_row_inner css=&#8220;.vc_custom_1619097631360{margin-top: 0px !important;}&#8220;][vc_column_inner][vc_column_text css_animation=&#8220;none&#8220;]Die Mission der \u00c9cole Priv\u00e9e Mol\u00e9son verfolgt als Ziel, dass jedes Kind im ersten Zyklus (1H bis 4H) sein Potenzial auf pers\u00f6nlicher, sozialer, motorischer und kognitiver Ebene entwickeln kann, indem sie sich auf die Vorteile eines sprachoffenen Umfelds sowie geeignete Aktivit\u00e4ten st\u00fctzen kann. Dies f\u00f6rdert einen erfolgreichen Einstieg in die Schule.[\/vc_column_text][\/vc_column_inner][\/vc_row_inner][vc_row_inner][vc_column_inner width=&#8220;2\/3&#8243;][vc_column_text css_animation=&#8220;none&#8220;]<\/p>\n<h2 class=\"blue\">Ziel 1<\/h2>\n<p>P\u00e4dagogogische und erzieherische Aktivit\u00e4ten anbieten, um das Bewusstsein der Kinder f\u00fcr Sprachen zu sch\u00e4rfen. Durch den Unterricht in Franz\u00f6sisch, Deutsch und Englisch erwerben die Kinder Kenntnisse, die es ihnen erm\u00f6glichen, sich im Alltag in dieser Sprache wohlzuf\u00fchlen.[\/vc_column_text]<div class='slider-slider'><div class='carousel-cell' style='background-image: url(https:\/\/www.epmfr.ch\/wp-content\/uploads\/2021\/03\/197760939_592786918304341_5261002473433619641_n.jpg);'><\/div><div class='carousel-cell' style='background-image: url(https:\/\/www.epmfr.ch\/wp-content\/uploads\/2021\/03\/197630905_592787014970998_401473409054215218_n.jpg);'><\/div><div class='carousel-cell' style='background-image: url(https:\/\/www.epmfr.ch\/wp-content\/uploads\/2021\/03\/197764114_592786961637670_8761959329689290271_n.jpg);'><\/div><div class='carousel-cell' style='background-image: url(https:\/\/www.epmfr.ch\/wp-content\/uploads\/2021\/10\/Halloween-2.jpg);'><\/div><div class='carousel-cell' style='background-image: url(https:\/\/www.epmfr.ch\/wp-content\/uploads\/2021\/10\/Halloween-1.jpg);'><\/div><\/div>[\/vc_column_inner][vc_column_inner width=&#8220;1\/3&#8243;]<div class='row'><div class='col-lg-12 faqs'><div class='faq'><div class='faq-question'>Offenheit f\u00fcr Sprachen<\/div><div class='faq-answer'>Die Kinder der 1H-4H nehmen gemeinsamen Aktivit\u00e4ten teil, die auch auf Deutsch oder Englisch unterricht werden, wie zum Beispiel Sport, Schwimmen, manuelle und kreative Aktivit\u00e4ten. Ziel ist es, Kinder durch Immersion f\u00fcr Sprachen zu sensibilisieren.<\/div><\/div><\/div><\/div>[\/vc_column_inner][\/vc_row_inner][vc_row_inner][vc_column_inner width=&#8220;2\/3&#8243;][vc_column_text css_animation=&#8220;none&#8220;]<\/p>\n<h2 class=\"blue\">Ziel 2<\/h2>\n<p>Wir arbeiten mit Organisationstrukturen und Bildungsangeboten, die die ganzheitliche Entwicklung jedes Kindes f\u00f6rdert.<\/p>\n<p>Die Interaktion zwischen Sch\u00fcler*innen verschiedener Altersstufen stimuliert, f\u00f6rdert Selbstst\u00e4ndigkeit und Autonomie, lehrt gegenseitige Unterst\u00fctzung und erm\u00f6glicht ein besseres Lernen. Weil die Sch\u00fcler*innen bestimmte Aktivit\u00e4ten wie Sport, Musik oder Kunst gemeinsam aus\u00fcben, entstehen Beziehungen zwischen &#8222;Gro\u00df&#8220; und &#8222;Klein&#8220;, wobei es die einen st\u00e4rkt, andere werden sich gesch\u00e4tzt f\u00fchlen und einige werden sich angespornt f\u00fchlen, F\u00fcr alle Aktivit\u00e4ten werden die erforderlichen Kompetenzen nach Stufen festgelegt.[\/vc_column_text]<div class='slider-slider'><div class='carousel-cell' style='background-image: url(https:\/\/www.epmfr.ch\/wp-content\/uploads\/2021\/03\/198196568_592287768354256_1733400155918616178_n.jpg);'><\/div><div class='carousel-cell' style='background-image: url(https:\/\/www.epmfr.ch\/wp-content\/uploads\/2021\/06\/175644385_568113457438354_2520394382508255693_n.jpg);'><\/div><div class='carousel-cell' style='background-image: url(https:\/\/www.epmfr.ch\/wp-content\/uploads\/2021\/06\/175603168_568113507438349_4339979767720705992_n.jpg);'><\/div><div class='carousel-cell' style='background-image: url(https:\/\/www.epmfr.ch\/wp-content\/uploads\/2021\/06\/175528663_568113464105020_4437228502790202971_n.jpg);'><\/div><div class='carousel-cell' style='background-image: url(https:\/\/www.epmfr.ch\/wp-content\/uploads\/2021\/06\/175380187_568113564105010_2860032866671264467_n.jpg);'><\/div><div class='carousel-cell' style='background-image: url(https:\/\/www.epmfr.ch\/wp-content\/uploads\/2021\/06\/175371504_568113580771675_5426800141036571646_n.jpg);'><\/div><div class='carousel-cell' style='background-image: url();'><\/div><div class='carousel-cell' style='background-image: url(https:\/\/www.epmfr.ch\/wp-content\/uploads\/2022\/04\/277741666_761016764814688_699176008992402290_n.jpg);'><\/div><div class='carousel-cell' style='background-image: url(https:\/\/www.epmfr.ch\/wp-content\/uploads\/2022\/04\/277756404_761016694814695_8566088312784265110_n-1.jpg);'><\/div><div class='carousel-cell' style='background-image: url(https:\/\/www.epmfr.ch\/wp-content\/uploads\/2022\/04\/277770771_761016744814690_95917666958974171_n.jpg);'><\/div><div class='carousel-cell' style='background-image: url(https:\/\/www.epmfr.ch\/wp-content\/uploads\/2022\/04\/11.jpeg);'><\/div><div class='carousel-cell' style='background-image: url(https:\/\/www.epmfr.ch\/wp-content\/uploads\/2022\/04\/12-e1673605613816.jpeg);'><\/div><div class='carousel-cell' style='background-image: url(https:\/\/www.epmfr.ch\/wp-content\/uploads\/2022\/04\/6-Franc\u0327ais.jpeg);'><\/div><div class='carousel-cell' style='background-image: url(https:\/\/www.epmfr.ch\/wp-content\/uploads\/2022\/04\/7-e1650980304942.jpeg);'><\/div><div class='carousel-cell' style='background-image: url(https:\/\/www.epmfr.ch\/wp-content\/uploads\/2022\/04\/4-Maths-002.jpg);'><\/div><div class='carousel-cell' style='background-image: url(https:\/\/www.epmfr.ch\/wp-content\/uploads\/2023\/05\/ad8b6ee6-0f49-416c-a689-3c2cfca15b39.jpg);'><\/div><div class='carousel-cell' style='background-image: url(https:\/\/www.epmfr.ch\/wp-content\/uploads\/2023\/05\/d7fa059e-cb98-479d-b049-f4b8a579ae19.jpg);'><\/div><div class='carousel-cell' style='background-image: url(https:\/\/www.epmfr.ch\/wp-content\/uploads\/2023\/05\/049ad444-0431-4e70-bed7-61fecde2af76.jpg);'><\/div><\/div>[\/vc_column_inner][vc_column_inner width=&#8220;1\/3&#8243;]<div class='row'><div class='col-lg-12 faqs'><div class='faq'><div class='faq-question'>Schule im Wald<\/div><div class='faq-answer'>Die Sch\u00fcler des 1. Zyklus der \u00c9cole Priv\u00e9e Mol\u00e9son haben der Vorteil, einen Tag pro Woche mit ihrer Lehrperson im Wald verbringen zu k\u00f6nnen. Kinder lernen durch ihr Eintauchen und durch den intensiven und realen Kontakt mit der Natur. Dieses praktische Lernen in der Natur und Umwelt wirkt sich positiv auf die k\u00f6rperliche und psychische Entwicklung des Kindes aus. Indem der Wald zum Klasssenzimmer wird, tr\u00e4gt er dazu bei, eine spezielle Motivation zum Lernen langfristig aufrechtzuerhalten. Schule im Wald f\u00f6rdert k\u00f6rperliche Aktivit\u00e4t und hilft auch, Stress abzubauen. Es erh\u00f6ht das Selbstvertrauen des Kindes und die F\u00e4higkeit, mit anderen zusammenzuarbeiten. Die Begleitpersonen verf\u00fcgen \u00fcber die p\u00e4dagogischen und methodischen Kompetenzen, um Wissen in angepasster Weise zu vermitteln, Verbindungen zur Natur herzustellen und einen Beitrag zur Bildung f\u00fcr nachhaltige Entwicklung zu leisten, was auch eine der Aufgaben der \u00c9cole Priv\u00e9e Mol\u00e9son im Rahmen des Programms \u00abEco-School\u00bb ist.<\/div><\/div><\/div><\/div>[vc_single_image image=&#8220;1933&#8243; img_size=&#8220;600&#215;500&#8243; css_animation=&#8220;fadeInDown&#8220;][\/vc_column_inner][\/vc_row_inner][vc_row_inner][vc_column_inner width=&#8220;2\/3&#8243;][vc_column_text css_animation=&#8220;none&#8220;]<\/p>\n<h2 class=\"blue\">Ziel 3<\/h2>\n<p>Wir garantieren ein freundliches und famili\u00e4res Umfeld, in dem die Kinder anhand realer Situationen und durch spezifische Unterst\u00fctzung lernen und sich ihr n\u00f6tiges Wissen aneignen k\u00f6nnen. Die ersten Lernerfahrungen, die Sozialisierung, der Wissensaufbau und die Implementierung kognitiver Werkzeuge sind wichtige Bestandteile f\u00fcr die Gesamtentwicklung des Kindes.[\/vc_column_text]<div class='slider-slider'><div class='carousel-cell' style='background-image: url(https:\/\/www.epmfr.ch\/wp-content\/uploads\/2023\/07\/photos-FB.jpg);'><\/div><div class='carousel-cell' style='background-image: url(https:\/\/www.epmfr.ch\/wp-content\/uploads\/2023\/07\/JMP_Logo_FondBlanc-002-scaled.jpg);'><\/div><div class='carousel-cell' style='background-image: url(https:\/\/www.epmfr.ch\/wp-content\/uploads\/2023\/07\/IMG_8355.jpg);'><\/div><div class='carousel-cell' style='background-image: url(https:\/\/www.epmfr.ch\/wp-content\/uploads\/2023\/07\/352089388_996813658287156_5358781193907388296_n.jpg);'><\/div><div class='carousel-cell' style='background-image: url(https:\/\/www.epmfr.ch\/wp-content\/uploads\/2023\/07\/352182498_996813741620481_1856930760812863137_n.jpg);'><\/div><div class='carousel-cell' style='background-image: url(https:\/\/www.epmfr.ch\/wp-content\/uploads\/2023\/07\/352233673_996813764953812_2727386001561903878_n.jpg);'><\/div><div class='carousel-cell' style='background-image: url(https:\/\/www.epmfr.ch\/wp-content\/uploads\/2023\/07\/354053801_996813641620491_8234556021781069326_n.jpg);'><\/div><div class='carousel-cell' style='background-image: url(https:\/\/www.epmfr.ch\/wp-content\/uploads\/2023\/07\/354084502_996813821620473_6873906126276585661_n.jpg);'><\/div><div class='carousel-cell' style='background-image: url(https:\/\/www.epmfr.ch\/wp-content\/uploads\/2023\/07\/354255952_996813661620489_4739930277500206312_n.jpg);'><\/div><div class='carousel-cell' style='background-image: url(https:\/\/www.epmfr.ch\/wp-content\/uploads\/2023\/07\/354263703_996813848287137_2266975781873996964_n.jpg);'><\/div><\/div>[\/vc_column_inner][vc_column_inner width=&#8220;1\/3&#8243;]<div class='row'><div class='col-lg-12 faqs'><div class='faq'><div class='faq-question'>Programm Eco-School<\/div><div class='faq-answer'>Die \u00c9cole Priv\u00e9e Mol\u00e9son nimmt am Programm \u00abEco-School\u00bb teil, dem gr\u00f6ssten internationalen Programm f\u00fcr Bildung f\u00fcr nachhaltige Entwicklung (BNE).  Im Juli 2023 wurde ihr von der Jury, die sich aus unabh\u00e4ngigen Experten zusammensetzt, das Eco-Schools-Siegel verliehen. Dieses Programm erm\u00f6glicht es Schulen, ihre BNE-Ziele zu entwickeln und sich zu einer nachhaltigeren Schule zu verpflichten. Dabei will die Schule aus realen Situationen lernen, auch in der Natur, um die konkrete Umsetzung der nachhaltigen Entwicklung vor Ort zu f\u00f6rdern. Wir m\u00f6chten Kinder ermutigen, eine f\u00fchrende Rolle in der Gesellschaft und ihrer Entwicklung zu spielen. Dies erreichen wir, indem wir versuchen, den \u00f6kologischen Fussabdruck der Schule zu reduzieren. Die Sch\u00fcler*innen sind die treibende Kraft des Projekts durch ein \u00ab\u00d6ko-Komitee\u00bb, das sich aus Sch\u00fcler-innen, technischem Personal und Lehrpersonen zusammensetzt. Ihr Ziel ist es, klare, pragmatische und erreichbare Projekte zu entwickeln.  Ihre erste Aufgabe besteht darin, kare, pragmatische und umsetzbare Projekte zu entwickeln. Dieses Projekt ist insofern f\u00e4cher\u00fcbergreifend, als es in mehreren F\u00e4chen \u00fcber verschiedene sehr konkrete Aktionen umgesetzt wird (z. B.: Wahl von Klassendelegierten f\u00fcr das \u00d6ko-Komitee, Wiegen von Pausenabf\u00e4llen, Basteln mit Recyclingmaterial, Null-Abfall-Freitag, Vorbereitng von Sensibilisierungsschildern auf Deutsch und Franz\u00f6sisch, Anlegen eines Komposts, Tag des Besens, Schreiben an die Fotoagentur f\u00fcr einen wirtschaftlicheren und \u00f6kologischeren Umgang mit den in der EPM aufgenommen Fotos...)<\/div><\/div><\/div><\/div>[vc_single_image image=&#8220;4169&#8243; img_size=&#8220;600&#215;500&#8243; css_animation=&#8220;fadeInUp&#8220;][\/vc_column_inner][\/vc_row_inner][vc_row_inner el_class=&#8220;slider&#8220;][vc_column_inner width=&#8220;2\/3&#8243;][vc_column_text css_animation=&#8220;none&#8220;]<\/p>\n<h2 class=\"blue\">Unsere Erfolge<\/h2>\n<p>Die Weltoffenheit der Kinder ist uns wichtig. Unsere Lehrpersonen\u00a0 f\u00fchren spezifische Aktivit\u00e4ten durch, die es unseren Sch\u00fcler*innen erm\u00f6glichen, vollwertige Akteure in ihrer Umgebung zu werden:<\/p>\n<ul>\n<li>Nichtraucher\u00b7innen-Aktion, &#8222;Stop&amp;Drop&#8220;<\/li>\n<li>Aktion &#8222;Crayons copain&#8220;<\/li>\n<li>Festival International du Film de Fribourg<\/li>\n<li>Sonderwoche &#8222;Out of school&#8220;<\/li>\n<li>Programm Eco-schools<\/li>\n<li>Unterricht im Wald<\/li>\n<\/ul>\n<p>[\/vc_column_text][\/vc_column_inner][vc_column_inner width=&#8220;1\/3&#8243;][\/vc_column_inner][\/vc_row_inner][\/vc_column][\/vc_row]<\/p>\n<\/div>","protected":false},"excerpt":{"rendered":"<p>[vc_row el_class=&#8220;header&#8220;][vc_column][vc_column_text] P\u00e4dagogisches Projekt 1. Zyklus [\/vc_column_text][\/vc_column][\/vc_row][vc_row el_class=&#8220;pages&#8220;][vc_column][vc_column_text] Eintritt in die Kindergarten, ein wichtiger Stritt in der Schulzeit Ihres Kindes [\/vc_column_text][vc_row_inner css=&#8220;.vc_custom_1619097631360{margin-top: 0px !important;}&#8220;][vc_column_inner][vc_column_text css_animation=&#8220;none&#8220;]Die Mission der \u00c9cole Priv\u00e9e Mol\u00e9son verfolgt als Ziel, dass jedes Kind im ersten Zyklus (1H bis 4H) sein Potenzial auf pers\u00f6nlicher, sozialer, motorischer und kognitiver Ebene entwickeln kann, indem sie [&hellip;]<\/p>\n","protected":false},"author":1,"featured_media":0,"parent":1524,"menu_order":0,"comment_status":"closed","ping_status":"closed","template":"","meta":{"_acf_changed":false,"footnotes":""},"class_list":["post-1593","page","type-page","status-publish","hentry"],"acf":[],"yoast_head":"<!-- This site is optimized with the Yoast SEO plugin v24.3 - https:\/\/yoast.com\/wordpress\/plugins\/seo\/ -->\n<title>Willkommen bei der Ecole Priv\u00e9e Mol\u00e9son in Freiburg | P\u00e4dagogisches Projekt 1. Zyklus<\/title>\n<meta name=\"description\" content=\"Entwicklung des Potenials jedes Kindes, Respekt f\u00fcr seinen biologischen Rhythmus, kleine Klassen, Sorge un sein Wohlbefinden und Fortschritt.\" \/>\n<meta name=\"robots\" content=\"index, follow, max-snippet:-1, max-image-preview:large, max-video-preview:-1\" \/>\n<link rel=\"canonical\" href=\"https:\/\/www.epmfr.ch\/de\/mehrsprachige-lehre\/paedagogisches-projekt-1-zyklus\/\" \/>\n<meta property=\"og:locale\" content=\"de_DE\" \/>\n<meta property=\"og:type\" content=\"article\" \/>\n<meta property=\"og:title\" content=\"Willkommen bei der Ecole Priv\u00e9e Mol\u00e9son in Freiburg | P\u00e4dagogisches Projekt 1. Zyklus\" \/>\n<meta property=\"og:description\" content=\"Entwicklung des Potenials jedes Kindes, Respekt f\u00fcr seinen biologischen Rhythmus, kleine Klassen, Sorge un sein Wohlbefinden und Fortschritt.\" \/>\n<meta property=\"og:url\" content=\"https:\/\/www.epmfr.ch\/de\/mehrsprachige-lehre\/paedagogisches-projekt-1-zyklus\/\" \/>\n<meta property=\"og:site_name\" content=\"Willkommen bei der Ecole Priv\u00e9e Mol\u00e9son in Freiburg\" \/>\n<meta property=\"article:modified_time\" content=\"2023-07-12T08:45:15+00:00\" \/>\n<meta name=\"twitter:card\" content=\"summary_large_image\" \/>\n<meta name=\"twitter:label1\" content=\"Gesch\u00e4tzte Lesezeit\" \/>\n\t<meta name=\"twitter:data1\" content=\"2\u00a0Minuten\" \/>\n<script type=\"application\/ld+json\" class=\"yoast-schema-graph\">{\"@context\":\"https:\/\/schema.org\",\"@graph\":[{\"@type\":\"WebPage\",\"@id\":\"https:\/\/www.epmfr.ch\/de\/mehrsprachige-lehre\/paedagogisches-projekt-1-zyklus\/\",\"url\":\"https:\/\/www.epmfr.ch\/de\/mehrsprachige-lehre\/paedagogisches-projekt-1-zyklus\/\",\"name\":\"Willkommen bei der Ecole Priv\u00e9e Mol\u00e9son in Freiburg | P\u00e4dagogisches Projekt 1. Zyklus\",\"isPartOf\":{\"@id\":\"https:\/\/www.epmfr.ch\/#website\"},\"datePublished\":\"2021-04-22T14:10:23+00:00\",\"dateModified\":\"2023-07-12T08:45:15+00:00\",\"description\":\"Entwicklung des Potenials jedes Kindes, Respekt f\u00fcr seinen biologischen Rhythmus, kleine Klassen, Sorge un sein Wohlbefinden und Fortschritt.\",\"breadcrumb\":{\"@id\":\"https:\/\/www.epmfr.ch\/de\/mehrsprachige-lehre\/paedagogisches-projekt-1-zyklus\/#breadcrumb\"},\"inLanguage\":\"de\",\"potentialAction\":[{\"@type\":\"ReadAction\",\"target\":[\"https:\/\/www.epmfr.ch\/de\/mehrsprachige-lehre\/paedagogisches-projekt-1-zyklus\/\"]}]},{\"@type\":\"BreadcrumbList\",\"@id\":\"https:\/\/www.epmfr.ch\/de\/mehrsprachige-lehre\/paedagogisches-projekt-1-zyklus\/#breadcrumb\",\"itemListElement\":[{\"@type\":\"ListItem\",\"position\":1,\"name\":\"Accueil\",\"item\":\"https:\/\/www.epmfr.ch\/de\/\"},{\"@type\":\"ListItem\",\"position\":2,\"name\":\"Mehrsprachige Lehre\",\"item\":\"https:\/\/www.epmfr.ch\/de\/mehrsprachige-lehre\/\"},{\"@type\":\"ListItem\",\"position\":3,\"name\":\"P\u00e4dagogisches Projekt 1. Zyklus\"}]},{\"@type\":\"WebSite\",\"@id\":\"https:\/\/www.epmfr.ch\/#website\",\"url\":\"https:\/\/www.epmfr.ch\/\",\"name\":\"Willkommen bei der Ecole Priv\u00e9e Mol\u00e9son in Freiburg\",\"description\":\"\",\"potentialAction\":[{\"@type\":\"SearchAction\",\"target\":{\"@type\":\"EntryPoint\",\"urlTemplate\":\"https:\/\/www.epmfr.ch\/?s={search_term_string}\"},\"query-input\":{\"@type\":\"PropertyValueSpecification\",\"valueRequired\":true,\"valueName\":\"search_term_string\"}}],\"inLanguage\":\"de\"}]}<\/script>\n<!-- \/ Yoast SEO plugin. -->","yoast_head_json":{"title":"Willkommen bei der Ecole Priv\u00e9e Mol\u00e9son in Freiburg | P\u00e4dagogisches Projekt 1. Zyklus","description":"Entwicklung des Potenials jedes Kindes, Respekt f\u00fcr seinen biologischen Rhythmus, kleine Klassen, Sorge un sein Wohlbefinden und Fortschritt.","robots":{"index":"index","follow":"follow","max-snippet":"max-snippet:-1","max-image-preview":"max-image-preview:large","max-video-preview":"max-video-preview:-1"},"canonical":"https:\/\/www.epmfr.ch\/de\/mehrsprachige-lehre\/paedagogisches-projekt-1-zyklus\/","og_locale":"de_DE","og_type":"article","og_title":"Willkommen bei der Ecole Priv\u00e9e Mol\u00e9son in Freiburg | P\u00e4dagogisches Projekt 1. Zyklus","og_description":"Entwicklung des Potenials jedes Kindes, Respekt f\u00fcr seinen biologischen Rhythmus, kleine Klassen, Sorge un sein Wohlbefinden und Fortschritt.","og_url":"https:\/\/www.epmfr.ch\/de\/mehrsprachige-lehre\/paedagogisches-projekt-1-zyklus\/","og_site_name":"Willkommen bei der Ecole Priv\u00e9e Mol\u00e9son in Freiburg","article_modified_time":"2023-07-12T08:45:15+00:00","twitter_card":"summary_large_image","twitter_misc":{"Gesch\u00e4tzte Lesezeit":"2\u00a0Minuten"},"schema":{"@context":"https:\/\/schema.org","@graph":[{"@type":"WebPage","@id":"https:\/\/www.epmfr.ch\/de\/mehrsprachige-lehre\/paedagogisches-projekt-1-zyklus\/","url":"https:\/\/www.epmfr.ch\/de\/mehrsprachige-lehre\/paedagogisches-projekt-1-zyklus\/","name":"Willkommen bei der Ecole Priv\u00e9e Mol\u00e9son in Freiburg | P\u00e4dagogisches Projekt 1. Zyklus","isPartOf":{"@id":"https:\/\/www.epmfr.ch\/#website"},"datePublished":"2021-04-22T14:10:23+00:00","dateModified":"2023-07-12T08:45:15+00:00","description":"Entwicklung des Potenials jedes Kindes, Respekt f\u00fcr seinen biologischen Rhythmus, kleine Klassen, Sorge un sein Wohlbefinden und Fortschritt.","breadcrumb":{"@id":"https:\/\/www.epmfr.ch\/de\/mehrsprachige-lehre\/paedagogisches-projekt-1-zyklus\/#breadcrumb"},"inLanguage":"de","potentialAction":[{"@type":"ReadAction","target":["https:\/\/www.epmfr.ch\/de\/mehrsprachige-lehre\/paedagogisches-projekt-1-zyklus\/"]}]},{"@type":"BreadcrumbList","@id":"https:\/\/www.epmfr.ch\/de\/mehrsprachige-lehre\/paedagogisches-projekt-1-zyklus\/#breadcrumb","itemListElement":[{"@type":"ListItem","position":1,"name":"Accueil","item":"https:\/\/www.epmfr.ch\/de\/"},{"@type":"ListItem","position":2,"name":"Mehrsprachige Lehre","item":"https:\/\/www.epmfr.ch\/de\/mehrsprachige-lehre\/"},{"@type":"ListItem","position":3,"name":"P\u00e4dagogisches Projekt 1. Zyklus"}]},{"@type":"WebSite","@id":"https:\/\/www.epmfr.ch\/#website","url":"https:\/\/www.epmfr.ch\/","name":"Willkommen bei der Ecole Priv\u00e9e Mol\u00e9son in Freiburg","description":"","potentialAction":[{"@type":"SearchAction","target":{"@type":"EntryPoint","urlTemplate":"https:\/\/www.epmfr.ch\/?s={search_term_string}"},"query-input":{"@type":"PropertyValueSpecification","valueRequired":true,"valueName":"search_term_string"}}],"inLanguage":"de"}]}},"_links":{"self":[{"href":"https:\/\/www.epmfr.ch\/de\/wp-json\/wp\/v2\/pages\/1593","targetHints":{"allow":["GET"]}}],"collection":[{"href":"https:\/\/www.epmfr.ch\/de\/wp-json\/wp\/v2\/pages"}],"about":[{"href":"https:\/\/www.epmfr.ch\/de\/wp-json\/wp\/v2\/types\/page"}],"author":[{"embeddable":true,"href":"https:\/\/www.epmfr.ch\/de\/wp-json\/wp\/v2\/users\/1"}],"replies":[{"embeddable":true,"href":"https:\/\/www.epmfr.ch\/de\/wp-json\/wp\/v2\/comments?post=1593"}],"version-history":[{"count":50,"href":"https:\/\/www.epmfr.ch\/de\/wp-json\/wp\/v2\/pages\/1593\/revisions"}],"predecessor-version":[{"id":5786,"href":"https:\/\/www.epmfr.ch\/de\/wp-json\/wp\/v2\/pages\/1593\/revisions\/5786"}],"up":[{"embeddable":true,"href":"https:\/\/www.epmfr.ch\/de\/wp-json\/wp\/v2\/pages\/1524"}],"wp:attachment":[{"href":"https:\/\/www.epmfr.ch\/de\/wp-json\/wp\/v2\/media?parent=1593"}],"curies":[{"name":"wp","href":"https:\/\/api.w.org\/{rel}","templated":true}]}}