{"id":1566,"date":"2021-03-19T11:50:26","date_gmt":"2021-03-19T10:50:26","guid":{"rendered":"https:\/\/epm.plurial.net\/parents\/"},"modified":"2026-08-21T10:38:37","modified_gmt":"2026-08-21T08:38:37","slug":"eltern","status":"publish","type":"page","link":"https:\/\/www.epmfr.ch\/de\/eltern\/","title":{"rendered":"Eltern"},"content":{"rendered":"<div class=\"wpb-content-wrapper\"><p>[vc_row el_class=&#8220;header&#8220;][vc_column][vc_column_text]<\/p>\n<h1>Eltern<\/h1>\n<p>[\/vc_column_text][\/vc_column][\/vc_row][vc_row el_class=&#8220;pages&#8220;][vc_column]<p class=\"fil_ariane\"><span><span><a href=\"https:\/\/www.epmfr.ch\/de\/\">Accueil<\/a><\/span><\/span><\/p>[vc_column_text]<\/p>\n<h2 class=\"blue\">Alle praktischen Informationen, die Sie ben\u00f6tigen<\/h2>\n<p>[\/vc_column_text][vc_row_inner css=&#8220;.vc_custom_1619097631360{margin-top: 0px !important;}&#8220;][vc_column_inner width=&#8220;1\/2&#8243;][vc_column_text]Sie als Eltern sind die Ansprechpartner der Schule. Wir stehen Ihnen f\u00fcr jegliche Informationen im Zusammenhang mit dem Schulbesuch Ihres Kindes zur Verf\u00fcgung.[\/vc_column_text][\/vc_column_inner][vc_column_inner width=&#8220;1\/2&#8243;][\/vc_column_inner][\/vc_row_inner][vc_row_inner][vc_column_inner width=&#8220;8\/12&#8243;][vc_column_text]<\/p>\n<h3 class=\"blue\">Schulkalendar<\/h3>\n<p>Grunds\u00e4tzlich wendet die Schule den von der Direktion f\u00fcr Bildung und kulturelle Angelegenheiten BKAD des Kantons Freiburg festgelegten Schulkalendar an, um die Organisation von Familien und Geschwistern zu vereinfachen.<\/p>\n<p>Allf\u00e4llige Abweichungen werden den Eltern fr\u00fchsmoglichst mitgeteilt.[\/vc_column_text][\/vc_column_inner][vc_column_inner width=&#8220;1\/12&#8243;][\/vc_column_inner][vc_column_inner width=&#8220;3\/12&#8243;]<div class='row'><div class='col-lg-12 multilink'><div class='link'><div class='link-question'><a href='\/wp-content\/uploads\/2026\/06\/EPM-calendrier-scolaire-2026_2027.pdf' style='font-weight: bold;' target='_blank'>Schulkalendar 2026-2027<\/a><\/div><\/div><\/div><\/div>[\/vc_column_inner][\/vc_row_inner][vc_row_inner][vc_column_inner width=&#8220;8\/12&#8243;][vc_column_text]<\/p>\n<h3 class=\"blue\">Liste des ben\u00f6tigen schulischen und ausserschulischen Materials<\/h3>\n<p><strong>F\u00fcr den Sport<\/strong><\/p>\n<ul>\n<li>Shorts und T-Shirt oder Trainer<\/li>\n<li>Schuhe mit weissen Sohlen (keine &#8222;Ballerinas&#8220;). Diese Schule d\u00fcrfen ausschliesslich f\u00fcr Indoor-Sportaten verwendet werden und d\u00fcrfen nicht sportliche Bet\u00e4tigungen ausserhalb der Turnhalle verwendet werden.<\/li>\n<li>Duschtuch<\/li>\n<li>Duschprodukte<\/li>\n<li>Ersatzunterw\u00e4sche<\/li>\n<\/ul>\n<p><strong><br \/>\nF\u00fcr den Sschwimmunterricht<\/strong><\/p>\n<ul>\n<li>Badeanzug<\/li>\n<li>Duschtuch<\/li>\n<li>Duschprodukte<\/li>\n<li>Badekappe oder Haargummi und Haarb\u00fcrste f\u00fcr M\u00e4dchen<\/li>\n<\/ul>\n<p>[\/vc_column_text]<div class='row'><div class='col-lg-12 multilink'><div class='link'><div class='link-question'><a href='\/wp-content\/uploads\/2026\/07\/1-2H_Liste-du-materiel.pdf' style='font-weight: bold;' target='_blank'>1-2H Liste des Schulmaterials 2026-2027<\/a><\/div><\/div><div class='link'><div class='link-question'><a href='\/wp-content\/uploads\/2026\/07\/3H_Liste-du-materiel.pdf' style='font-weight: bold;' target='_blank'>3H Liste des Schulmaterials 2026-2027<\/a><\/div><\/div><div class='link'><div class='link-question'><a href='\/wp-content\/uploads\/2026\/07\/4-5H_Liste-du-materiel.pdf' style='font-weight: bold;' target='_blank'>4-5H Liste des Schulmaterials 2026-2027<\/a><\/div><\/div><div class='link'><div class='link-question'><a href='\/wp-content\/uploads\/2026\/07\/7-8H_Liste-du-materiel.pdf' style='font-weight: bold;' target='_blank'>7-8H Liste des Schulmaterials 2026-2027<\/a><\/div><\/div><\/div><\/div>[\/vc_column_inner][vc_column_inner width=&#8220;1\/12&#8243;][\/vc_column_inner][vc_column_inner width=&#8220;3\/12&#8243;]<div class='row'><div class='col-lg-12 multilink'><div class='link'><div class='link-question'><a href='\/wp-content\/uploads\/2026\/08\/Horaires_Classes-1-2HA-2026_2027.pdf' style='font-weight: bold;' target='_blank'>1-2HA Kursplan 2026-2027<\/a><\/div><\/div><div class='link'><div class='link-question'><a href='\/wp-content\/uploads\/2026\/08\/Horaires_Classes-1-2HB-2026_2027.pdf' style='font-weight: bold;' target='_blank'>1-2HB Kursplan 2026-2027<\/a><\/div><\/div><div class='link'><div class='link-question'><a href='\/wp-content\/uploads\/2026\/07\/Horaires_Classes-3H-2026_2027.pdf' style='font-weight: bold;' target='_blank'>3H Kursplan 2026-2027<\/a><\/div><\/div><div class='link'><div class='link-question'><a href='\/wp-content\/uploads\/2026\/07\/Horaires_Classes-4H-2026_2027.pdf' style='font-weight: bold;' target='_blank'>4H Kursplan 2026-2027<\/a><\/div><\/div><div class='link'><div class='link-question'><a href='\/wp-content\/uploads\/2026\/07\/Horaires_Classes-5H-2026_2027-1.pdf' style='font-weight: bold;' target='_blank'>5H Kursplan 2026-2027<\/a><\/div><\/div><div class='link'><div class='link-question'><a href='\/wp-content\/uploads\/2026\/07\/Horaires_Classes-7-8H-2026_2027.pdf' style='font-weight: bold;' target='_blank'>7-8H Kursplan 2026-2027<\/a><\/div><\/div><\/div><\/div>[\/vc_column_inner][\/vc_row_inner][vc_row_inner][vc_column_inner width=&#8220;8\/12&#8243;][vc_column_text]<\/p>\n<h3 class=\"blue\">Abwesenheiten<\/h3>\n<p>Im Krankheitsfall muss die Abwesenheit des Sch\u00fclers morgens vor Unterrichtsbeginn \u00fcber die Klapp-App gemeldet werden.<\/p>\n<p>[\/vc_column_text][\/vc_column_inner][vc_column_inner width=&#8220;1\/12&#8243;][\/vc_column_inner][\/vc_row_inner][vc_row_inner][vc_column_inner width=&#8220;8\/12&#8243;][vc_column_text]<\/p>\n<h3 class=\"blue\">Antrag auf Urlaub<\/h3>\n<p>Bei einer Abwesenheit von bis zu einem halben Tag informieren die Eltern den Klassenlehrer im Voraus \u00fcber Klapp.<\/p>\n<p>Einem Sch\u00fcler oder einer Sch\u00fclerin kann aus berechtigten Gr\u00fcnden eine Freistellung gew\u00e4hrt werden. Ber\u00fccksichtigt werden ausschliesslich ordnungsgem\u00e4ss bescheinigte Gr\u00fcnde, die ausnahmsweise Vorrang vor der Schulpflicht haben k\u00f6nnen, wie beispielsweise:<\/p>\n<p>ein wichtiges famili\u00e4res Ereignis;<br \/>\nein wichtiger religi\u00f6ser Feiertag oder die Aus\u00fcbung eines wichtigen religi\u00f6sen Ritus;<br \/>\neine bedeutende sportliche oder k\u00fcnstlerische Veranstaltung, an der der Sch\u00fcler oder die Sch\u00fclerin aktiv teilnimmt.[\/vc_column_text][vc_column_text]<\/p>\n<h3 class=\"blue\">Jokertage<\/h3>\n<p>Seit diesem Schuljahr k\u00f6nnen pro Jahr und pro Kind vier halbe Urlaubstage genommen werden, ohne dass ein Grund daf\u00fcr angegeben werden muss. Dies gilt unter folgenden Bedigungen:<\/p>\n<ul>\n<li>Diese Tag\/Halbtage sind nicht von einem Schuljahr auf das andere \u00fcbertragbar.<\/li>\n<li>Die Ank\u00fcndigung muss mindestens zwei Wochen im Voraus \u00fcber die Klapp-App erfolgen.<\/li>\n<li>Jokertage k\u00f6nnen nicht genommen werden : am ersten Schultag des Schuljahres, w\u00e4hrend des Schulausflugs &#8222;Out of School&#8220; und des &#8222;Camp vert&#8220; sowie an Tagen, an denen Referenztests oder Beurteilungen durchgef\u00fchrt werden, die mehr als 2 Wochen im Voraus angek\u00fcndigt wurden.<\/li>\n<\/ul>\n<p>[\/vc_column_text][\/vc_column_inner][vc_column_inner width=&#8220;1\/12&#8243;][\/vc_column_inner][\/vc_row_inner][\/vc_column][\/vc_row]<\/p>\n<\/div>","protected":false},"excerpt":{"rendered":"<p>[vc_row el_class=&#8220;header&#8220;][vc_column][vc_column_text] Eltern [\/vc_column_text][\/vc_column][\/vc_row][vc_row el_class=&#8220;pages&#8220;][vc_column][vc_column_text] Alle praktischen Informationen, die Sie ben\u00f6tigen [\/vc_column_text][vc_row_inner css=&#8220;.vc_custom_1619097631360{margin-top: 0px !important;}&#8220;][vc_column_inner width=&#8220;1\/2&#8243;][vc_column_text]Sie als Eltern sind die Ansprechpartner der Schule. Wir stehen Ihnen f\u00fcr jegliche Informationen im Zusammenhang mit dem Schulbesuch Ihres Kindes zur Verf\u00fcgung.[\/vc_column_text][\/vc_column_inner][vc_column_inner width=&#8220;1\/2&#8243;][\/vc_column_inner][\/vc_row_inner][vc_row_inner][vc_column_inner width=&#8220;8\/12&#8243;][vc_column_text] Schulkalendar Grunds\u00e4tzlich wendet die Schule den von der Direktion f\u00fcr Bildung und kulturelle Angelegenheiten BKAD [&hellip;]<\/p>\n","protected":false},"author":1,"featured_media":0,"parent":0,"menu_order":0,"comment_status":"closed","ping_status":"closed","template":"","meta":{"_acf_changed":false,"footnotes":""},"class_list":["post-1566","page","type-page","status-publish","hentry"],"acf":[],"yoast_head":"<!-- This site is optimized with the Yoast SEO plugin v24.3 - https:\/\/yoast.com\/wordpress\/plugins\/seo\/ -->\n<title>Willkommen bei der Ecole Priv\u00e9e Mol\u00e9son in Freiburg | Eltern<\/title>\n<meta name=\"description\" content=\"Finden Sie alle praktischen Informationen, die Sie w\u00e4hrend der Schulzeit Ihres Kindes ben\u00f6tigen. Schulkalendar, Urlaub, Abweseinheiten\" \/>\n<meta name=\"robots\" content=\"index, follow, max-snippet:-1, max-image-preview:large, max-video-preview:-1\" \/>\n<link rel=\"canonical\" href=\"https:\/\/www.epmfr.ch\/de\/eltern\/\" \/>\n<meta property=\"og:locale\" content=\"de_DE\" \/>\n<meta property=\"og:type\" content=\"article\" \/>\n<meta property=\"og:title\" content=\"Willkommen bei der Ecole Priv\u00e9e Mol\u00e9son in Freiburg | Eltern\" \/>\n<meta property=\"og:description\" content=\"Finden Sie alle praktischen Informationen, die Sie w\u00e4hrend der Schulzeit Ihres Kindes ben\u00f6tigen. Schulkalendar, Urlaub, Abweseinheiten\" \/>\n<meta property=\"og:url\" content=\"https:\/\/www.epmfr.ch\/de\/eltern\/\" \/>\n<meta property=\"og:site_name\" content=\"Willkommen bei der Ecole Priv\u00e9e Mol\u00e9son in Freiburg\" \/>\n<meta property=\"article:modified_time\" content=\"2026-08-21T08:38:37+00:00\" \/>\n<meta name=\"twitter:card\" content=\"summary_large_image\" \/>\n<meta name=\"twitter:label1\" content=\"Gesch\u00e4tzte Lesezeit\" \/>\n\t<meta name=\"twitter:data1\" content=\"2\u00a0Minuten\" \/>\n<script type=\"application\/ld+json\" class=\"yoast-schema-graph\">{\"@context\":\"https:\/\/schema.org\",\"@graph\":[{\"@type\":\"WebPage\",\"@id\":\"https:\/\/www.epmfr.ch\/de\/eltern\/\",\"url\":\"https:\/\/www.epmfr.ch\/de\/eltern\/\",\"name\":\"Willkommen bei der Ecole Priv\u00e9e Mol\u00e9son in Freiburg | Eltern\",\"isPartOf\":{\"@id\":\"https:\/\/www.epmfr.ch\/#website\"},\"datePublished\":\"2021-03-19T10:50:26+00:00\",\"dateModified\":\"2026-08-21T08:38:37+00:00\",\"description\":\"Finden Sie alle praktischen Informationen, die Sie w\u00e4hrend der Schulzeit Ihres Kindes ben\u00f6tigen. Schulkalendar, Urlaub, Abweseinheiten\",\"breadcrumb\":{\"@id\":\"https:\/\/www.epmfr.ch\/de\/eltern\/#breadcrumb\"},\"inLanguage\":\"de\",\"potentialAction\":[{\"@type\":\"ReadAction\",\"target\":[\"https:\/\/www.epmfr.ch\/de\/eltern\/\"]}]},{\"@type\":\"BreadcrumbList\",\"@id\":\"https:\/\/www.epmfr.ch\/de\/eltern\/#breadcrumb\",\"itemListElement\":[{\"@type\":\"ListItem\",\"position\":1,\"name\":\"Accueil\",\"item\":\"https:\/\/www.epmfr.ch\/de\/\"},{\"@type\":\"ListItem\",\"position\":2,\"name\":\"Eltern\"}]},{\"@type\":\"WebSite\",\"@id\":\"https:\/\/www.epmfr.ch\/#website\",\"url\":\"https:\/\/www.epmfr.ch\/\",\"name\":\"Willkommen bei der Ecole Priv\u00e9e Mol\u00e9son in Freiburg\",\"description\":\"\",\"potentialAction\":[{\"@type\":\"SearchAction\",\"target\":{\"@type\":\"EntryPoint\",\"urlTemplate\":\"https:\/\/www.epmfr.ch\/?s={search_term_string}\"},\"query-input\":{\"@type\":\"PropertyValueSpecification\",\"valueRequired\":true,\"valueName\":\"search_term_string\"}}],\"inLanguage\":\"de\"}]}<\/script>\n<!-- \/ Yoast SEO plugin. -->","yoast_head_json":{"title":"Willkommen bei der Ecole Priv\u00e9e Mol\u00e9son in Freiburg | Eltern","description":"Finden Sie alle praktischen Informationen, die Sie w\u00e4hrend der Schulzeit Ihres Kindes ben\u00f6tigen. Schulkalendar, Urlaub, Abweseinheiten","robots":{"index":"index","follow":"follow","max-snippet":"max-snippet:-1","max-image-preview":"max-image-preview:large","max-video-preview":"max-video-preview:-1"},"canonical":"https:\/\/www.epmfr.ch\/de\/eltern\/","og_locale":"de_DE","og_type":"article","og_title":"Willkommen bei der Ecole Priv\u00e9e Mol\u00e9son in Freiburg | Eltern","og_description":"Finden Sie alle praktischen Informationen, die Sie w\u00e4hrend der Schulzeit Ihres Kindes ben\u00f6tigen. Schulkalendar, Urlaub, Abweseinheiten","og_url":"https:\/\/www.epmfr.ch\/de\/eltern\/","og_site_name":"Willkommen bei der Ecole Priv\u00e9e Mol\u00e9son in Freiburg","article_modified_time":"2026-08-21T08:38:37+00:00","twitter_card":"summary_large_image","twitter_misc":{"Gesch\u00e4tzte Lesezeit":"2\u00a0Minuten"},"schema":{"@context":"https:\/\/schema.org","@graph":[{"@type":"WebPage","@id":"https:\/\/www.epmfr.ch\/de\/eltern\/","url":"https:\/\/www.epmfr.ch\/de\/eltern\/","name":"Willkommen bei der Ecole Priv\u00e9e Mol\u00e9son in Freiburg | Eltern","isPartOf":{"@id":"https:\/\/www.epmfr.ch\/#website"},"datePublished":"2021-03-19T10:50:26+00:00","dateModified":"2026-08-21T08:38:37+00:00","description":"Finden Sie alle praktischen Informationen, die Sie w\u00e4hrend der Schulzeit Ihres Kindes ben\u00f6tigen. Schulkalendar, Urlaub, Abweseinheiten","breadcrumb":{"@id":"https:\/\/www.epmfr.ch\/de\/eltern\/#breadcrumb"},"inLanguage":"de","potentialAction":[{"@type":"ReadAction","target":["https:\/\/www.epmfr.ch\/de\/eltern\/"]}]},{"@type":"BreadcrumbList","@id":"https:\/\/www.epmfr.ch\/de\/eltern\/#breadcrumb","itemListElement":[{"@type":"ListItem","position":1,"name":"Accueil","item":"https:\/\/www.epmfr.ch\/de\/"},{"@type":"ListItem","position":2,"name":"Eltern"}]},{"@type":"WebSite","@id":"https:\/\/www.epmfr.ch\/#website","url":"https:\/\/www.epmfr.ch\/","name":"Willkommen bei der Ecole Priv\u00e9e Mol\u00e9son in Freiburg","description":"","potentialAction":[{"@type":"SearchAction","target":{"@type":"EntryPoint","urlTemplate":"https:\/\/www.epmfr.ch\/?s={search_term_string}"},"query-input":{"@type":"PropertyValueSpecification","valueRequired":true,"valueName":"search_term_string"}}],"inLanguage":"de"}]}},"_links":{"self":[{"href":"https:\/\/www.epmfr.ch\/de\/wp-json\/wp\/v2\/pages\/1566","targetHints":{"allow":["GET"]}}],"collection":[{"href":"https:\/\/www.epmfr.ch\/de\/wp-json\/wp\/v2\/pages"}],"about":[{"href":"https:\/\/www.epmfr.ch\/de\/wp-json\/wp\/v2\/types\/page"}],"author":[{"embeddable":true,"href":"https:\/\/www.epmfr.ch\/de\/wp-json\/wp\/v2\/users\/1"}],"replies":[{"embeddable":true,"href":"https:\/\/www.epmfr.ch\/de\/wp-json\/wp\/v2\/comments?post=1566"}],"version-history":[{"count":82,"href":"https:\/\/www.epmfr.ch\/de\/wp-json\/wp\/v2\/pages\/1566\/revisions"}],"predecessor-version":[{"id":6162,"href":"https:\/\/www.epmfr.ch\/de\/wp-json\/wp\/v2\/pages\/1566\/revisions\/6162"}],"wp:attachment":[{"href":"https:\/\/www.epmfr.ch\/de\/wp-json\/wp\/v2\/media?parent=1566"}],"curies":[{"name":"wp","href":"https:\/\/api.w.org\/{rel}","templated":true}]}}