{"id":1530,"date":"2021-04-22T16:09:53","date_gmt":"2021-04-22T14:09:53","guid":{"rendered":"https:\/\/epm.plurial.net\/nos-missions\/ecole-trilingue\/"},"modified":"2023-10-02T11:15:49","modified_gmt":"2023-10-02T09:15:49","slug":"sprachenlernen","status":"publish","type":"page","link":"https:\/\/www.epmfr.ch\/de\/mehrsprachige-lehre\/sprachenlernen\/","title":{"rendered":"Sprachenlernen"},"content":{"rendered":"<div class=\"wpb-content-wrapper\"><p>[vc_row el_class=&#8220;header&#8220;][vc_column][vc_column_text]<\/p>\n<h1>Dreisprachige Schule<\/h1>\n<p>[\/vc_column_text][\/vc_column][\/vc_row][vc_row][vc_column]<p class=\"fil_ariane\"><span><span><a href=\"https:\/\/www.epmfr.ch\/de\/\">Accueil<\/a><\/span><\/span><\/p>[vc_column_text el_class=&#8220;more-spacing&#8220;]<\/p>\n<h2 class=\"blue\">Sprachenlernen<\/h2>\n<p>[\/vc_column_text][vc_row_inner][vc_column_inner width=&#8220;2\/3&#8243;][vc_column_text css_animation=&#8220;none&#8220;]Die \u00c9cole Priv\u00e9e Mol\u00e9son legt ab der 1H einen Schwerpunkt auf die \u00d6ffnung f\u00fcr Sprachen. Mittels des CLIL-Ansatzes (Content Language Integrated Learning) wird ein Teil des Unterrichts in Deutsch und Englisch abgehalten, damit die Sch\u00fclerinnen und Sch\u00fcler ihre Weltsicht erweitern und die F\u00e4higkeiten erwerben k\u00f6nnen, in einem vielf\u00e4ltigen Umfeld zu interagieren. Die Sch\u00fclerinnen und Sch\u00fcler k\u00f6nnen sich in allen drei Sprachen (Deutsch, Englisch und Franz\u00f6sisch) ausdr\u00fccken und kommunizieren und werden durch die Kultur und die Erfahrungen anderer bereichert.<\/p>\n<p>&nbsp;<\/p>\n<p>Zu diesem Zweck haben alle Lehrer*innen eine spezielle Ausbildung (<span style=\"color: #0000ff;\">CLIL<\/span>: Content and Language Integrated Learning) absolviert, die einen innovativen und f\u00fcr die Sch\u00fcler*innen vorteilhaften Ansatz erm\u00f6glicht: W\u00e4hrend der Unterricht in einem Fach (z. B. Geschichte, Biologie usw.) nach dem allgemeinen Lehrplan erfolgt, wird eine Fremdsprache (Englisch\/Deutsch) als Unterrichtsmittel eingesetzt. Die Fremdsprache wandelt sich dadurch von einer Kommunikationssprache zu einer Sprache des Wissens.<\/p>\n<p>&nbsp;<\/p>\n<p>Zeitplan f\u00fcr die Umsetzung:<\/p>\n<p>2021-2022: Ausbildung der Lehrkr\u00e4fte in CLIL<\/p>\n<p>2022-2023: ca. 20% der CLIL-Kurse (+Sprachkurse)<\/p>\n<p>2023-2024: Mindestens 25% der CLIL-Kurse (+Sprachkurse)<\/p>\n<p>2028-2029: 40% des CLIL-Unterrichts in den Klassen (+Sprachunterricht).<\/p>\n<p>Die Implementierung der CLIL-Methode, die sich in den 1990er Jahren verbreitete, hat sich seit mehreren Jahrzehnten bew\u00e4hrt und die Vorteile f\u00fcr die Sch\u00fcler, die davon profitieren, wurden nachgewiesen:<\/p>\n<ul>\n<li>Bessere Ergebnisse in Franz\u00f6sisch (am Ende der Primarschule) aufgrund der interrelationalen Verbindungen, die die Sch\u00fcler zwischen ihrer Muttersprache und den Fremdsprachen herstellen<\/li>\n<li>Mehr Engagement der Sch\u00fcler : CLIL f\u00f6rdert das Engagement der Sch\u00fcler durch den Einsatz aktiver Unterrichtsmethoden (bessere Ergebnise in den CLIL-F\u00e4chern, weniger Sch\u00fcler mit Schwierigkeiten)<\/li>\n<li>Mehr interkulturelles Bewusstsein und positive Einstellung gegen\u00fcber anderen Sprachen und Kulturen<\/li>\n<li>Hohe soziale und kommunikative Kompetenzen<\/li>\n<\/ul>\n<p>&nbsp;<\/p>\n<p>[\/vc_column_text][\/vc_column_inner][vc_column_inner width=&#8220;1\/3&#8243;][vc_single_image image=&#8220;1930&#8243; img_size=&#8220;600&#215;500&#8243; css_animation=&#8220;bounceIn&#8220;]<div class='row'><div class='col-lg-12 faqs'><div class='faq'><div class='faq-question'>Erfahre mehr \u00fcber CLILL<\/div><div class='faq-answer'>Der CLIL-Ansatz (Content and Language Integrated Learning) schl\u00e4gt vor, nicht-sprachliche Inhalte in einer Fremdsprache zu behandeln. Es erm\u00f6glicht den Studierenden, funktionale F\u00e4higkeiten in einer Sprachkultur zu entwickeln und gleichzeitig sozio- und interkulturelle Dimensionen sowie reflexive und metakognitive Ans\u00e4tze zu integrieren. Sowohl die Abteilung Sprachenpolitik des Europarates als auch die Interkantonale Konferenz zur \u00f6ffentlichen Bildung der Romandie und des Tessins f\u00f6rdern die inhaltliche Bildung, wie z.B. clil.<\/div><\/div><\/div><\/div>[\/vc_column_inner][\/vc_row_inner][vc_row_inner][vc_column_inner width=&#8220;1\/4&#8243;][vc_single_image image=&#8220;575&#8243; img_size=&#8220;600&#215;500&#8243; style=&#8220;vc_box_circle_2&#8243; css_animation=&#8220;none&#8220;][\/vc_column_inner][vc_column_inner width=&#8220;2\/4&#8243;][vc_column_text css_animation=&#8220;none&#8220;]<\/p>\n<h2 class=\"blue\">Deutsch<\/h2>\n<p>Immersionskurse werden ab der 1H angeboten. F\u00e4cher wie Sport, Schwimmen, handwerkliche und kreative T\u00e4tigkeiten, Naturwissenschaften (ab 5H) werden auf Deutsch unterrichtet.\u00a0 Dies erm\u00f6glicht den Sch\u00fcler*innen einen soliden Wortschatz zu erwerben, ihr Verst\u00e4ndnis der deutschen Sprache in realen Situationen zu entwickeln und sich mit ihren Mitsch\u00fcler innen auszutauschen. Am Ende ihrer Schulzeit an der \u00c9cole Priv\u00e9e Mol\u00e9son haben sie dank ihrer gr\u00f6sseren Sprachkenntnisse einen Vorteil beim Eintritt in die Orientierungsschule.[\/vc_column_text][vc_empty_space height=&#8220;15px&#8220;][\/vc_column_inner][vc_column_inner width=&#8220;1\/4&#8243;]<div class='row'><div class='col-lg-12 faqs'><div class='faq'><div class='faq-question'>Warum Deutsch lernen?<\/div><div class='faq-answer'>Deutsch ist die zweite Amtssprache des Kantons Freiburg und die erste Landesprache der Schweiz.\nIn der Entwicklung des Kindes f\u00f6rdert der fr\u00fche Kontakt mit einer Fremdsprache einen besseren Erwerb und hilft, Vorurteile und damit verbundene negative Vorstellungen abzubauen.\nAm Arbeitsplatz werden Deutschkenntnisse h\u00e4ufig von Arbeitgebern im Kanton Freiburg verlangt.\nIn Europa wird Deutsch von mehr als 90 Milionen Sprechern gesprochen, die unsere direkten Nachbarn sind (Deutschland, \u00d6sterreich, Lichtenstein). Diese Sprache vermittelt auch eine wichtige Kultur auf dem europ\u00e4ischen Kontinent.<\/div><\/div><\/div><\/div>[\/vc_column_inner][\/vc_row_inner][vc_row_inner][vc_column_inner width=&#8220;1\/4&#8243;][vc_single_image image=&#8220;572&#8243; img_size=&#8220;600&#215;500&#8243; style=&#8220;vc_box_circle_2&#8243; css_animation=&#8220;none&#8220;][\/vc_column_inner][vc_column_inner width=&#8220;2\/4&#8243;][vc_column_text css_animation=&#8220;none&#8220;]<\/p>\n<h2 class=\"blue\">Englisch<\/h2>\n<p>Auch hier werden einige F\u00e4cher (Naturwissenschaften, Schwimmen, Turnen) ab dem 1H auf Englisch unterrichtet. Die Vorteile der Lernmethode sind f\u00fcr die Sch\u00fcler\u00b7innen real, da es sich nicht mehr ausschlie\u00dflich um kommunikative Kompetenzen handelt, sondern auch um konzeptuelle Kompetenzen, die in der Fremdsprache ausgedr\u00fcckt werden m\u00fcssen.\u00a0 Dies stellt einen nicht zu vernachl\u00e4ssigenden Vorteil in der Schullaufbahn der Sch\u00fcler*innen der \u00c9cole Priv\u00e9e Mol\u00e9son dar.<\/p>\n<p>[\/vc_column_text][vc_column_text][\/vc_column_text][\/vc_column_inner][vc_column_inner width=&#8220;1\/4&#8243;]<div class='row'><div class='col-lg-12 faqs'><div class='faq'><div class='faq-question'>Warum Englisch lernen?<\/div><div class='faq-answer'>Englisch ist eine internationale Sprache, da sie die am zweith\u00e4ufigsten unterrichtete Sprache der Welt ist. Sie erm\u00f6glicht also die Kommunikation mit Menschen auf der ganzen Welt. Die englische Sprache vermittelt auch die angels\u00e4chsische Kultur, die weltweit sehr einflussreich ist. Englisch ist auch die Sprache der wissenschaftlichen und technischen Bereiche. Sie ist in vielen Berufen unverzichtbar. Kenntnisse in dieser Sprache \u00f6ffnen die T\u00fcren zu multinationalen Unternehmen in der Schweiz. Junge Menschen kommen st\u00e4ndig mit Englisch in Ber\u00fchrung, sei es durch Spiele, Musik, Mode, Sport, Reisen oder Werbung. Das Erlernen dieser Sprache ist f\u00fcr die Kinder sehr motivierend.<\/div><\/div><\/div><\/div>[\/vc_column_inner][\/vc_row_inner][\/vc_column][\/vc_row]<\/p>\n<\/div>","protected":false},"excerpt":{"rendered":"<p>[vc_row el_class=&#8220;header&#8220;][vc_column][vc_column_text] Dreisprachige Schule [\/vc_column_text][\/vc_column][\/vc_row][vc_row][vc_column][vc_column_text el_class=&#8220;more-spacing&#8220;] Sprachenlernen [\/vc_column_text][vc_row_inner][vc_column_inner width=&#8220;2\/3&#8243;][vc_column_text css_animation=&#8220;none&#8220;]Die \u00c9cole Priv\u00e9e Mol\u00e9son legt ab der 1H einen Schwerpunkt auf die \u00d6ffnung f\u00fcr Sprachen. Mittels des CLIL-Ansatzes (Content Language Integrated Learning) wird ein Teil des Unterrichts in Deutsch und Englisch abgehalten, damit die Sch\u00fclerinnen und Sch\u00fcler ihre Weltsicht erweitern und die F\u00e4higkeiten erwerben k\u00f6nnen, in [&hellip;]<\/p>\n","protected":false},"author":1,"featured_media":0,"parent":1524,"menu_order":0,"comment_status":"closed","ping_status":"closed","template":"","meta":{"_acf_changed":false,"footnotes":""},"class_list":["post-1530","page","type-page","status-publish","hentry"],"acf":[],"yoast_head":"<!-- This site is optimized with the Yoast SEO plugin v24.3 - https:\/\/yoast.com\/wordpress\/plugins\/seo\/ -->\n<title>Willkommen bei der Ecole Priv\u00e9e Mol\u00e9son in Freiburg | Sprachenlernen<\/title>\n<meta name=\"description\" content=\"Die Mol\u00e9son Privatschule konzentriert sich auf das Sprachenlernen mit Englisch- und Deutschkursen ab der 1. Stunde, dank des CLIL-Programms.\" \/>\n<meta name=\"robots\" content=\"index, follow, max-snippet:-1, max-image-preview:large, max-video-preview:-1\" \/>\n<link rel=\"canonical\" href=\"https:\/\/www.epmfr.ch\/de\/mehrsprachige-lehre\/sprachenlernen\/\" \/>\n<meta property=\"og:locale\" content=\"de_DE\" \/>\n<meta property=\"og:type\" content=\"article\" \/>\n<meta property=\"og:title\" content=\"Willkommen bei der Ecole Priv\u00e9e Mol\u00e9son in Freiburg | Sprachenlernen\" \/>\n<meta property=\"og:description\" content=\"Die Mol\u00e9son Privatschule konzentriert sich auf das Sprachenlernen mit Englisch- und Deutschkursen ab der 1. Stunde, dank des CLIL-Programms.\" \/>\n<meta property=\"og:url\" content=\"https:\/\/www.epmfr.ch\/de\/mehrsprachige-lehre\/sprachenlernen\/\" \/>\n<meta property=\"og:site_name\" content=\"Willkommen bei der Ecole Priv\u00e9e Mol\u00e9son in Freiburg\" \/>\n<meta property=\"article:modified_time\" content=\"2023-10-02T09:15:49+00:00\" \/>\n<meta name=\"twitter:card\" content=\"summary_large_image\" \/>\n<meta name=\"twitter:label1\" content=\"Gesch\u00e4tzte Lesezeit\" \/>\n\t<meta name=\"twitter:data1\" content=\"2\u00a0Minuten\" \/>\n<script type=\"application\/ld+json\" class=\"yoast-schema-graph\">{\"@context\":\"https:\/\/schema.org\",\"@graph\":[{\"@type\":\"WebPage\",\"@id\":\"https:\/\/www.epmfr.ch\/de\/mehrsprachige-lehre\/sprachenlernen\/\",\"url\":\"https:\/\/www.epmfr.ch\/de\/mehrsprachige-lehre\/sprachenlernen\/\",\"name\":\"Willkommen bei der Ecole Priv\u00e9e Mol\u00e9son in Freiburg | Sprachenlernen\",\"isPartOf\":{\"@id\":\"https:\/\/www.epmfr.ch\/#website\"},\"datePublished\":\"2021-04-22T14:09:53+00:00\",\"dateModified\":\"2023-10-02T09:15:49+00:00\",\"description\":\"Die Mol\u00e9son Privatschule konzentriert sich auf das Sprachenlernen mit Englisch- und Deutschkursen ab der 1. Stunde, dank des CLIL-Programms.\",\"breadcrumb\":{\"@id\":\"https:\/\/www.epmfr.ch\/de\/mehrsprachige-lehre\/sprachenlernen\/#breadcrumb\"},\"inLanguage\":\"de\",\"potentialAction\":[{\"@type\":\"ReadAction\",\"target\":[\"https:\/\/www.epmfr.ch\/de\/mehrsprachige-lehre\/sprachenlernen\/\"]}]},{\"@type\":\"BreadcrumbList\",\"@id\":\"https:\/\/www.epmfr.ch\/de\/mehrsprachige-lehre\/sprachenlernen\/#breadcrumb\",\"itemListElement\":[{\"@type\":\"ListItem\",\"position\":1,\"name\":\"Accueil\",\"item\":\"https:\/\/www.epmfr.ch\/de\/\"},{\"@type\":\"ListItem\",\"position\":2,\"name\":\"Mehrsprachige Lehre\",\"item\":\"https:\/\/www.epmfr.ch\/de\/mehrsprachige-lehre\/\"},{\"@type\":\"ListItem\",\"position\":3,\"name\":\"Sprachenlernen\"}]},{\"@type\":\"WebSite\",\"@id\":\"https:\/\/www.epmfr.ch\/#website\",\"url\":\"https:\/\/www.epmfr.ch\/\",\"name\":\"Willkommen bei der Ecole Priv\u00e9e Mol\u00e9son in Freiburg\",\"description\":\"\",\"potentialAction\":[{\"@type\":\"SearchAction\",\"target\":{\"@type\":\"EntryPoint\",\"urlTemplate\":\"https:\/\/www.epmfr.ch\/?s={search_term_string}\"},\"query-input\":{\"@type\":\"PropertyValueSpecification\",\"valueRequired\":true,\"valueName\":\"search_term_string\"}}],\"inLanguage\":\"de\"}]}<\/script>\n<!-- \/ Yoast SEO plugin. -->","yoast_head_json":{"title":"Willkommen bei der Ecole Priv\u00e9e Mol\u00e9son in Freiburg | Sprachenlernen","description":"Die Mol\u00e9son Privatschule konzentriert sich auf das Sprachenlernen mit Englisch- und Deutschkursen ab der 1. Stunde, dank des CLIL-Programms.","robots":{"index":"index","follow":"follow","max-snippet":"max-snippet:-1","max-image-preview":"max-image-preview:large","max-video-preview":"max-video-preview:-1"},"canonical":"https:\/\/www.epmfr.ch\/de\/mehrsprachige-lehre\/sprachenlernen\/","og_locale":"de_DE","og_type":"article","og_title":"Willkommen bei der Ecole Priv\u00e9e Mol\u00e9son in Freiburg | Sprachenlernen","og_description":"Die Mol\u00e9son Privatschule konzentriert sich auf das Sprachenlernen mit Englisch- und Deutschkursen ab der 1. Stunde, dank des CLIL-Programms.","og_url":"https:\/\/www.epmfr.ch\/de\/mehrsprachige-lehre\/sprachenlernen\/","og_site_name":"Willkommen bei der Ecole Priv\u00e9e Mol\u00e9son in Freiburg","article_modified_time":"2023-10-02T09:15:49+00:00","twitter_card":"summary_large_image","twitter_misc":{"Gesch\u00e4tzte Lesezeit":"2\u00a0Minuten"},"schema":{"@context":"https:\/\/schema.org","@graph":[{"@type":"WebPage","@id":"https:\/\/www.epmfr.ch\/de\/mehrsprachige-lehre\/sprachenlernen\/","url":"https:\/\/www.epmfr.ch\/de\/mehrsprachige-lehre\/sprachenlernen\/","name":"Willkommen bei der Ecole Priv\u00e9e Mol\u00e9son in Freiburg | Sprachenlernen","isPartOf":{"@id":"https:\/\/www.epmfr.ch\/#website"},"datePublished":"2021-04-22T14:09:53+00:00","dateModified":"2023-10-02T09:15:49+00:00","description":"Die Mol\u00e9son Privatschule konzentriert sich auf das Sprachenlernen mit Englisch- und Deutschkursen ab der 1. Stunde, dank des CLIL-Programms.","breadcrumb":{"@id":"https:\/\/www.epmfr.ch\/de\/mehrsprachige-lehre\/sprachenlernen\/#breadcrumb"},"inLanguage":"de","potentialAction":[{"@type":"ReadAction","target":["https:\/\/www.epmfr.ch\/de\/mehrsprachige-lehre\/sprachenlernen\/"]}]},{"@type":"BreadcrumbList","@id":"https:\/\/www.epmfr.ch\/de\/mehrsprachige-lehre\/sprachenlernen\/#breadcrumb","itemListElement":[{"@type":"ListItem","position":1,"name":"Accueil","item":"https:\/\/www.epmfr.ch\/de\/"},{"@type":"ListItem","position":2,"name":"Mehrsprachige Lehre","item":"https:\/\/www.epmfr.ch\/de\/mehrsprachige-lehre\/"},{"@type":"ListItem","position":3,"name":"Sprachenlernen"}]},{"@type":"WebSite","@id":"https:\/\/www.epmfr.ch\/#website","url":"https:\/\/www.epmfr.ch\/","name":"Willkommen bei der Ecole Priv\u00e9e Mol\u00e9son in Freiburg","description":"","potentialAction":[{"@type":"SearchAction","target":{"@type":"EntryPoint","urlTemplate":"https:\/\/www.epmfr.ch\/?s={search_term_string}"},"query-input":{"@type":"PropertyValueSpecification","valueRequired":true,"valueName":"search_term_string"}}],"inLanguage":"de"}]}},"_links":{"self":[{"href":"https:\/\/www.epmfr.ch\/de\/wp-json\/wp\/v2\/pages\/1530","targetHints":{"allow":["GET"]}}],"collection":[{"href":"https:\/\/www.epmfr.ch\/de\/wp-json\/wp\/v2\/pages"}],"about":[{"href":"https:\/\/www.epmfr.ch\/de\/wp-json\/wp\/v2\/types\/page"}],"author":[{"embeddable":true,"href":"https:\/\/www.epmfr.ch\/de\/wp-json\/wp\/v2\/users\/1"}],"replies":[{"embeddable":true,"href":"https:\/\/www.epmfr.ch\/de\/wp-json\/wp\/v2\/comments?post=1530"}],"version-history":[{"count":39,"href":"https:\/\/www.epmfr.ch\/de\/wp-json\/wp\/v2\/pages\/1530\/revisions"}],"predecessor-version":[{"id":4433,"href":"https:\/\/www.epmfr.ch\/de\/wp-json\/wp\/v2\/pages\/1530\/revisions\/4433"}],"up":[{"embeddable":true,"href":"https:\/\/www.epmfr.ch\/de\/wp-json\/wp\/v2\/pages\/1524"}],"wp:attachment":[{"href":"https:\/\/www.epmfr.ch\/de\/wp-json\/wp\/v2\/media?parent=1530"}],"curies":[{"name":"wp","href":"https:\/\/api.w.org\/{rel}","templated":true}]}}