{"id":1469,"date":"2021-07-05T09:45:22","date_gmt":"2021-07-05T07:45:22","guid":{"rendered":"https:\/\/epm.plurial.net\/fondation\/"},"modified":"2026-06-10T10:49:13","modified_gmt":"2026-06-10T08:49:13","slug":"stiftung","status":"publish","type":"page","link":"https:\/\/www.epmfr.ch\/de\/entdecken-sie-die-schule\/stiftung\/","title":{"rendered":"Stiftung"},"content":{"rendered":"<div class=\"wpb-content-wrapper\"><p>[vc_row el_class=&#8220;header&#8220;][vc_column][vc_column_text]<\/p>\n<h1>Stiftung<\/h1>\n<p>[\/vc_column_text][\/vc_column][\/vc_row][vc_row el_class=&#8220;pages&#8220;][vc_column]<p class=\"fil_ariane\"><span><span><a href=\"https:\/\/www.epmfr.ch\/de\/\">Accueil<\/a><\/span><\/span><\/p>[vc_row_inner content_placement=&#8220;top&#8220; css=&#8220;.vc_custom_1625470415710{margin-top: 0px !important;}&#8220;][vc_column_inner width=&#8220;2\/3&#8243;][vc_column_text]Die Stiftung &#8222;\u00c9cole r\u00e9form\u00e9e de Fribourg&#8220; wurde 2005 gegr\u00fcndet,\u00a0 um die Schliessung der 1836 gegr\u00fcndeten \u00c9cole publique libre de Fribourg (ELPF) auszugleichen.<\/p>\n<p>Die Stiftung ist eine gemeinn\u00fctzige, vom Staatsrat annerkante Organisation ohne Gewinnzweck. Als solche ist sie eine eingest\u00e4ndige juristische Person, die Verm\u00f6genswerte besitzt und diese aussschliesslich f\u00fcr bestimmte, in ihren Statuten im Voraus festgelegte Zweche verwendet. Sie ist gemeinn\u00fctzig, wird uneigenn\u00fctzig verwaltet und kommt in keiner Weise einem begrenzten Peesonenkreis zugute. Sie untersteht der Aufsicht der f\u00fcr Stiftungen zust\u00e4ndigen Beh\u00f6rde: dem Staat Freiburg.<\/p>\n<p>Folglich \u00fcbt die Stiftung ausschliesslich gemeinn\u00fctzige T\u00e4tigkeiten aus und hat zum Ziel, alle bildungsbezogenen, kulturellen oder sozialen Zwecke zu unterst\u00fctzen.<\/p>\n<p>Die Stiftung \u00c9cole r\u00e9form\u00e9e de Fribourg ist insbesondere f\u00fcr die Organisation und Verwaltung der \u00c9cole Priv\u00e9e Mol\u00e9son (EPM) sowie f\u00fcr die ausserschulische Betreuung zugunsten der EPM un der Deutschen regionalschule (DRF) zust\u00e4ndig.<\/p>\n<p><strong>Der Stiftungsrat:<\/strong><\/p>\n<ul>\n<li>beschliesst \u00fcber die Ziele und die Ausrichtung der Privatschule Mol\u00e9son<\/li>\n<li>beschliesst \u00fcber die Ziele und die Ausrichtung der ausserschulischen Betreuung<\/li>\n<li>verabschiedet das Schulreglement<\/li>\n<li>beschliesst das Budget und genehmigt die Jahresrechnungen bei beiden Einrichtungen<\/li>\n<li>legt die H\u00f6he des Schulgeldes und der \u00fcbrigen Beitr\u00e4ge fest<\/li>\n<li>ernennt den Direktor oer die Direktorien der EPM und der ausserschulischen Betreuung<\/li>\n<\/ul>\n<p>&nbsp;<\/p>\n<p><strong>Vision<\/strong><\/p>\n<p>Die Priorit\u00e4t der Stiftung ist es, den Fortbestand der \u00c9cole Priv\u00e9e Mol\u00e9son zu sichern, um qualitativ hochwertigen Unterricht in kleinen Klassen vor der 1H bis zur 8H anzubieten, wobei der Westschweiz Lehrplan befolgt wird, einschliesslich eines personalisierten und mehrsprachigen Unterrichts (Franz\u00f6sisch, Deutsch, Englisch), der im Kanton einzigartig ist. Ihre gemeinn\u00fctzigen Aktivit\u00e4ten werden durch p\u00e4dagogische, kulturelle und soziale Projekte umgesetzt. Sie legt grossen Wert darauf, den Eltern auch eine gute ausserschulische Betreuung anzubieten, damit sie Beruf und Familie besser vereinbaren k\u00f6nnen. Kreative, k\u00fcnstlerische und sportliche Workshops erg\u00e4nzen das Angebot der ausserschulischen Betreuung.<\/p>\n<p>Um diese Ziele zu erreichen, pr\u00fcft die Stiftung ein Projekt f\u00fcr einen Schulneubau, um angenehmere und ger\u00e4umiegere R\u00e4umlichkeiten zu schaffen und die Koordination zwischen Schule und ausserschulischer Betreuung zu optimieren.<\/p>\n<p><strong>Sie K\u00f6nnen die Stiftung Reformierte Schule Freiburg kontaktieren unter <\/strong><a href=\"mailto:fondation@epmfr.ch\"><strong>fondation@epmfr.ch<\/strong><\/a>[\/vc_column_text][\/vc_column_inner][\/vc_row_inner][\/vc_column][\/vc_row]<\/p>\n<\/div>","protected":false},"excerpt":{"rendered":"<p>[vc_row el_class=&#8220;header&#8220;][vc_column][vc_column_text] Stiftung [\/vc_column_text][\/vc_column][\/vc_row][vc_row el_class=&#8220;pages&#8220;][vc_column][vc_row_inner content_placement=&#8220;top&#8220; css=&#8220;.vc_custom_1625470415710{margin-top: 0px !important;}&#8220;][vc_column_inner width=&#8220;2\/3&#8243;][vc_column_text]Die Stiftung &#8222;\u00c9cole r\u00e9form\u00e9e de Fribourg&#8220; wurde 2005 gegr\u00fcndet,\u00a0 um die Schliessung der 1836 gegr\u00fcndeten \u00c9cole publique libre de Fribourg (ELPF) auszugleichen. Die Stiftung ist eine gemeinn\u00fctzige, vom Staatsrat annerkante Organisation ohne Gewinnzweck. Als solche ist sie eine eingest\u00e4ndige juristische Person, die Verm\u00f6genswerte besitzt und diese [&hellip;]<\/p>\n","protected":false},"author":1,"featured_media":0,"parent":1587,"menu_order":0,"comment_status":"closed","ping_status":"closed","template":"","meta":{"_acf_changed":false,"footnotes":""},"class_list":["post-1469","page","type-page","status-publish","hentry"],"acf":[],"yoast_head":"<!-- This site is optimized with the Yoast SEO plugin v24.3 - https:\/\/yoast.com\/wordpress\/plugins\/seo\/ -->\n<title>Willkommen bei der Ecole Priv\u00e9e Mol\u00e9son in Freiburg | Stiftung<\/title>\n<meta name=\"description\" content=\"Die Stiftung Reformierte Schule Freiburg ist f\u00fcr die Organization und Leitung der \u00c9cole Priv\u00e9e Mol\u00e9son verantwortlich.\" \/>\n<meta name=\"robots\" content=\"index, follow, max-snippet:-1, max-image-preview:large, max-video-preview:-1\" \/>\n<link rel=\"canonical\" href=\"https:\/\/www.epmfr.ch\/de\/entdecken-sie-die-schule\/stiftung\/\" \/>\n<meta property=\"og:locale\" content=\"de_DE\" \/>\n<meta property=\"og:type\" content=\"article\" \/>\n<meta property=\"og:title\" content=\"Willkommen bei der Ecole Priv\u00e9e Mol\u00e9son in Freiburg | Stiftung\" \/>\n<meta property=\"og:description\" content=\"Die Stiftung Reformierte Schule Freiburg ist f\u00fcr die Organization und Leitung der \u00c9cole Priv\u00e9e Mol\u00e9son verantwortlich.\" \/>\n<meta property=\"og:url\" content=\"https:\/\/www.epmfr.ch\/de\/entdecken-sie-die-schule\/stiftung\/\" \/>\n<meta property=\"og:site_name\" content=\"Willkommen bei der Ecole Priv\u00e9e Mol\u00e9son in Freiburg\" \/>\n<meta property=\"article:modified_time\" content=\"2026-06-10T08:49:13+00:00\" \/>\n<meta name=\"twitter:card\" content=\"summary_large_image\" \/>\n<meta name=\"twitter:label1\" content=\"Gesch\u00e4tzte Lesezeit\" \/>\n\t<meta name=\"twitter:data1\" content=\"2\u00a0Minuten\" \/>\n<script type=\"application\/ld+json\" class=\"yoast-schema-graph\">{\"@context\":\"https:\/\/schema.org\",\"@graph\":[{\"@type\":\"WebPage\",\"@id\":\"https:\/\/www.epmfr.ch\/de\/entdecken-sie-die-schule\/stiftung\/\",\"url\":\"https:\/\/www.epmfr.ch\/de\/entdecken-sie-die-schule\/stiftung\/\",\"name\":\"Willkommen bei der Ecole Priv\u00e9e Mol\u00e9son in Freiburg | Stiftung\",\"isPartOf\":{\"@id\":\"https:\/\/www.epmfr.ch\/#website\"},\"datePublished\":\"2021-07-05T07:45:22+00:00\",\"dateModified\":\"2026-06-10T08:49:13+00:00\",\"description\":\"Die Stiftung Reformierte Schule Freiburg ist f\u00fcr die Organization und Leitung der \u00c9cole Priv\u00e9e Mol\u00e9son verantwortlich.\",\"breadcrumb\":{\"@id\":\"https:\/\/www.epmfr.ch\/de\/entdecken-sie-die-schule\/stiftung\/#breadcrumb\"},\"inLanguage\":\"de\",\"potentialAction\":[{\"@type\":\"ReadAction\",\"target\":[\"https:\/\/www.epmfr.ch\/de\/entdecken-sie-die-schule\/stiftung\/\"]}]},{\"@type\":\"BreadcrumbList\",\"@id\":\"https:\/\/www.epmfr.ch\/de\/entdecken-sie-die-schule\/stiftung\/#breadcrumb\",\"itemListElement\":[{\"@type\":\"ListItem\",\"position\":1,\"name\":\"Accueil\",\"item\":\"https:\/\/www.epmfr.ch\/de\/\"},{\"@type\":\"ListItem\",\"position\":2,\"name\":\"Entdecken Sie die Schule\",\"item\":\"https:\/\/www.epmfr.ch\/de\/entdecken-sie-die-schule\/\"},{\"@type\":\"ListItem\",\"position\":3,\"name\":\"Stiftung\"}]},{\"@type\":\"WebSite\",\"@id\":\"https:\/\/www.epmfr.ch\/#website\",\"url\":\"https:\/\/www.epmfr.ch\/\",\"name\":\"Willkommen bei der Ecole Priv\u00e9e Mol\u00e9son in Freiburg\",\"description\":\"\",\"potentialAction\":[{\"@type\":\"SearchAction\",\"target\":{\"@type\":\"EntryPoint\",\"urlTemplate\":\"https:\/\/www.epmfr.ch\/?s={search_term_string}\"},\"query-input\":{\"@type\":\"PropertyValueSpecification\",\"valueRequired\":true,\"valueName\":\"search_term_string\"}}],\"inLanguage\":\"de\"}]}<\/script>\n<!-- \/ Yoast SEO plugin. -->","yoast_head_json":{"title":"Willkommen bei der Ecole Priv\u00e9e Mol\u00e9son in Freiburg | Stiftung","description":"Die Stiftung Reformierte Schule Freiburg ist f\u00fcr die Organization und Leitung der \u00c9cole Priv\u00e9e Mol\u00e9son verantwortlich.","robots":{"index":"index","follow":"follow","max-snippet":"max-snippet:-1","max-image-preview":"max-image-preview:large","max-video-preview":"max-video-preview:-1"},"canonical":"https:\/\/www.epmfr.ch\/de\/entdecken-sie-die-schule\/stiftung\/","og_locale":"de_DE","og_type":"article","og_title":"Willkommen bei der Ecole Priv\u00e9e Mol\u00e9son in Freiburg | Stiftung","og_description":"Die Stiftung Reformierte Schule Freiburg ist f\u00fcr die Organization und Leitung der \u00c9cole Priv\u00e9e Mol\u00e9son verantwortlich.","og_url":"https:\/\/www.epmfr.ch\/de\/entdecken-sie-die-schule\/stiftung\/","og_site_name":"Willkommen bei der Ecole Priv\u00e9e Mol\u00e9son in Freiburg","article_modified_time":"2026-06-10T08:49:13+00:00","twitter_card":"summary_large_image","twitter_misc":{"Gesch\u00e4tzte Lesezeit":"2\u00a0Minuten"},"schema":{"@context":"https:\/\/schema.org","@graph":[{"@type":"WebPage","@id":"https:\/\/www.epmfr.ch\/de\/entdecken-sie-die-schule\/stiftung\/","url":"https:\/\/www.epmfr.ch\/de\/entdecken-sie-die-schule\/stiftung\/","name":"Willkommen bei der Ecole Priv\u00e9e Mol\u00e9son in Freiburg | Stiftung","isPartOf":{"@id":"https:\/\/www.epmfr.ch\/#website"},"datePublished":"2021-07-05T07:45:22+00:00","dateModified":"2026-06-10T08:49:13+00:00","description":"Die Stiftung Reformierte Schule Freiburg ist f\u00fcr die Organization und Leitung der \u00c9cole Priv\u00e9e Mol\u00e9son verantwortlich.","breadcrumb":{"@id":"https:\/\/www.epmfr.ch\/de\/entdecken-sie-die-schule\/stiftung\/#breadcrumb"},"inLanguage":"de","potentialAction":[{"@type":"ReadAction","target":["https:\/\/www.epmfr.ch\/de\/entdecken-sie-die-schule\/stiftung\/"]}]},{"@type":"BreadcrumbList","@id":"https:\/\/www.epmfr.ch\/de\/entdecken-sie-die-schule\/stiftung\/#breadcrumb","itemListElement":[{"@type":"ListItem","position":1,"name":"Accueil","item":"https:\/\/www.epmfr.ch\/de\/"},{"@type":"ListItem","position":2,"name":"Entdecken Sie die Schule","item":"https:\/\/www.epmfr.ch\/de\/entdecken-sie-die-schule\/"},{"@type":"ListItem","position":3,"name":"Stiftung"}]},{"@type":"WebSite","@id":"https:\/\/www.epmfr.ch\/#website","url":"https:\/\/www.epmfr.ch\/","name":"Willkommen bei der Ecole Priv\u00e9e Mol\u00e9son in Freiburg","description":"","potentialAction":[{"@type":"SearchAction","target":{"@type":"EntryPoint","urlTemplate":"https:\/\/www.epmfr.ch\/?s={search_term_string}"},"query-input":{"@type":"PropertyValueSpecification","valueRequired":true,"valueName":"search_term_string"}}],"inLanguage":"de"}]}},"_links":{"self":[{"href":"https:\/\/www.epmfr.ch\/de\/wp-json\/wp\/v2\/pages\/1469","targetHints":{"allow":["GET"]}}],"collection":[{"href":"https:\/\/www.epmfr.ch\/de\/wp-json\/wp\/v2\/pages"}],"about":[{"href":"https:\/\/www.epmfr.ch\/de\/wp-json\/wp\/v2\/types\/page"}],"author":[{"embeddable":true,"href":"https:\/\/www.epmfr.ch\/de\/wp-json\/wp\/v2\/users\/1"}],"replies":[{"embeddable":true,"href":"https:\/\/www.epmfr.ch\/de\/wp-json\/wp\/v2\/comments?post=1469"}],"version-history":[{"count":13,"href":"https:\/\/www.epmfr.ch\/de\/wp-json\/wp\/v2\/pages\/1469\/revisions"}],"predecessor-version":[{"id":6053,"href":"https:\/\/www.epmfr.ch\/de\/wp-json\/wp\/v2\/pages\/1469\/revisions\/6053"}],"up":[{"embeddable":true,"href":"https:\/\/www.epmfr.ch\/de\/wp-json\/wp\/v2\/pages\/1587"}],"wp:attachment":[{"href":"https:\/\/www.epmfr.ch\/de\/wp-json\/wp\/v2\/media?parent=1469"}],"curies":[{"name":"wp","href":"https:\/\/api.w.org\/{rel}","templated":true}]}}