{"id":1461,"date":"2021-04-19T15:25:40","date_gmt":"2021-04-19T13:25:40","guid":{"rendered":"https:\/\/epm.plurial.net\/contacts\/"},"modified":"2026-08-21T08:25:25","modified_gmt":"2026-08-21T06:25:25","slug":"kontakte","status":"publish","type":"page","link":"https:\/\/www.epmfr.ch\/de\/entdecken-sie-die-schule\/kontakte\/","title":{"rendered":"Kontakte"},"content":{"rendered":"<div class=\"wpb-content-wrapper\"><p>[vc_row el_class=&#8220;header&#8220;][vc_column][vc_column_text]<\/p>\n<h1>Kontakte<\/h1>\n<p>[\/vc_column_text][\/vc_column][\/vc_row][vc_row][vc_column]<p class=\"fil_ariane\"><span><span><a href=\"https:\/\/www.epmfr.ch\/de\/\">Accueil<\/a><\/span><\/span><\/p>[vc_column_text el_class=&#8220;more-spacing&#8220;]<\/p>\n<h2 class=\"blue\">Das Team der \u00c9cole Priv\u00e9e Mol\u00e9son steht Ihnen gerne zur Verf\u00fcgung<\/h2>\n<p>[\/vc_column_text][vc_row_inner][vc_column_inner width=&#8220;1\/2&#8243;][vc_column_text]<\/p>\n<h3 class=\"blue\">Direktorin<\/h3>\n<p>Sylvie Moret Petrini<br \/>\n026 309 26 12 &#8211; <a href=\"mailto:direction@epmfr.ch\">direction@epmfr.ch<\/a><\/p>\n<h3 class=\"blue\">Sekretariat<\/h3>\n<p>Sophie K\u00e4nzig<br \/>\n026 309 26 10 &#8211; <a href=\"mailto:secretariat@epmfr.ch\">secretariat@epmfr.ch<\/a><\/p>\n<h3 class=\"blue\">Verwaltungsr\u00e4tin der Fondation Ecole r\u00e9form\u00e9e de Fribourg<\/h3>\n<p>Nadia Savary<br \/>\n026 309 26 16 &#8211; <a href=\"mailto:fondation@epmfr.ch\">fondation@epmfr.ch<\/a>[\/vc_column_text][\/vc_column_inner][vc_column_inner width=&#8220;1\/2&#8243;][vc_column_text]<\/p>\n<h3 class=\"blue\">Lehrer und Lehrerin<\/h3>\n<p>Lolita Diniz \/ 1-2H B \/ 026 309 26 10 &#8211; <a href=\"mailto:ldiniz@epmfr.ch\">ldiniz@epmfr.ch<\/a><\/p>\n<p>Helena Landais \/ 1-2H A \/ 026 309 26 10 &#8211; <a href=\"mailto:hlandais@epmfr.ch\">hlandais@epmfr.ch<\/a><\/p>\n<p>Vincent Rey \/ 3H \/ 026 309 26 10 &#8211; <a href=\"mailto:vrey@epmfr.ch\">vrey@epmfr.ch<\/a><\/p>\n<p>Rapha\u00ebl Borcard \/ 4-5H \/ 026 309 26 10 &#8211; <a href=\"mailto:rborcard@epmfr.ch\">rborcard@epmfr.ch<\/a><\/p>\n<p>Sinan Duvarci\/ 7-88H \/026 309 26 10 &#8211; <a href=\"mailto:sduvarci@epmfr.ch\">sduvarci@epmfr.ch<\/a><\/p>\n<p>Sophie Helsen \/ Allemand et Anglais et sciences en anglais \/ 026 309 26 10 &#8211; <a href=\"mailto:shelsen@epmfr.ch\">shelsen@epmfr.ch<\/a><\/p>\n<p>[\/vc_column_text][\/vc_column_inner][\/vc_row_inner][\/vc_column][\/vc_row]<\/p>\n<\/div>","protected":false},"excerpt":{"rendered":"<p>[vc_row el_class=&#8220;header&#8220;][vc_column][vc_column_text] Kontakte [\/vc_column_text][\/vc_column][\/vc_row][vc_row][vc_column][vc_column_text el_class=&#8220;more-spacing&#8220;] Das Team der \u00c9cole Priv\u00e9e Mol\u00e9son steht Ihnen gerne zur Verf\u00fcgung [\/vc_column_text][vc_row_inner][vc_column_inner width=&#8220;1\/2&#8243;][vc_column_text] Direktorin Sylvie Moret Petrini 026 309 26 12 &#8211; direction@epmfr.ch Sekretariat Sophie K\u00e4nzig 026 309 26 10 &#8211; secretariat@epmfr.ch Verwaltungsr\u00e4tin der Fondation Ecole r\u00e9form\u00e9e de Fribourg Nadia Savary 026 309 26 16 &#8211; fondation@epmfr.ch[\/vc_column_text][\/vc_column_inner][vc_column_inner width=&#8220;1\/2&#8243;][vc_column_text] Lehrer und [&hellip;]<\/p>\n","protected":false},"author":1,"featured_media":0,"parent":1587,"menu_order":0,"comment_status":"closed","ping_status":"closed","template":"","meta":{"_acf_changed":false,"footnotes":""},"class_list":["post-1461","page","type-page","status-publish","hentry"],"acf":[],"yoast_head":"<!-- This site is optimized with the Yoast SEO plugin v24.3 - https:\/\/yoast.com\/wordpress\/plugins\/seo\/ -->\n<title>Willkommen bei der Ecole Priv\u00e9e Mol\u00e9son in Freiburg | Kontakte<\/title>\n<meta name=\"description\" content=\"Das Team der \u00c9cole Priv\u00e9e Mol\u00e9son steht Ihnen gerne zur Verf\u00fcgung.\" \/>\n<meta name=\"robots\" content=\"index, follow, max-snippet:-1, max-image-preview:large, max-video-preview:-1\" \/>\n<link rel=\"canonical\" href=\"https:\/\/www.epmfr.ch\/de\/entdecken-sie-die-schule\/kontakte\/\" \/>\n<meta property=\"og:locale\" content=\"de_DE\" \/>\n<meta property=\"og:type\" content=\"article\" \/>\n<meta property=\"og:title\" content=\"Willkommen bei der Ecole Priv\u00e9e Mol\u00e9son in Freiburg | Kontakte\" \/>\n<meta property=\"og:description\" content=\"Das Team der \u00c9cole Priv\u00e9e Mol\u00e9son steht Ihnen gerne zur Verf\u00fcgung.\" \/>\n<meta property=\"og:url\" content=\"https:\/\/www.epmfr.ch\/de\/entdecken-sie-die-schule\/kontakte\/\" \/>\n<meta property=\"og:site_name\" content=\"Willkommen bei der Ecole Priv\u00e9e Mol\u00e9son in Freiburg\" \/>\n<meta property=\"article:modified_time\" content=\"2026-08-21T06:25:25+00:00\" \/>\n<meta name=\"twitter:card\" content=\"summary_large_image\" \/>\n<meta name=\"twitter:label1\" content=\"Gesch\u00e4tzte Lesezeit\" \/>\n\t<meta name=\"twitter:data1\" content=\"1\u00a0Minute\" \/>\n<script type=\"application\/ld+json\" class=\"yoast-schema-graph\">{\"@context\":\"https:\/\/schema.org\",\"@graph\":[{\"@type\":\"WebPage\",\"@id\":\"https:\/\/www.epmfr.ch\/de\/entdecken-sie-die-schule\/kontakte\/\",\"url\":\"https:\/\/www.epmfr.ch\/de\/entdecken-sie-die-schule\/kontakte\/\",\"name\":\"Willkommen bei der Ecole Priv\u00e9e Mol\u00e9son in Freiburg | Kontakte\",\"isPartOf\":{\"@id\":\"https:\/\/www.epmfr.ch\/#website\"},\"datePublished\":\"2021-04-19T13:25:40+00:00\",\"dateModified\":\"2026-08-21T06:25:25+00:00\",\"description\":\"Das Team der \u00c9cole Priv\u00e9e Mol\u00e9son steht Ihnen gerne zur Verf\u00fcgung.\",\"breadcrumb\":{\"@id\":\"https:\/\/www.epmfr.ch\/de\/entdecken-sie-die-schule\/kontakte\/#breadcrumb\"},\"inLanguage\":\"de\",\"potentialAction\":[{\"@type\":\"ReadAction\",\"target\":[\"https:\/\/www.epmfr.ch\/de\/entdecken-sie-die-schule\/kontakte\/\"]}]},{\"@type\":\"BreadcrumbList\",\"@id\":\"https:\/\/www.epmfr.ch\/de\/entdecken-sie-die-schule\/kontakte\/#breadcrumb\",\"itemListElement\":[{\"@type\":\"ListItem\",\"position\":1,\"name\":\"Accueil\",\"item\":\"https:\/\/www.epmfr.ch\/de\/\"},{\"@type\":\"ListItem\",\"position\":2,\"name\":\"Entdecken Sie die Schule\",\"item\":\"https:\/\/www.epmfr.ch\/de\/entdecken-sie-die-schule\/\"},{\"@type\":\"ListItem\",\"position\":3,\"name\":\"Kontakte\"}]},{\"@type\":\"WebSite\",\"@id\":\"https:\/\/www.epmfr.ch\/#website\",\"url\":\"https:\/\/www.epmfr.ch\/\",\"name\":\"Willkommen bei der Ecole Priv\u00e9e Mol\u00e9son in Freiburg\",\"description\":\"\",\"potentialAction\":[{\"@type\":\"SearchAction\",\"target\":{\"@type\":\"EntryPoint\",\"urlTemplate\":\"https:\/\/www.epmfr.ch\/?s={search_term_string}\"},\"query-input\":{\"@type\":\"PropertyValueSpecification\",\"valueRequired\":true,\"valueName\":\"search_term_string\"}}],\"inLanguage\":\"de\"}]}<\/script>\n<!-- \/ Yoast SEO plugin. -->","yoast_head_json":{"title":"Willkommen bei der Ecole Priv\u00e9e Mol\u00e9son in Freiburg | Kontakte","description":"Das Team der \u00c9cole Priv\u00e9e Mol\u00e9son steht Ihnen gerne zur Verf\u00fcgung.","robots":{"index":"index","follow":"follow","max-snippet":"max-snippet:-1","max-image-preview":"max-image-preview:large","max-video-preview":"max-video-preview:-1"},"canonical":"https:\/\/www.epmfr.ch\/de\/entdecken-sie-die-schule\/kontakte\/","og_locale":"de_DE","og_type":"article","og_title":"Willkommen bei der Ecole Priv\u00e9e Mol\u00e9son in Freiburg | Kontakte","og_description":"Das Team der \u00c9cole Priv\u00e9e Mol\u00e9son steht Ihnen gerne zur Verf\u00fcgung.","og_url":"https:\/\/www.epmfr.ch\/de\/entdecken-sie-die-schule\/kontakte\/","og_site_name":"Willkommen bei der Ecole Priv\u00e9e Mol\u00e9son in Freiburg","article_modified_time":"2026-08-21T06:25:25+00:00","twitter_card":"summary_large_image","twitter_misc":{"Gesch\u00e4tzte Lesezeit":"1\u00a0Minute"},"schema":{"@context":"https:\/\/schema.org","@graph":[{"@type":"WebPage","@id":"https:\/\/www.epmfr.ch\/de\/entdecken-sie-die-schule\/kontakte\/","url":"https:\/\/www.epmfr.ch\/de\/entdecken-sie-die-schule\/kontakte\/","name":"Willkommen bei der Ecole Priv\u00e9e Mol\u00e9son in Freiburg | Kontakte","isPartOf":{"@id":"https:\/\/www.epmfr.ch\/#website"},"datePublished":"2021-04-19T13:25:40+00:00","dateModified":"2026-08-21T06:25:25+00:00","description":"Das Team der \u00c9cole Priv\u00e9e Mol\u00e9son steht Ihnen gerne zur Verf\u00fcgung.","breadcrumb":{"@id":"https:\/\/www.epmfr.ch\/de\/entdecken-sie-die-schule\/kontakte\/#breadcrumb"},"inLanguage":"de","potentialAction":[{"@type":"ReadAction","target":["https:\/\/www.epmfr.ch\/de\/entdecken-sie-die-schule\/kontakte\/"]}]},{"@type":"BreadcrumbList","@id":"https:\/\/www.epmfr.ch\/de\/entdecken-sie-die-schule\/kontakte\/#breadcrumb","itemListElement":[{"@type":"ListItem","position":1,"name":"Accueil","item":"https:\/\/www.epmfr.ch\/de\/"},{"@type":"ListItem","position":2,"name":"Entdecken Sie die Schule","item":"https:\/\/www.epmfr.ch\/de\/entdecken-sie-die-schule\/"},{"@type":"ListItem","position":3,"name":"Kontakte"}]},{"@type":"WebSite","@id":"https:\/\/www.epmfr.ch\/#website","url":"https:\/\/www.epmfr.ch\/","name":"Willkommen bei der Ecole Priv\u00e9e Mol\u00e9son in Freiburg","description":"","potentialAction":[{"@type":"SearchAction","target":{"@type":"EntryPoint","urlTemplate":"https:\/\/www.epmfr.ch\/?s={search_term_string}"},"query-input":{"@type":"PropertyValueSpecification","valueRequired":true,"valueName":"search_term_string"}}],"inLanguage":"de"}]}},"_links":{"self":[{"href":"https:\/\/www.epmfr.ch\/de\/wp-json\/wp\/v2\/pages\/1461","targetHints":{"allow":["GET"]}}],"collection":[{"href":"https:\/\/www.epmfr.ch\/de\/wp-json\/wp\/v2\/pages"}],"about":[{"href":"https:\/\/www.epmfr.ch\/de\/wp-json\/wp\/v2\/types\/page"}],"author":[{"embeddable":true,"href":"https:\/\/www.epmfr.ch\/de\/wp-json\/wp\/v2\/users\/1"}],"replies":[{"embeddable":true,"href":"https:\/\/www.epmfr.ch\/de\/wp-json\/wp\/v2\/comments?post=1461"}],"version-history":[{"count":30,"href":"https:\/\/www.epmfr.ch\/de\/wp-json\/wp\/v2\/pages\/1461\/revisions"}],"predecessor-version":[{"id":6152,"href":"https:\/\/www.epmfr.ch\/de\/wp-json\/wp\/v2\/pages\/1461\/revisions\/6152"}],"up":[{"embeddable":true,"href":"https:\/\/www.epmfr.ch\/de\/wp-json\/wp\/v2\/pages\/1587"}],"wp:attachment":[{"href":"https:\/\/www.epmfr.ch\/de\/wp-json\/wp\/v2\/media?parent=1461"}],"curies":[{"name":"wp","href":"https:\/\/api.w.org\/{rel}","templated":true}]}}