{"id":1455,"date":"2021-03-19T11:49:42","date_gmt":"2021-03-19T10:49:42","guid":{"rendered":"https:\/\/epm.plurial.net\/accueil\/"},"modified":"2026-03-18T09:42:05","modified_gmt":"2026-03-18T08:42:05","slug":"accueil","status":"publish","type":"page","link":"https:\/\/www.epmfr.ch\/de\/","title":{"rendered":"Homepage"},"content":{"rendered":"<div class=\"wpb-content-wrapper\"><p>[vc_row full_width=&#8220;stretch_row&#8220; el_class=&#8220;header&#8220; css=&#8220;.vc_custom_1618817288674{background-position: center !important;background-repeat: no-repeat !important;background-size: cover !important;}&#8220;][vc_column][vc_column_text]<\/p>\n<h1>\u00c0 bonne \u00e9cole<\/h1>\n<p><strong>L&#8217;\u00e9ducation de votre enfant nous tient \u00e0 coeur.<\/strong>[\/vc_column_text][\/vc_column][\/vc_row][vc_row content_placement=&#8220;middle&#8220;][vc_column width=&#8220;8\/12&#8243;][vc_raw_html]JTNDZGl2JTIwY2xhc3MlM0QlMjJ2aWRlby1jb250YWluZXIlMjIlM0UlMEElMjAlMjAlMjAlMjAlM0N2aWRlbyUyMGF1dG9wbGF5JTNEJTIyJTIyJTIwbXV0ZWQlM0QlMjIlMjIlMjBsb29wJTNEJTIyJTIyJTIwcGxheXNpbmxpbmUlM0QlMjIlMjIlMjBpZCUzRCUyMm15VmlkZW8lMjIlM0UlMEElMjAlMjAlMjAlMjAlMjAlMjAlMjAlMjAlM0Nzb3VyY2UlMjBzcmMlM0QlMjJodHRwcyUzQSUyRiUyRnd3dy5lcG1mci5jaCUyRndwLWNvbnRlbnQlMkZ1cGxvYWRzJTJGMjAyNCUyRjAyJTJGRVBNRlItdjNfMy5tcDQlMjIlMjB0eXBlJTNEJTIydmlkZW8lMkZtcDQlMjIlM0UlMEElMjAlMjAlMjAlMjAlM0MlMkZ2aWRlbyUzRSUwQSUzQyUyRmRpdiUzRQ==[\/vc_raw_html][\/vc_column][vc_column width=&#8220;4\/12&#8243;][vc_column_text]<\/p>\n<h1 class=\"red\" style=\"text-align: center;\"><span style=\"color: #008000;\">Die \u00c9cole Priv\u00e9e Mol\u00e9son : <\/span><\/h1>\n<h1 class=\"red\" style=\"text-align: center;\"><span style=\"color: #008000;\">eine Schule mit menschlicher Gr\u00f6sse und weltoffenheit!<\/span><\/h1>\n<p style=\"text-align: center;\"><a class=\"green\" href=\"\/decouvrir-lecole\/pourquoi-choisir-ecole-privee-moleson\/\">Erfahren Sie mehr &gt;<\/a><\/p>\n<p>[\/vc_column_text][\/vc_column][\/vc_row][vc_row equal_height=&#8220;yes&#8220; content_placement=&#8220;middle&#8220;][vc_column width=&#8220;1\/2&#8243;][vc_single_image image=&#8220;4413&#8243; img_size=&#8220;full&#8220;]<div class='row'><div class='col-lg-12 multilink'><div class='link'><div class='link-question'><a href='\/wp-content\/uploads\/2026\/03\/Brochure-Ecole-Privee-Moleson-DT.pdf' style='font-weight: bold;' target='_blank'>Die Brosch\u00fcre der Schule herunterladen<\/a><\/div><\/div><\/div><\/div>[\/vc_column][vc_column width=&#8220;1\/2&#8243;][vc_column_text]<\/p>\n<h3 class=\"yellow green\" style=\"margin-top: 0px!important;\">F\u00f6rderung des Sprachenlernens<\/h3>\n<p>Die \u00c9cole Priv\u00e9e Mol\u00e9son legt einen Schwerpunkt auf das Erlernen von Sprachen (Franz\u00f6sisch, Deutsch und Englisch). Die Kinder k\u00f6nnen damit ihr Weltbild erweitern und die F\u00e4higkeiten erwerben, in einem vielf\u00e4ltigen Umfeld zu interagieren. Die Kinder lernen sich in einer anderen Sprache auszudr\u00fccken und zu kommunizieren und werden durch die Kultur und die Erfahrungen anderer bereichert.<\/p>\n<p><a href=\"\/de\/unsere-missionen\/sprachenlernen\/\">Erfahren Sie merh &gt;<\/a><\/p>\n<ul class=\"green\">\n<li>Franz\u00f6sich<\/li>\n<li>Deutsch<\/li>\n<li>Englisch<\/li>\n<\/ul>\n<p>[\/vc_column_text][\/vc_column][\/vc_row][vc_row content_placement=&#8220;middle&#8220;][vc_column width=&#8220;1\/2&#8243;][vc_column_text]<\/p>\n<h3><\/h3>\n<h3><\/h3>\n<h3><span style=\"color: #ff6600;\">Pers\u00f6nliche Begleitung des Kindes<\/span><\/h3>\n<p>Die Schule bietet organisatorische Strukturen und Bildungsma\u00dfnahmen ein, die die ganzheitliche Entwicklung jedes Kindes in pers\u00f6nlicher, sozialer, motorischer und kognitiver Hinsicht f\u00f6rdern. Kleine Mehrstufenklassen erm\u00f6glichen es den Kindern, sich in einem Umfeld zu entwickeln, in dem man sich um ihren Fortschritt und ihr Wohlbefinden k\u00fcmmert.<\/p>\n<p>Die Flexi-Klasse, die von einer Fachlehrkraft in Zusammenarbeit mit F\u00f6rderlehrkr\u00e4ften koordiniert wird, erm\u00f6glicht es nicht nur, auf die Bed\u00fcrfnisse von Sch\u00fclern mit Schwierigkeiten einzugehen, sondern auch Projekte und vertiefende Aktivit\u00e4ten f\u00fcr Sch\u00fcler mit Lernerfolgen anzubieten.<\/p>\n<p>Besondere Aufmerksamkeit wird den Sch\u00fclerinnen und Sch\u00fclern der 7-8H gewidmet, um sie bestm\u00f6glich auf den Eintritt in die Orientierungsstufe vorzubereiten (Selbstst\u00e4ndigkeit, Reife, Selbstvertrauen). Die gro\u00dfe Mehrheit unserer Sch\u00fclerinnen und Sch\u00fcler tritt in die Vorgymnasialklassen der OS ein.[\/vc_column_text][\/vc_column][vc_column width=&#8220;1\/2&#8243;][vc_single_image image=&#8220;3771&#8243; img_size=&#8220;full&#8220;][\/vc_column][\/vc_row][vc_row equal_height=&#8220;yes&#8220; content_placement=&#8220;middle&#8220;][vc_column width=&#8220;1\/2&#8243;][vc_single_image image=&#8220;366&#8243; img_size=&#8220;full&#8220;][\/vc_column][vc_column width=&#8220;1\/2&#8243;][vc_column_text]<\/p>\n<h3 class=\"yellow\" style=\"margin-top: 0px!important;\">Ausserschulische Betreuung<\/h3>\n<p>Eine der St\u00e4rken der Schule sind ihre \u00d6ffnungszeiten. Ab 7:30 Uhr sind die R\u00e4umlichkeiten ge\u00f6ffnet und es wird eine Betreuung bis zum Unterrichtsbeginn angeboten. Die Kinder k\u00f6nnen in der Cafeteria zu Mittag essen und am Ende des Tages wird eine Nachmittags- und Abendbetreuung angeboten. Dieses Angebot umfasst auch eine Hausaufgabenhilfe. Wir bieten zudem die M\u00f6glichkeit, die Nachmittags- und Abendbetreuung kurzfristig auf Ihre Bed\u00fcrfnisse anzupassen. Diese Flexibilit\u00e4t wird von den Eltern sehr gesch\u00e4tzt.<\/p>\n<p>Erfahren Sie mehr<\/p>\n<p><a class=\"yellow\" href=\"\/de\/entdecken-sie-die-schule\/angebot-ausserschulischer-leistungen\/\">En savoir plus &gt;<\/a><\/p>\n<ul class=\"yellow\">\n<li>Au\u00dferschulische Betreuung 1H-8H<\/li>\n<li>Cafeteria 1H-8H<\/li>\n<li>Clubs EPM 1H-8H<\/li>\n<\/ul>\n<p>[\/vc_column_text][\/vc_column][\/vc_row][vc_row disable_element=&#8220;yes&#8220; el_class=&#8220;temoignages&#8220;][vc_column][vc_column_text]<\/p>\n<p style=\"text-align: center;\">T\u00e9moignages<\/p>\n<p>[\/vc_column_text][vc_column_text]<\/p>\n<h2 class=\"violet\" style=\"text-align: center;\">Ce que les parents pensent de nous<\/h2>\n<p>[\/vc_column_text]<div class='row grids-two-columns'><div class='col-lg-6 text-center'><p class='citation'>\"Lorem ipsum dolor sit amet, consectetur adipiscing elit. Curabitur sapien nisi, malesuada a mauris sed, tincidunt sagittis diam. Sed eget ante vel elit porttitor egestas vitae ultricies urna. Etiam sed nulla sit amet leo consequat iaculis at quis lacus. Cras mi purus, venenatis vitae varius in, dignissim a libero. Vivamus cursus dui in sem ultrices condimentum.\"<\/p><p class='citation-nom'>Pr\u00e9nom Nom<\/p><\/div><div class='col-lg-6 text-center'><p class='citation'>\"Lorem ipsum dolor sit amet, consectetur adipiscing elit. Curabitur sapien nisi, malesuada a mauris sed, tincidunt sagittis diam. Sed eget ante vel elit porttitor egestas vitae ultricies urna. Etiam sed nulla sit amet leo consequat iaculis at quis lacus. Cras mi purus, venenatis vitae varius in, dignissim a libero. Vivamus cursus dui in sem ultrices condimentum.\"<\/p><p class='citation-nom'>Pr\u00e9nom Nom<\/p><\/div><\/div>[\/vc_column][\/vc_row]<\/p>\n<\/div>","protected":false},"excerpt":{"rendered":"<p>[vc_row full_width=&#8220;stretch_row&#8220; el_class=&#8220;header&#8220; css=&#8220;.vc_custom_1618817288674{background-position: center !important;background-repeat: no-repeat !important;background-size: cover !important;}&#8220;][vc_column][vc_column_text] \u00c0 bonne \u00e9cole L&#8217;\u00e9ducation de votre enfant nous tient \u00e0 coeur.[\/vc_column_text][\/vc_column][\/vc_row][vc_row content_placement=&#8220;middle&#8220;][vc_column width=&#8220;8\/12&#8243;][vc_raw_html]JTNDZGl2JTIwY2xhc3MlM0QlMjJ2aWRlby1jb250YWluZXIlMjIlM0UlMEElMjAlMjAlMjAlMjAlM0N2aWRlbyUyMGF1dG9wbGF5JTNEJTIyJTIyJTIwbXV0ZWQlM0QlMjIlMjIlMjBsb29wJTNEJTIyJTIyJTIwcGxheXNpbmxpbmUlM0QlMjIlMjIlMjBpZCUzRCUyMm15VmlkZW8lMjIlM0UlMEElMjAlMjAlMjAlMjAlMjAlMjAlMjAlMjAlM0Nzb3VyY2UlMjBzcmMlM0QlMjJodHRwcyUzQSUyRiUyRnd3dy5lcG1mci5jaCUyRndwLWNvbnRlbnQlMkZ1cGxvYWRzJTJGMjAyNCUyRjAyJTJGRVBNRlItdjNfMy5tcDQlMjIlMjB0eXBlJTNEJTIydmlkZW8lMkZtcDQlMjIlM0UlMEElMjAlMjAlMjAlMjAlM0MlMkZ2aWRlbyUzRSUwQSUzQyUyRmRpdiUzRQ==[\/vc_raw_html][\/vc_column][vc_column width=&#8220;4\/12&#8243;][vc_column_text] Die \u00c9cole Priv\u00e9e Mol\u00e9son : eine Schule mit menschlicher Gr\u00f6sse und weltoffenheit! Erfahren Sie mehr &gt; [\/vc_column_text][\/vc_column][\/vc_row][vc_row equal_height=&#8220;yes&#8220; content_placement=&#8220;middle&#8220;][vc_column width=&#8220;1\/2&#8243;][vc_single_image image=&#8220;4413&#8243; img_size=&#8220;full&#8220;][\/vc_column][vc_column width=&#8220;1\/2&#8243;][vc_column_text] F\u00f6rderung des Sprachenlernens Die \u00c9cole Priv\u00e9e Mol\u00e9son legt [&hellip;]<\/p>\n","protected":false},"author":1,"featured_media":0,"parent":0,"menu_order":0,"comment_status":"closed","ping_status":"closed","template":"","meta":{"_acf_changed":false,"footnotes":""},"class_list":["post-1455","page","type-page","status-publish","hentry"],"acf":[],"yoast_head":"<!-- This site is optimized with the Yoast SEO plugin v24.3 - https:\/\/yoast.com\/wordpress\/plugins\/seo\/ -->\n<title>Willkommen bei der Ecole Priv\u00e9e Mol\u00e9son in Freiburg | Homepage<\/title>\n<meta name=\"description\" content=\"Englisch und Deutsch lernen ab 1. Klasse, allgemeine Entwicklung und Wohlbefinden des Kindes, Studienerfolg, ausserschuliche Betreuung\" \/>\n<meta name=\"robots\" content=\"index, follow, max-snippet:-1, max-image-preview:large, max-video-preview:-1\" \/>\n<link rel=\"canonical\" href=\"https:\/\/www.epmfr.ch\/de\/\" \/>\n<meta property=\"og:locale\" content=\"de_DE\" \/>\n<meta property=\"og:type\" content=\"article\" \/>\n<meta property=\"og:title\" content=\"Willkommen bei der Ecole Priv\u00e9e Mol\u00e9son in Freiburg | Homepage\" \/>\n<meta property=\"og:description\" content=\"Englisch und Deutsch lernen ab 1. Klasse, allgemeine Entwicklung und Wohlbefinden des Kindes, Studienerfolg, ausserschuliche Betreuung\" \/>\n<meta property=\"og:url\" content=\"https:\/\/www.epmfr.ch\/de\/\" \/>\n<meta property=\"og:site_name\" content=\"Willkommen bei der Ecole Priv\u00e9e Mol\u00e9son in Freiburg\" \/>\n<meta property=\"article:modified_time\" content=\"2026-03-18T08:42:05+00:00\" \/>\n<meta name=\"twitter:card\" content=\"summary_large_image\" \/>\n<meta name=\"twitter:label1\" content=\"Gesch\u00e4tzte Lesezeit\" \/>\n\t<meta name=\"twitter:data1\" content=\"3\u00a0Minuten\" \/>\n<script type=\"application\/ld+json\" class=\"yoast-schema-graph\">{\"@context\":\"https:\/\/schema.org\",\"@graph\":[{\"@type\":\"WebPage\",\"@id\":\"https:\/\/www.epmfr.ch\/de\/\",\"url\":\"https:\/\/www.epmfr.ch\/de\/\",\"name\":\"Willkommen bei der Ecole Priv\u00e9e Mol\u00e9son in Freiburg | Homepage\",\"isPartOf\":{\"@id\":\"https:\/\/www.epmfr.ch\/#website\"},\"datePublished\":\"2021-03-19T10:49:42+00:00\",\"dateModified\":\"2026-03-18T08:42:05+00:00\",\"description\":\"Englisch und Deutsch lernen ab 1. Klasse, allgemeine Entwicklung und Wohlbefinden des Kindes, Studienerfolg, ausserschuliche Betreuung\",\"breadcrumb\":{\"@id\":\"https:\/\/www.epmfr.ch\/de\/#breadcrumb\"},\"inLanguage\":\"de\",\"potentialAction\":[{\"@type\":\"ReadAction\",\"target\":[\"https:\/\/www.epmfr.ch\/de\/\"]}]},{\"@type\":\"BreadcrumbList\",\"@id\":\"https:\/\/www.epmfr.ch\/de\/#breadcrumb\",\"itemListElement\":[{\"@type\":\"ListItem\",\"position\":1,\"name\":\"Accueil\",\"item\":\"https:\/\/www.epmfr.ch\/de\/\"},{\"@type\":\"ListItem\",\"position\":2,\"name\":\"Homepage\"}]},{\"@type\":\"WebSite\",\"@id\":\"https:\/\/www.epmfr.ch\/#website\",\"url\":\"https:\/\/www.epmfr.ch\/\",\"name\":\"Willkommen bei der Ecole Priv\u00e9e Mol\u00e9son in Freiburg\",\"description\":\"\",\"potentialAction\":[{\"@type\":\"SearchAction\",\"target\":{\"@type\":\"EntryPoint\",\"urlTemplate\":\"https:\/\/www.epmfr.ch\/?s={search_term_string}\"},\"query-input\":{\"@type\":\"PropertyValueSpecification\",\"valueRequired\":true,\"valueName\":\"search_term_string\"}}],\"inLanguage\":\"de\"}]}<\/script>\n<!-- \/ Yoast SEO plugin. -->","yoast_head_json":{"title":"Willkommen bei der Ecole Priv\u00e9e Mol\u00e9son in Freiburg | Homepage","description":"Englisch und Deutsch lernen ab 1. Klasse, allgemeine Entwicklung und Wohlbefinden des Kindes, Studienerfolg, ausserschuliche Betreuung","robots":{"index":"index","follow":"follow","max-snippet":"max-snippet:-1","max-image-preview":"max-image-preview:large","max-video-preview":"max-video-preview:-1"},"canonical":"https:\/\/www.epmfr.ch\/de\/","og_locale":"de_DE","og_type":"article","og_title":"Willkommen bei der Ecole Priv\u00e9e Mol\u00e9son in Freiburg | Homepage","og_description":"Englisch und Deutsch lernen ab 1. Klasse, allgemeine Entwicklung und Wohlbefinden des Kindes, Studienerfolg, ausserschuliche Betreuung","og_url":"https:\/\/www.epmfr.ch\/de\/","og_site_name":"Willkommen bei der Ecole Priv\u00e9e Mol\u00e9son in Freiburg","article_modified_time":"2026-03-18T08:42:05+00:00","twitter_card":"summary_large_image","twitter_misc":{"Gesch\u00e4tzte Lesezeit":"3\u00a0Minuten"},"schema":{"@context":"https:\/\/schema.org","@graph":[{"@type":"WebPage","@id":"https:\/\/www.epmfr.ch\/de\/","url":"https:\/\/www.epmfr.ch\/de\/","name":"Willkommen bei der Ecole Priv\u00e9e Mol\u00e9son in Freiburg | Homepage","isPartOf":{"@id":"https:\/\/www.epmfr.ch\/#website"},"datePublished":"2021-03-19T10:49:42+00:00","dateModified":"2026-03-18T08:42:05+00:00","description":"Englisch und Deutsch lernen ab 1. Klasse, allgemeine Entwicklung und Wohlbefinden des Kindes, Studienerfolg, ausserschuliche Betreuung","breadcrumb":{"@id":"https:\/\/www.epmfr.ch\/de\/#breadcrumb"},"inLanguage":"de","potentialAction":[{"@type":"ReadAction","target":["https:\/\/www.epmfr.ch\/de\/"]}]},{"@type":"BreadcrumbList","@id":"https:\/\/www.epmfr.ch\/de\/#breadcrumb","itemListElement":[{"@type":"ListItem","position":1,"name":"Accueil","item":"https:\/\/www.epmfr.ch\/de\/"},{"@type":"ListItem","position":2,"name":"Homepage"}]},{"@type":"WebSite","@id":"https:\/\/www.epmfr.ch\/#website","url":"https:\/\/www.epmfr.ch\/","name":"Willkommen bei der Ecole Priv\u00e9e Mol\u00e9son in Freiburg","description":"","potentialAction":[{"@type":"SearchAction","target":{"@type":"EntryPoint","urlTemplate":"https:\/\/www.epmfr.ch\/?s={search_term_string}"},"query-input":{"@type":"PropertyValueSpecification","valueRequired":true,"valueName":"search_term_string"}}],"inLanguage":"de"}]}},"_links":{"self":[{"href":"https:\/\/www.epmfr.ch\/de\/wp-json\/wp\/v2\/pages\/1455","targetHints":{"allow":["GET"]}}],"collection":[{"href":"https:\/\/www.epmfr.ch\/de\/wp-json\/wp\/v2\/pages"}],"about":[{"href":"https:\/\/www.epmfr.ch\/de\/wp-json\/wp\/v2\/types\/page"}],"author":[{"embeddable":true,"href":"https:\/\/www.epmfr.ch\/de\/wp-json\/wp\/v2\/users\/1"}],"replies":[{"embeddable":true,"href":"https:\/\/www.epmfr.ch\/de\/wp-json\/wp\/v2\/comments?post=1455"}],"version-history":[{"count":47,"href":"https:\/\/www.epmfr.ch\/de\/wp-json\/wp\/v2\/pages\/1455\/revisions"}],"predecessor-version":[{"id":5834,"href":"https:\/\/www.epmfr.ch\/de\/wp-json\/wp\/v2\/pages\/1455\/revisions\/5834"}],"wp:attachment":[{"href":"https:\/\/www.epmfr.ch\/de\/wp-json\/wp\/v2\/media?parent=1455"}],"curies":[{"name":"wp","href":"https:\/\/api.w.org\/{rel}","templated":true}]}}