{"id":1344,"date":"2021-04-19T15:24:00","date_gmt":"2021-04-19T13:24:00","guid":{"rendered":"https:\/\/epm.plurial.net\/offre-de-prestations-extrascolaires\/"},"modified":"2026-04-13T15:38:28","modified_gmt":"2026-04-13T13:38:28","slug":"angebot-ausserschulischer-leistungen","status":"publish","type":"page","link":"https:\/\/www.epmfr.ch\/de\/entdecken-sie-die-schule\/angebot-ausserschulischer-leistungen\/","title":{"rendered":"Angebot an au\u00dferschulischer Leistungen"},"content":{"rendered":"<div class=\"wpb-content-wrapper\"><p>[vc_row el_class=&#8220;header&#8220;][vc_column][vc_column_text]<\/p>\n<h1>Ausserschulisches Angebot<\/h1>\n<p>[\/vc_column_text][\/vc_column][\/vc_row][vc_row el_class=&#8220;pages&#8220;][vc_column]<p class=\"fil_ariane\"><span><span><a href=\"https:\/\/www.epmfr.ch\/de\/\">Accueil<\/a><\/span><\/span><\/p>[vc_row_inner content_placement=&#8220;top&#8220; css=&#8220;.vc_custom_1625470415710{margin-top: 0px !important;}&#8220;][vc_column_inner width=&#8220;2\/3&#8243;][vc_column_text]<\/p>\n<h2 class=\"blue\">Ein umfassendes Angebot f\u00fcr die Kinder und deren Eltern<\/h2>\n<p>[\/vc_column_text][vc_column_text]Eine weitere St\u00e4rke der Schule: das ausserschulische Angebot!<\/p>\n<p>Ab 7:30 Uhr sind die R\u00e4umlichkeiten ge\u00f6ffnet und die Kinder werden bis zum Unterrichtsbeginn betreut. Die Kinder k\u00f6nnen mittags in der Cafeteria essen und danach wird eine Nachmittags- und Abendbetreuung angeboten. Das Angebot umfasst auch eine Hausaufgabenhilfe.[\/vc_column_text][\/vc_column_inner][vc_column_inner width=&#8220;1\/3&#8243;][\/vc_column_inner][\/vc_row_inner][vc_row_inner][vc_column_inner width=&#8220;6\/12&#8243;][vc_column_text]<\/p>\n<h3 class=\"blue\">Au\u00dferschulische Betreuung<\/h3>\n<p>Die ausserschulische Betreuung erleichtert berufst\u00e4tigen Eltern die Organisation des Familienalltags und erm\u00f6glicht einen geregelten Tagesablauf mit Mittagessen, Hausaufgaben erledigen und Freizeitaktivit\u00e4ten mit anderen Kindern. Das Erleben von Gemeinschaft und das Zurechtfinden in einer gr\u00f6sseren, altersdurchmischten Gruppe ist eine bereichernde Erfahrung f\u00fcr jedes Kind, und f\u00f6rdert das soziale Lernen.<\/p>\n<p>Das Angebot ist von 7.30 Uhr bis 18.00 Uhr offen. Wir bieten den Eltern eine grosse Flexibilit\u00e4t, da die Module je nach eigenem Bedarf ausgew\u00e4hlt werden k\u00f6nnen.<\/p>\n<p>Die ausserschulische Betreuung ist f\u00fcr Kinder von 4 bis 12 Jahren zug\u00e4nglich, die die Privatschule besuchen. Die Module k\u00f6nnen auch f\u00fcr nur gelegentlich gebucht werden, um so bei unvorhergesehenen Ereignissen in den Familien Hand bieten zu k\u00f6nnen.<\/p>\n<p>Sie wird w\u00e4hrend der Schulzeit angeboten. In den Schulferien, mittwochs und in den Ferien findet keine Betreuung statt.<\/p>\n<p><strong>Modul Morgen Betreuung : 7.30-8.30 Uhr<\/strong><br \/>\nNur f\u00fcr die Kinder, die die Schule sp\u00e4ter beginnen:<br \/>\n&gt; Sch\u00fcler\u00b7innen der 1-2H : Montagmorgen, Dienstagmorgen, Donnerstagmorgen und Freitagmorgen<\/p>\n<p><strong>Modul Mittag Betreuung : 11.20-13.30 Uhr<\/strong><br \/>\nDie Sch\u00fcler\u00b7innen der 1H bis 8H essen gemeinsam in der Cafeteria der Schule und werden von den zust\u00e4ndigen Aufsichtspersonen betreut.<\/p>\n<p><strong>Modul Abend Betreuung : 15.30-18.00 Uhr<\/strong><br \/>\nDie Sch\u00fcler*innen erhalten einen Snack und haben dann die M\u00f6glichkeit gemeinsam zu spielen<\/p>\n<p><strong>Mittwochvormittag Betreuung : 7:30-11:30 Uhr<\/strong><br \/>\nAb Schuljahresbeginn 2026 wir ein Pilotprojekt zur \u00d6ffnung der ASB am Mittwochvormittag gestartet, sofern mindestens 5 Kinder angemeldet sind (siehe Bedingungen in der ASB-Reglement).<\/p>\n<p>&nbsp;<\/p>\n<div class=\"wpb_column vc_column_container vc_col-sm-6\">\n<div class=\"vc_column-inner\">\n<div class=\"wpb_wrapper\">\n<div class=\"wpb_text_column wpb_content_element \">\n<div class=\"wpb_wrapper\">\n<p>Leitung ASB: Daniela Baudin <a href=\"mailto:daniela.baudin@edufr.ch\">daniela.baudin@edufr.ch<\/a><\/p>\n<p>Sekretariat ASB: Sophie K\u00e4nzig <a href=\"mailto:sophie.kaenzig@edufr.ch\">sophie.kaenzig@edufr.ch<\/a><\/p>\n<p>T : 026 309 26 14<\/p><\/div>\n<\/div>\n<\/div>\n<\/div>\n<\/div>\n<div class=\"wpb_column vc_column_container vc_col-sm-4\">\n<div class=\"vc_column-inner\">\n<div class=\"wpb_wrapper\"><\/div>\n<\/div>\n<\/div>\n<p>[\/vc_column_text][\/vc_column_inner][vc_column_inner width=&#8220;4\/12&#8243;][vc_images_carousel images=&#8220;5284,5281,5278,5275&#8243; img_size=&#8220;600&#215;500&#8243;][\/vc_column_inner][vc_column_inner width=&#8220;2\/12&#8243;]<div class='row'><div class='col-lg-12 multilink'><div class='link'><div class='link-question'><a href='\/wp-content\/uploads\/2026\/03\/1-ASB-Infos-und-Reglement_d_2627-1.pdf' style='font-weight: bold;' target='_blank'>Reglement<\/a><\/div><\/div><div class='link'><div class='link-question'><a href='\/wp-content\/uploads\/2026\/03\/Tarifs_Accueil_Extrascolaire_EPM_2026-avec-mercredi.pdf' style='font-weight: bold;' target='_blank'>Tarife ausserschulische Betreuung<\/a><\/div><\/div><div class='link'><div class='link-question'><a href='\/wp-content\/uploads\/2026\/03\/Anmeldeformular-Dt-1.pdf' style='font-weight: bold;' target='_blank'>Allgemeines Anmeldeformular (Mo, Di, Do, Fr)<\/a><\/div><\/div><div class='link'><div class='link-question'><a href='\/wp-content\/uploads\/2026\/03\/ASB-Anmeldung-fur-Mittwochvormittag-2627.pdf\t' style='font-weight: bold;' target='_blank'>Spezielles Anmeldeformular (Mittwochvormittag)<\/a><\/div><\/div><div class='link'><div class='link-question'><a href='\/wp-content\/uploads\/2025\/03\/Charta-ASB_d_2526.pdf' style='font-weight: bold;' target='_blank'>Charta<\/a><\/div><\/div><\/div><\/div>[\/vc_column_inner][\/vc_row_inner][vc_row_inner][vc_column_inner width=&#8220;6\/12&#8243;][vc_column_text]<\/p>\n<h3 class=\"blue\">Cafeteria<\/h3>\n<ul>\n<li>Falls die Eltern ihr Kind<strong> \u00abmit Men\u00fc\u00bb <\/strong>einschreiben:<\/li>\n<\/ul>\n<p>Die Kinder werden das Mittagessen in unserer Cafeteria einnehmen. Die Cafeteria befindet sich im Schulhausgeb\u00e4ude. Das Essen wird uns von Cookids (<a href=\"http:\/\/www.cookids.ch\">www.cookids.ch<\/a>) geliefert. Sie achten auf eine speziell auf Kinder zugeschnittene K\u00fcche, gesund und voller Geschmack. Es steht ein normales Men\u00fc, ein vegetarisches Men\u00fc und ein Men\u00fc mit reduzierter Lactose zur Auswahl. F\u00fcr das Mittagessen wird den Eltern einen Betrag von Fr. 10.50 in Rechnung gestellt.<\/p>\n<ul>\n<li>Falls die Eltern ihr Kind <strong>\u00abmit Picknick\/ohne Men\u00fc\u00bb<\/strong> einschreiben:<\/li>\n<\/ul>\n<p>Das Kind bringt ein Picknick von zuhause mit. Es stehen zwei Mikrowellen zur Verf\u00fcgung, bitte beachten Sie, dass Sie ihrem Kind ein geeignetes Gef\u00e4ss f\u00fcr die Mikrowelle mitgeben. Denken Sie daran, wenn ihr Kind das Mittagessen w\u00e4rmen muss, dass es zu l\u00e4ngeren Wartezeiten am Mittag kommt. Tipp: Es gibt Thermobeh\u00e4lter, die Speisen warmhalten k\u00f6nnen, so dass die Eltern ihrem Kind eine warme Mahlzeit als Picknick mitgeben k\u00f6nnen, ohne an der Mikrowelle anzustehen.[\/vc_column_text][\/vc_column_inner][vc_column_inner width=&#8220;4\/12&#8243;][vc_single_image image=&#8220;2046&#8243; img_size=&#8220;600&#215;500&#8243;][\/vc_column_inner][vc_column_inner width=&#8220;2\/12&#8243;]<div class='row'><div class='col-lg-12 multilink'><div class='link'><div class='link-question'><a href='https:\/\/cookids.ch\/menus\/' style='font-weight: bold;' target='_blank'>Die Wochenmen\u00fcs ansehen<\/a><\/div><\/div><div class='link'><div class='link-question'><a href='\/wp-content\/uploads\/2025\/09\/Communique-conjoint-DT.pdf' style='font-weight: bold;' target='_blank'>Mitteilung Cookids<\/a><\/div><\/div><\/div><\/div>[\/vc_column_inner][\/vc_row_inner][\/vc_column][\/vc_row][vc_row][vc_column width=&#8220;6\/12&#8243;][vc_column_text]<\/p>\n<h3 class=\"blue\">Clubs EPM 1H-8H<\/h3>\n<p>Kreative, k\u00fcnstlerische und sportliche Workshops finden\u00a0 am Ende des Tages statt. Sie richten sich an alle Sch\u00fclerinnen und Sch\u00fcler der \u00c9cole Priv\u00e9e Mol\u00e9son und der Deutschsprachigen Regionalschule Freiburg (DRF). Die Clubs nach der Schulzeit werden auch f\u00fcr externe Kinder ge\u00f6ffnet sein.[\/vc_column_text][\/vc_column][vc_column width=&#8220;4\/12&#8243;][vc_single_image image=&#8220;4407&#8243; img_size=&#8220;600&#215;500&#8243;][\/vc_column][vc_column width=&#8220;2\/12&#8243;]<div class='row'><div class='col-lg-12 multilink'><div class='link'><div class='link-question'><a href='\/wp-content\/uploads\/2026\/04\/Clubs-EPM_rentree_2026-2027-1e-semestre-1.pdf' style='font-weight: bold;' target='_blank'>Clubangebot 1. Halbjahr 2026-2027<\/a><\/div><\/div><\/div><\/div>[\/vc_column][\/vc_row][vc_row][vc_column width=&#8220;6\/12&#8243;][vc_column_text]<\/p>\n<h3 class=\"blue\">Betreuute Hausaufgabenhilfe 3H-8H<\/h3>\n<p>Das Angebot richtet sich an alle Sch\u00fcler*innen der 3H &#8211; 8H und wird jeweils am Montag, Dienstag oder Donnerstag angeboten (von 15.30 bis 16.30 Uhr). Die Aufsichtsperson, in der Regel eine\/ein Studentin\/Student der Universit\u00e4t, beantwortet eventuelle Fragen der Kinder und kontrolliert, ob die Hausaufgaben korrekt ausgef\u00fchrt werden. Es handelt sich weder um einen F\u00f6rder- noch um einen Nachhilfekurs. Die jeweilige Aufsichtsperson unterst\u00fctzt beim besseren Verst\u00e4ndnis der Hausaufgaben, gibt bei Bedarf Erkl\u00e4rungen ab und ermutigt die Sch\u00fcler*innen, das Gelernte zu wiederholen.<\/p>\n<p>Sie k\u00f6nnen Ihr Kind zu der von Ihnen gew\u00fcnschten Zeit anmelden.\u00a0 Die Anmeldung gilt jeweils f\u00fcr ein Semester.\u00a0<strong>Die halbj\u00e4hrlichen Kosten belaufen sich auf Fr. 230.-\u00a0<\/strong>[\/vc_column_text][\/vc_column][vc_column width=&#8220;4\/12&#8243;][vc_single_image image=&#8220;5921&#8243; img_size=&#8220;600x500600x500600x500&#8243;][\/vc_column][vc_column width=&#8220;2\/12&#8243;]<div class='row'><div class='col-lg-12 multilink'><div class='link'><div class='link-question'><a href='\/wp-content\/uploads\/2026\/04\/Flyer-DS-26-27.pdf' style='font-weight: bold;' target='_blank'>Anmeldeformular Betreuute Hausaufgabenhilfe<\/a><\/div><\/div><\/div><\/div>[\/vc_column][\/vc_row]<\/p>\n<\/div>","protected":false},"excerpt":{"rendered":"<p>[vc_row el_class=&#8220;header&#8220;][vc_column][vc_column_text] Ausserschulisches Angebot [\/vc_column_text][\/vc_column][\/vc_row][vc_row el_class=&#8220;pages&#8220;][vc_column][vc_row_inner content_placement=&#8220;top&#8220; css=&#8220;.vc_custom_1625470415710{margin-top: 0px !important;}&#8220;][vc_column_inner width=&#8220;2\/3&#8243;][vc_column_text] Ein umfassendes Angebot f\u00fcr die Kinder und deren Eltern [\/vc_column_text][vc_column_text]Eine weitere St\u00e4rke der Schule: das ausserschulische Angebot! Ab 7:30 Uhr sind die R\u00e4umlichkeiten ge\u00f6ffnet und die Kinder werden bis zum Unterrichtsbeginn betreut. Die Kinder k\u00f6nnen mittags in der Cafeteria essen und danach wird eine [&hellip;]<\/p>\n","protected":false},"author":1,"featured_media":0,"parent":1587,"menu_order":0,"comment_status":"closed","ping_status":"closed","template":"","meta":{"_acf_changed":false,"footnotes":""},"class_list":["post-1344","page","type-page","status-publish","hentry"],"acf":[],"yoast_head":"<!-- This site is optimized with the Yoast SEO plugin v24.3 - https:\/\/yoast.com\/wordpress\/plugins\/seo\/ -->\n<title>Willkommen bei der Ecole Priv\u00e9e Mol\u00e9son in Freiburg | Angebot an au\u00dferschulischer Leistungen<\/title>\n<meta name=\"description\" content=\"Ein Ausserschulischer Empfang, bei dem Kinder von 7:30 bis 18:00 Uhr betreut werden k\u00f6nnen. Amplitude der Zeit und Flexibilit\u00e4t.\" \/>\n<meta name=\"robots\" content=\"index, follow, max-snippet:-1, max-image-preview:large, max-video-preview:-1\" \/>\n<link rel=\"canonical\" href=\"https:\/\/www.epmfr.ch\/de\/entdecken-sie-die-schule\/angebot-ausserschulischer-leistungen\/\" \/>\n<meta property=\"og:locale\" content=\"de_DE\" \/>\n<meta property=\"og:type\" content=\"article\" \/>\n<meta property=\"og:title\" content=\"Willkommen bei der Ecole Priv\u00e9e Mol\u00e9son in Freiburg | Angebot an au\u00dferschulischer Leistungen\" \/>\n<meta property=\"og:description\" content=\"Ein Ausserschulischer Empfang, bei dem Kinder von 7:30 bis 18:00 Uhr betreut werden k\u00f6nnen. Amplitude der Zeit und Flexibilit\u00e4t.\" \/>\n<meta property=\"og:url\" content=\"https:\/\/www.epmfr.ch\/de\/entdecken-sie-die-schule\/angebot-ausserschulischer-leistungen\/\" \/>\n<meta property=\"og:site_name\" content=\"Willkommen bei der Ecole Priv\u00e9e Mol\u00e9son in Freiburg\" \/>\n<meta property=\"article:modified_time\" content=\"2026-04-13T13:38:28+00:00\" \/>\n<meta name=\"twitter:card\" content=\"summary_large_image\" \/>\n<meta name=\"twitter:label1\" content=\"Gesch\u00e4tzte Lesezeit\" \/>\n\t<meta name=\"twitter:data1\" content=\"5\u00a0Minuten\" \/>\n<script type=\"application\/ld+json\" class=\"yoast-schema-graph\">{\"@context\":\"https:\/\/schema.org\",\"@graph\":[{\"@type\":\"WebPage\",\"@id\":\"https:\/\/www.epmfr.ch\/de\/entdecken-sie-die-schule\/angebot-ausserschulischer-leistungen\/\",\"url\":\"https:\/\/www.epmfr.ch\/de\/entdecken-sie-die-schule\/angebot-ausserschulischer-leistungen\/\",\"name\":\"Willkommen bei der Ecole Priv\u00e9e Mol\u00e9son in Freiburg | Angebot an au\u00dferschulischer Leistungen\",\"isPartOf\":{\"@id\":\"https:\/\/www.epmfr.ch\/#website\"},\"datePublished\":\"2021-04-19T13:24:00+00:00\",\"dateModified\":\"2026-04-13T13:38:28+00:00\",\"description\":\"Ein Ausserschulischer Empfang, bei dem Kinder von 7:30 bis 18:00 Uhr betreut werden k\u00f6nnen. Amplitude der Zeit und Flexibilit\u00e4t.\",\"breadcrumb\":{\"@id\":\"https:\/\/www.epmfr.ch\/de\/entdecken-sie-die-schule\/angebot-ausserschulischer-leistungen\/#breadcrumb\"},\"inLanguage\":\"de\",\"potentialAction\":[{\"@type\":\"ReadAction\",\"target\":[\"https:\/\/www.epmfr.ch\/de\/entdecken-sie-die-schule\/angebot-ausserschulischer-leistungen\/\"]}]},{\"@type\":\"BreadcrumbList\",\"@id\":\"https:\/\/www.epmfr.ch\/de\/entdecken-sie-die-schule\/angebot-ausserschulischer-leistungen\/#breadcrumb\",\"itemListElement\":[{\"@type\":\"ListItem\",\"position\":1,\"name\":\"Accueil\",\"item\":\"https:\/\/www.epmfr.ch\/de\/\"},{\"@type\":\"ListItem\",\"position\":2,\"name\":\"Entdecken Sie die Schule\",\"item\":\"https:\/\/www.epmfr.ch\/de\/entdecken-sie-die-schule\/\"},{\"@type\":\"ListItem\",\"position\":3,\"name\":\"Angebot an au\u00dferschulischer Leistungen\"}]},{\"@type\":\"WebSite\",\"@id\":\"https:\/\/www.epmfr.ch\/#website\",\"url\":\"https:\/\/www.epmfr.ch\/\",\"name\":\"Willkommen bei der Ecole Priv\u00e9e Mol\u00e9son in Freiburg\",\"description\":\"\",\"potentialAction\":[{\"@type\":\"SearchAction\",\"target\":{\"@type\":\"EntryPoint\",\"urlTemplate\":\"https:\/\/www.epmfr.ch\/?s={search_term_string}\"},\"query-input\":{\"@type\":\"PropertyValueSpecification\",\"valueRequired\":true,\"valueName\":\"search_term_string\"}}],\"inLanguage\":\"de\"}]}<\/script>\n<!-- \/ Yoast SEO plugin. -->","yoast_head_json":{"title":"Willkommen bei der Ecole Priv\u00e9e Mol\u00e9son in Freiburg | Angebot an au\u00dferschulischer Leistungen","description":"Ein Ausserschulischer Empfang, bei dem Kinder von 7:30 bis 18:00 Uhr betreut werden k\u00f6nnen. Amplitude der Zeit und Flexibilit\u00e4t.","robots":{"index":"index","follow":"follow","max-snippet":"max-snippet:-1","max-image-preview":"max-image-preview:large","max-video-preview":"max-video-preview:-1"},"canonical":"https:\/\/www.epmfr.ch\/de\/entdecken-sie-die-schule\/angebot-ausserschulischer-leistungen\/","og_locale":"de_DE","og_type":"article","og_title":"Willkommen bei der Ecole Priv\u00e9e Mol\u00e9son in Freiburg | Angebot an au\u00dferschulischer Leistungen","og_description":"Ein Ausserschulischer Empfang, bei dem Kinder von 7:30 bis 18:00 Uhr betreut werden k\u00f6nnen. Amplitude der Zeit und Flexibilit\u00e4t.","og_url":"https:\/\/www.epmfr.ch\/de\/entdecken-sie-die-schule\/angebot-ausserschulischer-leistungen\/","og_site_name":"Willkommen bei der Ecole Priv\u00e9e Mol\u00e9son in Freiburg","article_modified_time":"2026-04-13T13:38:28+00:00","twitter_card":"summary_large_image","twitter_misc":{"Gesch\u00e4tzte Lesezeit":"5\u00a0Minuten"},"schema":{"@context":"https:\/\/schema.org","@graph":[{"@type":"WebPage","@id":"https:\/\/www.epmfr.ch\/de\/entdecken-sie-die-schule\/angebot-ausserschulischer-leistungen\/","url":"https:\/\/www.epmfr.ch\/de\/entdecken-sie-die-schule\/angebot-ausserschulischer-leistungen\/","name":"Willkommen bei der Ecole Priv\u00e9e Mol\u00e9son in Freiburg | Angebot an au\u00dferschulischer Leistungen","isPartOf":{"@id":"https:\/\/www.epmfr.ch\/#website"},"datePublished":"2021-04-19T13:24:00+00:00","dateModified":"2026-04-13T13:38:28+00:00","description":"Ein Ausserschulischer Empfang, bei dem Kinder von 7:30 bis 18:00 Uhr betreut werden k\u00f6nnen. Amplitude der Zeit und Flexibilit\u00e4t.","breadcrumb":{"@id":"https:\/\/www.epmfr.ch\/de\/entdecken-sie-die-schule\/angebot-ausserschulischer-leistungen\/#breadcrumb"},"inLanguage":"de","potentialAction":[{"@type":"ReadAction","target":["https:\/\/www.epmfr.ch\/de\/entdecken-sie-die-schule\/angebot-ausserschulischer-leistungen\/"]}]},{"@type":"BreadcrumbList","@id":"https:\/\/www.epmfr.ch\/de\/entdecken-sie-die-schule\/angebot-ausserschulischer-leistungen\/#breadcrumb","itemListElement":[{"@type":"ListItem","position":1,"name":"Accueil","item":"https:\/\/www.epmfr.ch\/de\/"},{"@type":"ListItem","position":2,"name":"Entdecken Sie die Schule","item":"https:\/\/www.epmfr.ch\/de\/entdecken-sie-die-schule\/"},{"@type":"ListItem","position":3,"name":"Angebot an au\u00dferschulischer Leistungen"}]},{"@type":"WebSite","@id":"https:\/\/www.epmfr.ch\/#website","url":"https:\/\/www.epmfr.ch\/","name":"Willkommen bei der Ecole Priv\u00e9e Mol\u00e9son in Freiburg","description":"","potentialAction":[{"@type":"SearchAction","target":{"@type":"EntryPoint","urlTemplate":"https:\/\/www.epmfr.ch\/?s={search_term_string}"},"query-input":{"@type":"PropertyValueSpecification","valueRequired":true,"valueName":"search_term_string"}}],"inLanguage":"de"}]}},"_links":{"self":[{"href":"https:\/\/www.epmfr.ch\/de\/wp-json\/wp\/v2\/pages\/1344","targetHints":{"allow":["GET"]}}],"collection":[{"href":"https:\/\/www.epmfr.ch\/de\/wp-json\/wp\/v2\/pages"}],"about":[{"href":"https:\/\/www.epmfr.ch\/de\/wp-json\/wp\/v2\/types\/page"}],"author":[{"embeddable":true,"href":"https:\/\/www.epmfr.ch\/de\/wp-json\/wp\/v2\/users\/1"}],"replies":[{"embeddable":true,"href":"https:\/\/www.epmfr.ch\/de\/wp-json\/wp\/v2\/comments?post=1344"}],"version-history":[{"count":166,"href":"https:\/\/www.epmfr.ch\/de\/wp-json\/wp\/v2\/pages\/1344\/revisions"}],"predecessor-version":[{"id":5943,"href":"https:\/\/www.epmfr.ch\/de\/wp-json\/wp\/v2\/pages\/1344\/revisions\/5943"}],"up":[{"embeddable":true,"href":"https:\/\/www.epmfr.ch\/de\/wp-json\/wp\/v2\/pages\/1587"}],"wp:attachment":[{"href":"https:\/\/www.epmfr.ch\/de\/wp-json\/wp\/v2\/media?parent=1344"}],"curies":[{"name":"wp","href":"https:\/\/api.w.org\/{rel}","templated":true}]}}