{"id":1337,"date":"2021-04-19T15:23:27","date_gmt":"2021-04-19T13:23:27","guid":{"rendered":"https:\/\/epm.plurial.net\/lequipe\/"},"modified":"2026-08-20T13:06:53","modified_gmt":"2026-08-20T11:06:53","slug":"team","status":"publish","type":"page","link":"https:\/\/www.epmfr.ch\/de\/entdecken-sie-die-schule\/team\/","title":{"rendered":"Team"},"content":{"rendered":"<div class=\"wpb-content-wrapper\"><p>[vc_row el_class=&#8220;header&#8220;][vc_column][vc_column_text]<\/p>\n<h1>Unser Team<\/h1>\n<p>[\/vc_column_text][\/vc_column][\/vc_row][vc_row][vc_column width=&#8220;3\/12&#8243;][vc_column_text][\/vc_column_text][\/vc_column][vc_column width=&#8220;3\/12&#8243;][vc_column_text]<\/p>\n<p class=\"blue\"><b>Sylvie Moret Petrini<\/b><\/p>\n<p>Schulleiterin[\/vc_column_text]<div class='row'><div class='col-lg-12 faqs'><div class='faq'><div class='faq-question'>Mehr lesen \u00fcber Sylvie<\/div><div class='faq-answer'>Die Bildungsgeschichte lehrt uns, dass Schulen, die Kinder nachhaltig pr\u00e4gen, nicht nur Wissen vermitteln, sondern auch die Freude am Lernen, das Selbstvertrauen, soziale Beziehungen und Weltoffenheit f\u00f6rdern. Diese \u00dcberzeugung ist die Grundlage meines Engagements. Als Doktorin der Geschichte, Spezialistin f\u00fcr Bildungsgeschichte der Neuzeit und Lehrerin w\u00fcnsche ich mir, dass die \u00c9cole Priv\u00e9e Mol\u00e9son ein aussergew\u00f6hnlicher Ort bleibt, an dem hohe Anspr\u00fcche mit individueller Betreuung einhergehen und an dem die Sch\u00fclerinnen und Sch\u00fcler sich entfalten und eine Bildungserfahrung machen k\u00f6nnen, die zu ihrer pers\u00f6nlichen Entfaltung und ihrem zuk\u00fcnftigen Erfolg beitr\u00e4gt.\n\n<\/div><\/div><\/div><\/div>[\/vc_column][vc_column width=&#8220;3\/12&#8243;][vc_single_image image=&#8220;6115&#8243; img_size=&#8220;Full&#8220;][\/vc_column][vc_column width=&#8220;3\/12&#8243;][\/vc_column][\/vc_row][vc_row el_class=&#8220;pages&#8220;][vc_column]<p class=\"fil_ariane\"><span><span><a href=\"https:\/\/www.epmfr.ch\/de\/\">Accueil<\/a><\/span><\/span><\/p>[vc_column_text]<\/p>\n<h2 class=\"blue\">Eine qualifiziertes, erfahrenes und kompetentes Team f\u00fcr das Wohlergehen und der Erfolg ihres Kindes<\/h2>\n<p>[\/vc_column_text][vc_row_inner css=&#8220;.vc_custom_1619097631360{margin-top: 0px !important;}&#8220;][vc_column_inner width=&#8220;8\/12&#8243;][vc_column_text]Unsere Lehrpesonen bieten ein qualitativ hochwertiges p\u00e4dagogisches und erzieherisches Umfeld, um jedes Kind individuell und partizipativ zu begleiten. Die Entwicklung des Potenzials des Kindes steht im Mittelpunkt ihrer t\u00e4glichen Sorge, stets unter Einhaltung der Richtlinien der Direktion f\u00fcr Bildung und kulturelle Angelegenheiten (BKAD).[\/vc_column_text][\/vc_column_inner][vc_column_inner width=&#8220;4\/12&#8243;][\/vc_column_inner][\/vc_row_inner][vc_row_inner equal_height=&#8220;yes&#8220; content_placement=&#8220;top&#8220;][vc_column_inner width=&#8220;3\/12&#8243;][\/vc_column_inner][vc_column_inner width=&#8220;3\/12&#8243;][vc_column_text]<\/p>\n<p class=\"blue\"><strong>Sophie Helsen<\/strong><\/p>\n<p>Lehrerin f\u00fcr Deutsch, Englisch und Naturwissenschaften in Englisch 7H et 8H[\/vc_column_text]<div class='row'><div class='col-lg-12 faqs'><div class='faq'><div class='faq-question'>Mehr lesen \u00fcber Sophie<\/div><div class='faq-answer'>Ich habe meine Laufbahn als Lehrerin vor mehr als 10 Jahren an der \u00c9cole Priv\u00e9e Mol\u00e9son begonnen. Ich habe die Gesellschaft von Kindern schon immer gesch\u00e4tzt, aber was mich dazu bewogen hat, diesen Beruf zu w\u00e4hlen, was das Gef\u00fchl, der Gesellschaft n\u00fctzlich zu sein und vor allem die Entwicklung der Sch\u00fcler zwischen Schulbeginn und Jahresende zu beobachten. Meine Lieblingsfach sind Fremdsprachen: Deutsch und Englisch, die ich fliessend spreche (und ein bisschen Spanisch). Ich finde es n\u00e4mlich fasziniriend und n\u00fctzlich, in einer anderen Sprachen kommunizieren zu k\u00f6nnen, und versuche, dieses Interesse an die Kinder weiterzugeben, die meine Klasse besuchen. Ein weiterer Punkt, der f\u00fcr mich von zentraler Bedeutung ist, ist die Entwicklung des kritischen Denkens der Sch\u00fcler, das ich in der heutigen Welt f\u00fcr unerl\u00e4sslich halte.\nDa ich ein Diploma of Advanced Studies in Sexual Health habe, gebe ich auch Sexualkundeunterricht in Schulklassen im Kanton Freiburg.\n\"Das Leben ist wie ein Fahrrad, man muss sich vorw\u00e4rts bewegen, um nicht das Gleichgewicht zu verlieren\". Albert Einstein.<\/div><\/div><\/div><\/div>[\/vc_column_inner][vc_column_inner width=&#8220;3\/12&#8243;][vc_single_image image=&#8220;1865&#8243; img_size=&#8220;full&#8220; css=&#8220;.vc_custom_1639731757506{margin-top: 0px !important;margin-bottom: 0px !important;}&#8220;][\/vc_column_inner][vc_column_inner width=&#8220;3\/12&#8243;][\/vc_column_inner][\/vc_row_inner][vc_row_inner equal_height=&#8220;yes&#8220; content_placement=&#8220;top&#8220;][vc_column_inner width=&#8220;3\/12&#8243;][\/vc_column_inner][vc_column_inner width=&#8220;3\/12&#8243;][vc_column_text]<\/p>\n<p class=\"blue\"><strong>Sinan Duvarcy<\/strong><\/p>\n<p>Klassenlehrer auf der Stufe 7H-8H[\/vc_column_text]<div class='row'><div class='col-lg-12 faqs'><div class='faq'><div class='faq-question'>Mehr lesen \u00fcber Sinan<\/div><div class='faq-answer'>Ich liebe meinen Beruf als Lehrer und habe jeden Tag das Gef\u00fchl, durch ihn zu wachsen. Ich geniesse es besonders, meinen Sch\u00fclern Wissen zu vermitteln, indem ich einen spielerischen Ansatz verfolge und gleichzeitig die notwendige Strenge beibehalte.\nGleichzeitig hat mir meine Leidenschaft f\u00fcr den Sport, insbesondere den Fussball, dabei geholfen, die Bedeutung von Zusammenarbeit und Verst\u00e4ndigung f\u00fcr das Erreichen gemeinsamer Ziele besser zu verstehen.\n<\/div><\/div><\/div><\/div>[\/vc_column_inner][vc_column_inner width=&#8220;3\/12&#8243;][vc_single_image image=&#8220;4194&#8243; img_size=&#8220;full&#8220; css=&#8220;.vc_custom_1691338734197{margin-top: 0px !important;margin-bottom: 0px !important;}&#8220;][\/vc_column_inner][vc_column_inner width=&#8220;3\/12&#8243;][\/vc_column_inner][\/vc_row_inner][vc_row_inner equal_height=&#8220;yes&#8220; content_placement=&#8220;top&#8220;][vc_column_inner width=&#8220;3\/12&#8243;][\/vc_column_inner][vc_column_inner width=&#8220;3\/12&#8243;][vc_column_text]<\/p>\n<p class=\"blue\"><strong>Raph\u00e4el Borcard<\/strong><\/p>\n<p>Klassenlehrer auf der Stufe 4H-5H[\/vc_column_text]<div class='row'><div class='col-lg-12 faqs'><div class='faq'><div class='faq-question'>Mehr lesen \u00fcber Rapha\u00ebl<\/div><div class='faq-answer'>Ich bin 53 Jahre alt und Vater eines 20-j\u00e4hrigen angehenden Akademikers. Seit 1993 habe ich ein Diplom als Grundschullehrer. Zuvor besuchte ich das Kollegium St Michael in Freiburg im Fachbereich Lateinische Sprachen und machte 1990 mein Abitur.\nIch unterrichte seit dreissig Jahren an der \u00c9cole Priv\u00e9e Mol\u00e9son, der ehemaligen Freie \u00f6ffentliche Schule. Seit meiner fr\u00fchesten Kindheit bin ich von diesem Beruf begeistert. Ich liebe es, den Sch\u00fclern neue Begriffe n\u00e4her zu bringen und nichts ist befriedigender als ein \"Ah, ich habe verstanden!\".  Schon als Kind habe ich meinen Klassenkameraden bei den Hausaufgaben geholfen, und vielleicht ist diese Leidenschaft daher gekommen. \nAusserhalb der Schule interessiere ich mich f\u00fcr den Freiburger Sport, insbesondere Eishockey und Basketball, die ich regelm\u00e4ssig verfolge.<\/div><\/div><\/div><\/div>[\/vc_column_inner][vc_column_inner width=&#8220;3\/12&#8243;][vc_single_image image=&#8220;1861&#8243; img_size=&#8220;full&#8220; css=&#8220;.vc_custom_1639731767322{margin-top: 0px !important;margin-bottom: 0px !important;}&#8220;][\/vc_column_inner][vc_column_inner width=&#8220;3\/12&#8243;][\/vc_column_inner][\/vc_row_inner][vc_row_inner equal_height=&#8220;yes&#8220; content_placement=&#8220;top&#8220;][vc_column_inner width=&#8220;3\/12&#8243;][\/vc_column_inner][vc_column_inner width=&#8220;3\/12&#8243;][vc_column_text]<\/p>\n<p class=\"blue\"><strong>Vincent Rey<\/strong><\/p>\n<p>Klassenlehrer auf der Stufe 3H[\/vc_column_text]<div class='row'><div class='col-lg-12 faqs'><div class='faq'><div class='faq-question'>Mehr lesen \u00fcber Vincent<\/div><div class='faq-answer'>Es ist nie zu sp\u00e4t, seiner wahren Berufung zu folgen! Nachdem ich zun\u00e4chst in einem Uhrenunternehmen der Region in einem anderen Beruf t\u00e4tig war, hat mich meine Leidenschaft, Kinder wohlwollend zu begleiten, ganz nat\u00fcrlich zum Lehrberuf gef\u00fchrt. Im Jahr 2024 habe ich meinen Bachelor in Grundschulp\u00e4dagogik an der P\u00e4dagogischen Hochschule Freiburg abgeschlossen.\nDieser Werdegang erm\u00f6glicht es mir heute, weit mehr als nur Wissen zu vermitteln: die Freude am Lernen, Durchhalteverm\u00f6gen, Selbstvertrauen und die \u00dcberzeugung, dass jeder in seinem eigenen Tempo Fortschritte machen kann.\nNeugierig und voller Begeisterung freue ich mich darauf, mein erstes Lehrjahr an der \u00c9cole Priv\u00e9e Mol\u00e9son zu beginnen. Die Arbeit mit den Sch\u00fclern und das Beobachten ihrer Fortschritte sind f\u00fcr mich eine echte Quelle der Motivation.\nAls Sportbegeisterter und ehemaliger Basketballspieler auf nationaler Ebene bin ich davon \u00fcberzeugt, dass Sport ebenfalls einen wesentlichen Beitrag zur Entwicklung des Kindes leistet, indem er Durchhalteverm\u00f6gen, Respekt, Teamgeist und die F\u00e4higkeit, \u00fcber sich hinauszuwachsen, f\u00f6rdert. All diese Werte leiten meine Entscheidungen.<\/div><\/div><\/div><\/div>[\/vc_column_inner][vc_column_inner width=&#8220;3\/12&#8243;][vc_single_image image=&#8220;6118&#8243; img_size=&#8220;full&#8220; css=&#8220;.vc_custom_1787128498886{margin-top: 0px !important;margin-bottom: 0px !important;}&#8220;][\/vc_column_inner][vc_column_inner width=&#8220;3\/12&#8243;][\/vc_column_inner][\/vc_row_inner][\/vc_column][\/vc_row][vc_row][vc_column width=&#8220;3\/12&#8243;][\/vc_column][vc_column width=&#8220;3\/12&#8243;][vc_column_text]<\/p>\n<p class=\"blue\"><b>Lolita Diniz<\/b><\/p>\n<p>Klassenlehrerin auf der Stufe 1H und 2H[\/vc_column_text]<div class='row'><div class='col-lg-12 faqs'><div class='faq'><div class='faq-question'>Mehr lesen \u00fcber Lolita<\/div><div class='faq-answer'>Mein beruflicher und pers\u00f6nlicher Werdegang ist etwas atypisch. Ich stamme aus einer bikulturellen Familie, bin im Kanton aufgewachsen und habe dort studiert. Kurz nachdem ich mein Abitur in Freiburg gemacht hatte, ging ich f\u00fcr ein Sabbatjahr nach Brasilien, um mehr von dieser Kultur, die auch die meine ist, zu entdecken. Was eine einfache Reise war, entwickelte sich zu einem grossen Abenteuer, das fast 15 Jahre dauern sollte.\nDort absolvierte ich die Ausbildung zur Lehrerin mit Spezialisierung auf den Zyklus 1. 13 Jahre lang unterrichtete ich an einer Privatschule im Nordosten Brasiliens. \nAber jetzt kommt's... 2023 sp\u00fcre ich das Bed\u00fcrfnis, ein neues Kapitel zu beginnen, und 2024 kehre ich endg\u00fcltig in die Schweiz zur\u00fcck. Trotz all der Ver\u00e4nderungen bin ich mir eines sicher: Ich m\u00f6chte weiterhin unterrichten.\nMit Kindern zusammen zu sein, ist f\u00fcr mich eine Selbstverst\u00e4ndlichkeit. Ich liebe es, die Geschichte jedes einzelnen Sch\u00fclers zu kennen und mein Bestes zu geben, damit sich jedes Kind angeh\u00f6rt, respektiert, f\u00e4hig und als Akteur seines Lernprozesses f\u00fchlt. Ich halte mich f\u00fcr einen dynamischen Menschen und mag es, wenn meine Arbeit dynamisch ist. Um zu lernen, muss man ausprobieren, fragen, Hand anlegen, sich etwas vorstellen, etwas falsch machen k\u00f6nnen und sich sicher f\u00fchlen, es noch einmal zu versuchen. \nMeine kleinen Extras: Bildende Kunst (ich liebe es, Dinge zu verwerten und mir neue Dinge auszudenken) und mit den Kindern in der Natur zu sein (wer hat gesagt, dass man nur in den eigenen vier W\u00e4nden lernt?! \ud83d\ude0a ) .\n<\/div><\/div><\/div><\/div>[\/vc_column][vc_column width=&#8220;3\/12&#8243;][vc_single_image image=&#8220;5243&#8243; img_size=&#8220;full&#8220;][\/vc_column][vc_column width=&#8220;3\/12&#8243;][\/vc_column][\/vc_row][vc_row][vc_column width=&#8220;3\/12&#8243;][vc_column_text][\/vc_column_text][\/vc_column][vc_column width=&#8220;3\/12&#8243;][vc_column_text]<\/p>\n<p class=\"blue\"><strong>H\u00e9l\u00e9na Landais<\/strong><\/p>\n<p>Klassenlehrerin in den Klassen 1H und 2H<\/p>\n<p>[\/vc_column_text]<div class='row'><div class='col-lg-12 faqs'><div class='faq'><div class='faq-question'>Mehr lesen \u00fcber H\u00e9l\u00e9na<\/div><div class='faq-answer'>Ich habe den Beruf der Lehrerin gew\u00e4hlt, um an der Entwicklung der Jugend mitzuwirken, damit sie offen f\u00fcr andere und die Welt ist. In diesem Sinne halte ich das Erlernen mehrerer Fremdsprachen f\u00fcr wesentlich. Da ich aus einer deutsch-franz\u00f6sischen Familie stamme, hatte ich selbst das Gl\u00fcck, schon in jungen Jahren zwei Sprachen zu lernen. Dies hat mir erm\u00f6glicht, den kulturellen Reichtum und die Werte beider L\u00e4nder zu sch\u00e4tzen. Ein weiterer Aspekt des Unterrichtens, der mir sehr am Herzen liegt, ist die M\u00f6glichkeit, jeden Sch\u00fcler individuell in seinem Lernprozess zu begleiten. Die Entwicklung der Sch\u00fcler das ganze Jahr \u00fcber zu beobachten und zu unterst\u00fctzen, ist f\u00fcr mich das Wichtigste und Befriedigendste.<\/div><\/div><\/div><\/div>[\/vc_column][vc_column width=&#8220;3\/12&#8243;][vc_single_image image=&#8220;4223&#8243; img_size=&#8220;full&#8220;][\/vc_column][vc_column width=&#8220;3\/12&#8243;][vc_column_text][\/vc_column_text][\/vc_column][\/vc_row][vc_row][vc_column width=&#8220;3\/12&#8243;][vc_column_text][\/vc_column_text][\/vc_column][vc_column width=&#8220;3\/12&#8243;][vc_column_text]<\/p>\n<p class=\"blue\"><strong>Jos\u00e9 Yerly<\/strong><\/p>\n<p>Schwimmlehrer[\/vc_column_text][\/vc_column][vc_column width=&#8220;3\/12&#8243;][vc_single_image image=&#8220;5554&#8243; img_size=&#8220;full&#8220;][\/vc_column][vc_column width=&#8220;3\/12&#8243;][\/vc_column][\/vc_row]<\/p>\n<\/div>","protected":false},"excerpt":{"rendered":"<p>[vc_row el_class=&#8220;header&#8220;][vc_column][vc_column_text] Unser Team [\/vc_column_text][\/vc_column][\/vc_row][vc_row][vc_column width=&#8220;3\/12&#8243;][vc_column_text][\/vc_column_text][\/vc_column][vc_column width=&#8220;3\/12&#8243;][vc_column_text] Sylvie Moret Petrini Schulleiterin[\/vc_column_text][\/vc_column][vc_column width=&#8220;3\/12&#8243;][vc_single_image image=&#8220;6115&#8243; img_size=&#8220;Full&#8220;][\/vc_column][vc_column width=&#8220;3\/12&#8243;][\/vc_column][\/vc_row][vc_row el_class=&#8220;pages&#8220;][vc_column][vc_column_text] Eine qualifiziertes, erfahrenes und kompetentes Team f\u00fcr das Wohlergehen und der Erfolg ihres Kindes [\/vc_column_text][vc_row_inner css=&#8220;.vc_custom_1619097631360{margin-top: 0px !important;}&#8220;][vc_column_inner width=&#8220;8\/12&#8243;][vc_column_text]Unsere Lehrpesonen bieten ein qualitativ hochwertiges p\u00e4dagogisches und erzieherisches Umfeld, um jedes Kind individuell und partizipativ zu begleiten. Die Entwicklung des [&hellip;]<\/p>\n","protected":false},"author":1,"featured_media":0,"parent":1587,"menu_order":0,"comment_status":"closed","ping_status":"closed","template":"","meta":{"_acf_changed":false,"footnotes":""},"class_list":["post-1337","page","type-page","status-publish","hentry"],"acf":[],"yoast_head":"<!-- This site is optimized with the Yoast SEO plugin v24.3 - https:\/\/yoast.com\/wordpress\/plugins\/seo\/ -->\n<title>Willkommen bei der Ecole Priv\u00e9e Mol\u00e9son in Freiburg | Team<\/title>\n<meta name=\"description\" content=\"Ein qualifiziertes, motiviertes und engagiertes Team f\u00fcr eine qualitativ hochwertige, personalisierte und partizipative Lehre.\" \/>\n<meta name=\"robots\" content=\"index, follow, max-snippet:-1, max-image-preview:large, max-video-preview:-1\" \/>\n<link rel=\"canonical\" href=\"https:\/\/www.epmfr.ch\/de\/entdecken-sie-die-schule\/team\/\" \/>\n<meta property=\"og:locale\" content=\"de_DE\" \/>\n<meta property=\"og:type\" content=\"article\" \/>\n<meta property=\"og:title\" content=\"Willkommen bei der Ecole Priv\u00e9e Mol\u00e9son in Freiburg | Team\" \/>\n<meta property=\"og:description\" content=\"Ein qualifiziertes, motiviertes und engagiertes Team f\u00fcr eine qualitativ hochwertige, personalisierte und partizipative Lehre.\" \/>\n<meta property=\"og:url\" content=\"https:\/\/www.epmfr.ch\/de\/entdecken-sie-die-schule\/team\/\" \/>\n<meta property=\"og:site_name\" content=\"Willkommen bei der Ecole Priv\u00e9e Mol\u00e9son in Freiburg\" \/>\n<meta property=\"article:modified_time\" content=\"2026-08-20T11:06:53+00:00\" \/>\n<meta name=\"twitter:card\" content=\"summary_large_image\" \/>\n<meta name=\"twitter:label1\" content=\"Gesch\u00e4tzte Lesezeit\" \/>\n\t<meta name=\"twitter:data1\" content=\"2\u00a0Minuten\" \/>\n<script type=\"application\/ld+json\" class=\"yoast-schema-graph\">{\"@context\":\"https:\/\/schema.org\",\"@graph\":[{\"@type\":\"WebPage\",\"@id\":\"https:\/\/www.epmfr.ch\/de\/entdecken-sie-die-schule\/team\/\",\"url\":\"https:\/\/www.epmfr.ch\/de\/entdecken-sie-die-schule\/team\/\",\"name\":\"Willkommen bei der Ecole Priv\u00e9e Mol\u00e9son in Freiburg | Team\",\"isPartOf\":{\"@id\":\"https:\/\/www.epmfr.ch\/#website\"},\"datePublished\":\"2021-04-19T13:23:27+00:00\",\"dateModified\":\"2026-08-20T11:06:53+00:00\",\"description\":\"Ein qualifiziertes, motiviertes und engagiertes Team f\u00fcr eine qualitativ hochwertige, personalisierte und partizipative Lehre.\",\"breadcrumb\":{\"@id\":\"https:\/\/www.epmfr.ch\/de\/entdecken-sie-die-schule\/team\/#breadcrumb\"},\"inLanguage\":\"de\",\"potentialAction\":[{\"@type\":\"ReadAction\",\"target\":[\"https:\/\/www.epmfr.ch\/de\/entdecken-sie-die-schule\/team\/\"]}]},{\"@type\":\"BreadcrumbList\",\"@id\":\"https:\/\/www.epmfr.ch\/de\/entdecken-sie-die-schule\/team\/#breadcrumb\",\"itemListElement\":[{\"@type\":\"ListItem\",\"position\":1,\"name\":\"Accueil\",\"item\":\"https:\/\/www.epmfr.ch\/de\/\"},{\"@type\":\"ListItem\",\"position\":2,\"name\":\"Entdecken Sie die Schule\",\"item\":\"https:\/\/www.epmfr.ch\/de\/entdecken-sie-die-schule\/\"},{\"@type\":\"ListItem\",\"position\":3,\"name\":\"Team\"}]},{\"@type\":\"WebSite\",\"@id\":\"https:\/\/www.epmfr.ch\/#website\",\"url\":\"https:\/\/www.epmfr.ch\/\",\"name\":\"Willkommen bei der Ecole Priv\u00e9e Mol\u00e9son in Freiburg\",\"description\":\"\",\"potentialAction\":[{\"@type\":\"SearchAction\",\"target\":{\"@type\":\"EntryPoint\",\"urlTemplate\":\"https:\/\/www.epmfr.ch\/?s={search_term_string}\"},\"query-input\":{\"@type\":\"PropertyValueSpecification\",\"valueRequired\":true,\"valueName\":\"search_term_string\"}}],\"inLanguage\":\"de\"}]}<\/script>\n<!-- \/ Yoast SEO plugin. -->","yoast_head_json":{"title":"Willkommen bei der Ecole Priv\u00e9e Mol\u00e9son in Freiburg | Team","description":"Ein qualifiziertes, motiviertes und engagiertes Team f\u00fcr eine qualitativ hochwertige, personalisierte und partizipative Lehre.","robots":{"index":"index","follow":"follow","max-snippet":"max-snippet:-1","max-image-preview":"max-image-preview:large","max-video-preview":"max-video-preview:-1"},"canonical":"https:\/\/www.epmfr.ch\/de\/entdecken-sie-die-schule\/team\/","og_locale":"de_DE","og_type":"article","og_title":"Willkommen bei der Ecole Priv\u00e9e Mol\u00e9son in Freiburg | Team","og_description":"Ein qualifiziertes, motiviertes und engagiertes Team f\u00fcr eine qualitativ hochwertige, personalisierte und partizipative Lehre.","og_url":"https:\/\/www.epmfr.ch\/de\/entdecken-sie-die-schule\/team\/","og_site_name":"Willkommen bei der Ecole Priv\u00e9e Mol\u00e9son in Freiburg","article_modified_time":"2026-08-20T11:06:53+00:00","twitter_card":"summary_large_image","twitter_misc":{"Gesch\u00e4tzte Lesezeit":"2\u00a0Minuten"},"schema":{"@context":"https:\/\/schema.org","@graph":[{"@type":"WebPage","@id":"https:\/\/www.epmfr.ch\/de\/entdecken-sie-die-schule\/team\/","url":"https:\/\/www.epmfr.ch\/de\/entdecken-sie-die-schule\/team\/","name":"Willkommen bei der Ecole Priv\u00e9e Mol\u00e9son in Freiburg | Team","isPartOf":{"@id":"https:\/\/www.epmfr.ch\/#website"},"datePublished":"2021-04-19T13:23:27+00:00","dateModified":"2026-08-20T11:06:53+00:00","description":"Ein qualifiziertes, motiviertes und engagiertes Team f\u00fcr eine qualitativ hochwertige, personalisierte und partizipative Lehre.","breadcrumb":{"@id":"https:\/\/www.epmfr.ch\/de\/entdecken-sie-die-schule\/team\/#breadcrumb"},"inLanguage":"de","potentialAction":[{"@type":"ReadAction","target":["https:\/\/www.epmfr.ch\/de\/entdecken-sie-die-schule\/team\/"]}]},{"@type":"BreadcrumbList","@id":"https:\/\/www.epmfr.ch\/de\/entdecken-sie-die-schule\/team\/#breadcrumb","itemListElement":[{"@type":"ListItem","position":1,"name":"Accueil","item":"https:\/\/www.epmfr.ch\/de\/"},{"@type":"ListItem","position":2,"name":"Entdecken Sie die Schule","item":"https:\/\/www.epmfr.ch\/de\/entdecken-sie-die-schule\/"},{"@type":"ListItem","position":3,"name":"Team"}]},{"@type":"WebSite","@id":"https:\/\/www.epmfr.ch\/#website","url":"https:\/\/www.epmfr.ch\/","name":"Willkommen bei der Ecole Priv\u00e9e Mol\u00e9son in Freiburg","description":"","potentialAction":[{"@type":"SearchAction","target":{"@type":"EntryPoint","urlTemplate":"https:\/\/www.epmfr.ch\/?s={search_term_string}"},"query-input":{"@type":"PropertyValueSpecification","valueRequired":true,"valueName":"search_term_string"}}],"inLanguage":"de"}]}},"_links":{"self":[{"href":"https:\/\/www.epmfr.ch\/de\/wp-json\/wp\/v2\/pages\/1337","targetHints":{"allow":["GET"]}}],"collection":[{"href":"https:\/\/www.epmfr.ch\/de\/wp-json\/wp\/v2\/pages"}],"about":[{"href":"https:\/\/www.epmfr.ch\/de\/wp-json\/wp\/v2\/types\/page"}],"author":[{"embeddable":true,"href":"https:\/\/www.epmfr.ch\/de\/wp-json\/wp\/v2\/users\/1"}],"replies":[{"embeddable":true,"href":"https:\/\/www.epmfr.ch\/de\/wp-json\/wp\/v2\/comments?post=1337"}],"version-history":[{"count":73,"href":"https:\/\/www.epmfr.ch\/de\/wp-json\/wp\/v2\/pages\/1337\/revisions"}],"predecessor-version":[{"id":6145,"href":"https:\/\/www.epmfr.ch\/de\/wp-json\/wp\/v2\/pages\/1337\/revisions\/6145"}],"up":[{"embeddable":true,"href":"https:\/\/www.epmfr.ch\/de\/wp-json\/wp\/v2\/pages\/1587"}],"wp:attachment":[{"href":"https:\/\/www.epmfr.ch\/de\/wp-json\/wp\/v2\/media?parent=1337"}],"curies":[{"name":"wp","href":"https:\/\/api.w.org\/{rel}","templated":true}]}}